{"id":914,"date":"2025-06-30T17:16:07","date_gmt":"2025-06-30T15:16:07","guid":{"rendered":"https:\/\/lozoi.szczecin.pl\/autoinstalator\/wordpressplugins\/?page_id=914"},"modified":"2025-06-30T17:16:07","modified_gmt":"2025-06-30T15:16:07","slug":"klauzula-informacyjna-dla-osob-korzystajacych-z-zfss","status":"publish","type":"page","link":"https:\/\/lozoi.szczecin.pl\/autoinstalator\/wordpressplugins\/index.php\/klauzula-informacyjna-dla-osob-korzystajacych-z-zfss\/","title":{"rendered":"Klauzula informacyjna dla os\u00f3b korzystaj\u0105cych z ZF\u015aS"},"content":{"rendered":"\n<p><strong>KLAUZULA INFORMACYJNA DLA OS\u00d3B KORZYSTAJ\u0104CYCH Z ZAK\u0141ADOWEGO FUNDUSZU \u015aWIADCZE\u0143 SOCJALNYCH ORAZ POMOCY ZDROWOTNEJ DLA NAUCZYCIELI<\/strong><\/p>\n\n\n\n<p><strong><\/strong><br>1. Administratorem Pa\u0144stwa danych osobowych jest Liceum Og\u00f3lnokszta\u0142c\u0105ce z Oddzia\u0142ami Integracyjnymi w Szczecinie. Z Administratorem mo\u017cna skontaktowa\u0107 si\u0119 listownie: Wojska Polskiego 119, e-mailowo:&nbsp;<a href=\"mailto:lozoi@miasto.szczecin.pl\">lozoi@miasto.szczecin.pl<\/a>&nbsp;oraz telefonicznie: 91 42 38 677.<br>2. Z Inspektorem Ochrony Danych oraz jego zast\u0119pc\u0105 mo\u017cna si\u0119 skontaktowa\u0107 e-mailowo:<br><a href=\"mailto:iod@malujda.pl\">iod@malujda.pl<\/a>&nbsp;oraz telefonicznie: +48 918522093.<br>3. Pa\u0144stwa dane osobowe s\u0105 przetwarzane do cel\u00f3w zwi\u0105zanych z:<br>1) dzia\u0142alno\u015bci\u0105 Zak\u0142adowego Funduszu \u015awiadcze\u0144 Socjalnych, w tym w celu realizacji przys\u0142uguj\u0105cych Pa\u0144stwu \u015bwiadcze\u0144 socjalnych, na podstawie art. 6 ust. 1 lit. c i art. 9 ust. 2 lit. b RODO w zwi\u0105zku z obowi\u0105zkiem prawnym na\u0142o\u017conym na Administratora przez art. 3 ust. 2 i 8 ustawy z dnia 4 marca 1994 r. o zak\u0142adowym funduszu \u015bwiadcze\u0144 socjalnych oraz art. 53 ust. 2 ustawy z dnia 26 stycznia 1982 r. \u2013 Karta Nauczyciela;<br>2) dzia\u0142alno\u015bci\u0105 programu w ramach, kt\u00f3rego wyodr\u0119bniono \u015brodki na pomoc zdrowotn\u0105 dla nauczycieli korzystaj\u0105cych z opieki zdrowotnej na podstawie art. 6 ust. 1 lit. c i art. 9 ust. 2 lit. b RODO, w zwi\u0105zku z art. 72 ustawy z dnia 26 stycznia 1982 r. Karta Nauczyciela.<br>4. Odbiorcami danych osobowych s\u0105 upowa\u017cnieni pracownicy Administratora, podmioty, kt\u00f3rym<br>nale\u017cy udost\u0119pni\u0107 dane osobowe na podstawie przepis\u00f3w prawa, a tak\u017ce te, kt\u00f3rym dane zostan\u0105 powierzone do zrealizowania cel\u00f3w przetwarzania.<br>5. Pa\u0144stwa dane osobowe b\u0119d\u0105 przechowywane przez okres nie d\u0142u\u017cszy ni\u017c jest to niezb\u0119dne do:<br>1) zrealizowania przys\u0142uguj\u0105cych Pa\u0144stwu \u015bwiadcze\u0144 socjalnych z ZF\u015aS, a tak\u017ce przez okres dochodzenia do nich praw lub roszcze\u0144. Po up\u0142ywie tego okresu dane osobowe b\u0119d\u0105 przechowywane do cel\u00f3w archiwizacyjnych przez okres okre\u015blony przepisami prawa w tym zakresie;<br>2) wyp\u0142aty przyznanego Pa\u0144stwu \u015bwiadczenia, a tak\u017ce przez okres dochodzenia do nich praw lub roszcze\u0144. Po up\u0142ywie tego okresu dane osobowe b\u0119d\u0105 przechowywane do cel\u00f3w archiwizacyjnych przez okres okre\u015blony przepisami prawa w tym zakresie.<br>6. Maj\u0105 Pa\u0144stwo prawo \u017c\u0105dania od Administratora dost\u0119pu do swoich danych osobowych, ich<br>sprostowania, usuni\u0119cia lub ograniczenia przetwarzania, a tak\u017ce prawo do przenoszenia danych.<br>7. Maj\u0105 Pa\u0144stwo prawo wnie\u015b\u0107 skarg\u0119 do organu nadzorczego, kt\u00f3rym jest Prezes Urz\u0119du ochrony Danych osobowych, je\u015bli uznaj\u0105 Pa\u0144stwo, i\u017c przetwarzanie przez Administratora Pa\u0144stwa danych osobowych narusza przepisy dot. ochrony danych osobowych.<br>8. Podanie danych osobowych jest dobrowolne, lecz konieczne do skorzystania ze \u015bwiadcze\u0144 socjalnych finansowanych z ZF\u015aS oraz\/lub pomocy zdrowotnej dla nauczycieli. Odmowa podania danych spowoduje niemo\u017cno\u015b\u0107 przyznania \u015bwiadczenia z ZF\u015aS oraz\/lub pomocy zdrowotnej dla nauczycieli.<\/p>\n","protected":false},"excerpt":{"rendered":"<p>KLAUZULA INFORMACYJNA DLA OS\u00d3B KORZYSTAJ\u0104CYCH Z ZAK\u0141ADOWEGO FUNDUSZU \u015aWIADCZE\u0143 SOCJALNYCH ORAZ POMOCY ZDROWOTNEJ DLA NAUCZYCIELI 1. Administratorem Pa\u0144stwa danych osobowych jest Liceum Og\u00f3lnokszta\u0142c\u0105ce z Oddzia\u0142ami Integracyjnymi w Szczecinie. Z Administratorem mo\u017cna skontaktowa\u0107 si\u0119 listownie: Wojska Polskiego 119, e-mailowo:&nbsp;lozoi@miasto.szczecin.pl&nbsp;oraz telefonicznie: 91 42 38 677.2. Z Inspektorem Ochrony Danych oraz jego zast\u0119pc\u0105 mo\u017cna si\u0119 skontaktowa\u0107 e-mailowo:iod@malujda.pl&nbsp;oraz telefonicznie: [&hellip;]<\/p>\n","protected":false},"author":2,"featured_media":0,"parent":0,"menu_order":0,"comment_status":"closed","ping_status":"closed","template":"","meta":{"footnotes":""},"categories":[],"tags":[],"class_list":["post-914","page","type-page","status-publish","hentry"],"_links":{"self":[{"href":"https:\/\/lozoi.szczecin.pl\/autoinstalator\/wordpressplugins\/index.php\/wp-json\/wp\/v2\/pages\/914","targetHints":{"allow":["GET"]}}],"collection":[{"href":"https:\/\/lozoi.szczecin.pl\/autoinstalator\/wordpressplugins\/index.php\/wp-json\/wp\/v2\/pages"}],"about":[{"href":"https:\/\/lozoi.szczecin.pl\/autoinstalator\/wordpressplugins\/index.php\/wp-json\/wp\/v2\/types\/page"}],"author":[{"embeddable":true,"href":"https:\/\/lozoi.szczecin.pl\/autoinstalator\/wordpressplugins\/index.php\/wp-json\/wp\/v2\/users\/2"}],"replies":[{"embeddable":true,"href":"https:\/\/lozoi.szczecin.pl\/autoinstalator\/wordpressplugins\/index.php\/wp-json\/wp\/v2\/comments?post=914"}],"version-history":[{"count":1,"href":"https:\/\/lozoi.szczecin.pl\/autoinstalator\/wordpressplugins\/index.php\/wp-json\/wp\/v2\/pages\/914\/revisions"}],"predecessor-version":[{"id":915,"href":"https:\/\/lozoi.szczecin.pl\/autoinstalator\/wordpressplugins\/index.php\/wp-json\/wp\/v2\/pages\/914\/revisions\/915"}],"wp:attachment":[{"href":"https:\/\/lozoi.szczecin.pl\/autoinstalator\/wordpressplugins\/index.php\/wp-json\/wp\/v2\/media?parent=914"}],"wp:term":[{"taxonomy":"category","embeddable":true,"href":"https:\/\/lozoi.szczecin.pl\/autoinstalator\/wordpressplugins\/index.php\/wp-json\/wp\/v2\/categories?post=914"},{"taxonomy":"post_tag","embeddable":true,"href":"https:\/\/lozoi.szczecin.pl\/autoinstalator\/wordpressplugins\/index.php\/wp-json\/wp\/v2\/tags?post=914"}],"curies":[{"name":"wp","href":"https:\/\/api.w.org\/{rel}","templated":true}]}}