{"id":904,"date":"2025-06-30T17:10:37","date_gmt":"2025-06-30T15:10:37","guid":{"rendered":"https:\/\/lozoi.szczecin.pl\/autoinstalator\/wordpressplugins\/?page_id=904"},"modified":"2025-06-30T17:10:37","modified_gmt":"2025-06-30T15:10:37","slug":"klauzula-informacyjna-dla-odwiedzajacych-fanpage-facebook","status":"publish","type":"page","link":"https:\/\/lozoi.szczecin.pl\/autoinstalator\/wordpressplugins\/index.php\/klauzula-informacyjna-dla-odwiedzajacych-fanpage-facebook\/","title":{"rendered":"Klauzula informacyjna dla odwiedzaj\u0105cych fanpage Facebook"},"content":{"rendered":"\n<p>Poni\u017csza klauzula informacyjna dedykowana jest osobom odwiedzaj\u0105cym fanpage Facebook Liceum Og\u00f3lnokszta\u0142c\u0105cego z Oddzia\u0142ami Integracyjnymi w Szczecinie, w szczeg\u00f3lno\u015bci osobom, kt\u00f3re: dokona\u0142y subskrypcji fanpage poprzez klikni\u0119cie ikony \u201eLubi\u0119 to\u201d lub \u201eObserwuj\u201d lub opublikowa\u0142y sw\u00f3j komentarz, pod kt\u00f3rymkolwiek z post\u00f3w zamieszczonych na fanpage\u2019u.<br>1. Og\u00f3lnokszta\u0142c\u0105ce z Oddzia\u0142ami Integracyjnymi w Szczecinie, al. Wojska Polskiego 119, 70-490 Szczecin. Dane osobowe przetwarzane s\u0105 na zasadach okre\u015blonych w przepisach o ochronie danych osobowych, w tym w rozporz\u0105dzeniu Parlamentu Europejskiego i Rady (UE) 2016\/679 z dnia 27 kwietnia 2016 r. w sprawie ochrony os\u00f3b fizycznych w zwi\u0105zku z przetwarzaniem danych osobowych i w sprawie swobodnego przep\u0142ywu takich danych oraz uchylenia dyrektywy 95\/46\/WE (og\u00f3lne rozporz\u0105dzenie o ochronie danych) (\u201eRODO\u201d) oraz w polskich przepisach wydanych w zwi\u0105zku z RODO, w tym ustawie z dnia 10 maja 2018 r. o ochronie danych osobowych. Administrator zachowuje dane osobowe w poufno\u015bci i zabezpiecza je przed niepowo\u0142anym dost\u0119pem os\u00f3b trzecich na zasadach okre\u015blonych w wy\u017cej wskazanych aktach prawnych.<br>2. Z administratorem mo\u017cna si\u0119 skontaktowa\u0107 za pomoc\u0105 adresu e-mail:&nbsp;<a href=\"mailto:lozoi@miasto.szczecin.pl.\"><\/a><a href=\"mailto:lozoi@miasto.szczecin.pl\">lozoi@miasto.szczecin.pl<\/a>.<br>3. Z Inspektorem Ochrony Danych oraz jego zast\u0119pc\u0105 mo\u017cna si\u0119 skontaktowa\u0107 e-mailowo:&nbsp;<a href=\"mailto:iod@malujda.pl\">iod@malujda.pl<\/a>&nbsp;oraz telefonicznie: +48 918522093<br>4. Przetwarzanie Pa\u0144stwa danych osobowych w ramach funkcjonowania fanpage\u2019a dotyczy:<br>a) danych identyfikuj\u0105cych Pa\u0144stwa profil (zazwyczaj zawieraj\u0105cy imi\u0119 i nazwisko);<br>b) zdj\u0119\u0107 profilowych;<br>c) innych zdj\u0119\u0107, w szczeg\u00f3lno\u015bci zwi\u0105zanych z bie\u017c\u0105c\u0105 dzia\u0142alno\u015bci\u0105 Administratora;<br>d) tre\u015bci Pa\u0144stwa komentarzy oraz tre\u015bci rozm\u00f3w prowadzonych za pomoc\u0105 aplikacji Messenger, o kt\u00f3rych mowa<br>w pkt 6.<br>5. Pa\u0144stwa dane osobowe s\u0105 przetwarzane na podstawie art. 6 ust. 1 lit. a RODO, tj. na podstawie wyra\u017conej przez Pa\u0144stwa zgody udzielonej wraz z wej\u015bciem na fanpage, a tak\u017ce mog\u0105 by\u0107 przetwarzane na podstawie zgody udzielonej przez Pa\u0144stwa na osobnym formularzu.<br>6. Celem przetwarzania Pa\u0144stwa danych jest prowadzenie fanpage\u2019a Liceum Og\u00f3lnokszta\u0142c\u0105cego z Oddzia\u0142ami Integracyjnymi na portalu spo\u0142eczno\u015bciowym Facebook, na warunkach oraz na zasadach okre\u015blonych przez Facebook Inc. i informowanie za jego pomoc\u0105 o naszej aktywno\u015bci, promowaniu r\u00f3\u017cnych wydarze\u0144, kt\u00f3re organizujemy i w kt\u00f3rych uczestniczymy, w tym promowanie osi\u0105gni\u0119\u0107 i umiej\u0119tno\u015bci naszych uczni\u00f3w\/wychowank\u00f3w, oraz w celu komunikacji za po\u015brednictwem dost\u0119pnych funkcjonalno\u015bci serwisu Facebook (komentarze, chat, wiadomo\u015bci).<br>7. Odbiorcami Pa\u0144stwa danych osobowych s\u0105 w szczeg\u00f3lno\u015bci: osoba reprezentuj\u0105ca Administratora, upowa\u017cnieni pracownicy Administratora, podmioty, kt\u00f3rym nale\u017cy udost\u0119pni\u0107 dane osobowe na podstawie przepis\u00f3w prawa, a tak\u017ce te, kt\u00f3rym dane zostan\u0105 powierzone do zrealizowania cel\u00f3w przetwarzania. Odbiorc\u0105 Pa\u0144stwa danych jest r\u00f3wnie\u017c w\u0142a\u015bciciel portalu spo\u0142eczno\u015bciowego Facebook (Facebook Inc., z siedzib\u0105 w Menlo Park 94025, California, 1601 Willow Road) na niepodlegaj\u0105cych zmianie zasadach dotycz\u0105cych danych, dost\u0119pnych pod adresem<br>(<a href=\"https:\/\/www.facebook.com\/about\/privacy\">https:\/\/www.facebook.com\/about\/privacy<\/a>).<br>8. Dane osobowe zbierane poprzez komunikacj\u0119 z Pa\u0144stwem s\u0105 przetwarzane tylko na potrzeby udzielenia odpowiedzi, je\u015bli istnieje taka konieczno\u015b\u0107.<br>9. Pa\u0144stwa dane, kt\u00f3re posiadamy w wiadomo\u015bciach prywatnych, s\u0105 przechowywane do czasu wniesienia przez Pa\u0144stwa sprzeciwu na dalsze przetwarzanie takich danych lub do chwili usuni\u0119cia przez Pa\u0144stwa swojego profilu na Facebooku. W przypadku informacji, kt\u00f3re posiadamy w ramach udost\u0119pnionych przez Pa\u0144stwa komentarzy, s\u0105 one dost\u0119pne na naszym fanpage\u2019u do czasu usuni\u0119cia ich przez autora.<br>10. Gromadzone przez Facebook Pa\u0144stwa dane osobowe, tj. historia wpis\u00f3w, historia aktywno\u015bci w aplikacji Messenger, historia aktywno\u015bci poprzez aplikacj\u0119 Instagram, podlegaj\u0105 retencji na zasadach okre\u015blonych regulaminem Facebooka, dost\u0119pnym pod adresem: (<a href=\"https:\/\/pl-pl.facebook.com\/legal\/terms\">https:\/\/pl-pl.facebook.com\/legal\/terms<\/a>).<br>11. Przys\u0142uguj\u0105cymi Pa\u0144stwu prawami s\u0105:<br>a) prawo dost\u0119pu do swoich danych osobowych, w tym uzyskania kopii zapasowych;<br>b) prawo do sprostowania danych osobowych;<br>c) prawo usuni\u0119cia lub ograniczenia przetwarzania zamieszczonych na fanpage\u2019u danych;<br>d) prawo do przenoszenia Pa\u0144stwa danych;<br>e) prawo do cofni\u0119cia zgody w dowolnym momencie bez wp\u0142ywu na zgodno\u015b\u0107 z prawem przetwarzania, kt\u00f3rego dokonano na podstawie zgody przed jej cofni\u0119ciem.<br>12. Ponadto, mog\u0105 Pa\u0144stwo wnie\u015b\u0107 skarg\u0119 do organu nadzorczego, kt\u00f3rym jest Prezes Urz\u0119du Ochrony Danych Osobowych, je\u015bli uznaj\u0105 Pa\u0144stwo, i\u017c przetwarzanie przez administratora Pa\u0144stwa danych osobowych, narusza przepisy dot. ochrony danych osobowych.<br>13. Pa\u0144stwa dane osobowe nie podlegaj\u0105 profilowaniu.<br>14. Podanie danych ma charakter dobrowolny, jednak konsekwencj\u0105 nie podania danych b\u0119dzie brak mo\u017cliwo\u015bci przegl\u0105dania fanpage\u2019a lub pozostawiania komentarzy.<\/p>\n\n\n\n<ul class=\"wp-block-list\">\n<li><a href=\"https:\/\/www.lozoi.szczecin.pl\/n\/index.php\/rodo\/12-klauzula-informacyjna-w-zwiazku-z-przyjmowaniem-zgloszen-naruszen-prawa-adresowana-do-sygnalistow-oraz-osob-ktorych-dotyczy-zgloszenie\"><\/a><\/li>\n<\/ul>\n","protected":false},"excerpt":{"rendered":"<p>Poni\u017csza klauzula informacyjna dedykowana jest osobom odwiedzaj\u0105cym fanpage Facebook Liceum Og\u00f3lnokszta\u0142c\u0105cego z Oddzia\u0142ami Integracyjnymi w Szczecinie, w szczeg\u00f3lno\u015bci osobom, kt\u00f3re: dokona\u0142y subskrypcji fanpage poprzez klikni\u0119cie ikony \u201eLubi\u0119 to\u201d lub \u201eObserwuj\u201d lub opublikowa\u0142y sw\u00f3j komentarz, pod kt\u00f3rymkolwiek z post\u00f3w zamieszczonych na fanpage\u2019u.1. Og\u00f3lnokszta\u0142c\u0105ce z Oddzia\u0142ami Integracyjnymi w Szczecinie, al. Wojska Polskiego 119, 70-490 Szczecin. Dane osobowe [&hellip;]<\/p>\n","protected":false},"author":2,"featured_media":0,"parent":0,"menu_order":0,"comment_status":"closed","ping_status":"closed","template":"","meta":{"footnotes":""},"categories":[],"tags":[],"class_list":["post-904","page","type-page","status-publish","hentry"],"_links":{"self":[{"href":"https:\/\/lozoi.szczecin.pl\/autoinstalator\/wordpressplugins\/index.php\/wp-json\/wp\/v2\/pages\/904","targetHints":{"allow":["GET"]}}],"collection":[{"href":"https:\/\/lozoi.szczecin.pl\/autoinstalator\/wordpressplugins\/index.php\/wp-json\/wp\/v2\/pages"}],"about":[{"href":"https:\/\/lozoi.szczecin.pl\/autoinstalator\/wordpressplugins\/index.php\/wp-json\/wp\/v2\/types\/page"}],"author":[{"embeddable":true,"href":"https:\/\/lozoi.szczecin.pl\/autoinstalator\/wordpressplugins\/index.php\/wp-json\/wp\/v2\/users\/2"}],"replies":[{"embeddable":true,"href":"https:\/\/lozoi.szczecin.pl\/autoinstalator\/wordpressplugins\/index.php\/wp-json\/wp\/v2\/comments?post=904"}],"version-history":[{"count":1,"href":"https:\/\/lozoi.szczecin.pl\/autoinstalator\/wordpressplugins\/index.php\/wp-json\/wp\/v2\/pages\/904\/revisions"}],"predecessor-version":[{"id":905,"href":"https:\/\/lozoi.szczecin.pl\/autoinstalator\/wordpressplugins\/index.php\/wp-json\/wp\/v2\/pages\/904\/revisions\/905"}],"wp:attachment":[{"href":"https:\/\/lozoi.szczecin.pl\/autoinstalator\/wordpressplugins\/index.php\/wp-json\/wp\/v2\/media?parent=904"}],"wp:term":[{"taxonomy":"category","embeddable":true,"href":"https:\/\/lozoi.szczecin.pl\/autoinstalator\/wordpressplugins\/index.php\/wp-json\/wp\/v2\/categories?post=904"},{"taxonomy":"post_tag","embeddable":true,"href":"https:\/\/lozoi.szczecin.pl\/autoinstalator\/wordpressplugins\/index.php\/wp-json\/wp\/v2\/tags?post=904"}],"curies":[{"name":"wp","href":"https:\/\/api.w.org\/{rel}","templated":true}]}}