{"id":890,"date":"2025-06-30T17:01:59","date_gmt":"2025-06-30T15:01:59","guid":{"rendered":"https:\/\/lozoi.szczecin.pl\/autoinstalator\/wordpressplugins\/?page_id=890"},"modified":"2025-06-30T17:02:46","modified_gmt":"2025-06-30T15:02:46","slug":"klauzula-informacyjna-dla-pracownikow","status":"publish","type":"page","link":"https:\/\/lozoi.szczecin.pl\/autoinstalator\/wordpressplugins\/index.php\/klauzula-informacyjna-dla-pracownikow\/","title":{"rendered":"Klauzula informacyjna dla pracownik\u00f3w"},"content":{"rendered":"\n<p>1. Administratorem Pa\u0144stwa danych osobowych jest Liceum Og\u00f3lnokszta\u0142c\u0105ce z Oddzia\u0142ami Integracyjnymi w Szczecinie. Z Administratorem mo\u017cna skontaktowa\u0107 si\u0119 listownie: Wojska Polskiego 119, e-mailowo:\u00a0<a href=\"mailto:lozoi@miasto.szczecin.pl\">lozoi@miasto.szczecin.pl<\/a>\u00a0oraz telefonicznie: 91 42 38 677.<br>2. Z Inspektorem Ochrony Danych oraz jego zast\u0119pc\u0105 mo\u017cna si\u0119 skontaktowa\u0107 e-mailowo:\u00a0<a href=\"mailto:iod@malujda.pl\">iod@malujda.pl<\/a>\u00a0oraz telefonicznie: +48 918522093<br>3. Pa\u0144stwa dane osobowe s\u0105 przetwarzane w celu nawi\u0105zania stosunku pracy, prowadzenia ewidencji pracownik\u00f3w zgodnie z Kodeksem Pracy, zg\u0142oszenia pracownika i cz\u0142onk\u00f3w jego rodziny do ZUS, ich aktualizacji oraz przekazywania informacji o zwolnieniach, prowadzenia rozlicze\u0144 z pracownikami i realizacji innych \u015bwiadcze\u0144 pracowniczych, naliczania potr\u0105ce\u0144, obliczania sk\u0142adek ZUS, na podstawie:<br>a) art. 6 ust. 1 lit. c i art. 9 ust. 2 lit. b RODO tj. gdy przetwarzanie jest niezb\u0119dne do wype\u0142nienia obowi\u0105zku prawnego ci\u0105\u017c\u0105cego na plac\u00f3wce oraz przetwarzanie jest niezb\u0119dne do wype\u0142nienia obowi\u0105zk\u00f3w i wykonywania szczeg\u00f3lnych praw przez administratora lub osob\u0119, kt\u00f3rej dane dotycz\u0105, w dziedzinie prawa pracy, zabezpieczenia spo\u0142ecznego i ochrony socjalnej, w tym w zwi\u0105zku z wykonaniem obowi\u0105zk\u00f3w na\u0142o\u017conych art. 22 (1) par. 1 i 2 Kodeksu Pracy, art. 10 ust. 5 Karty Nauczyciela, art. 13\/14 ustawy z dnia 14 grudnia 2016 r. Prawo o\u015bwiatowe (Dz.U. z 2017 r., poz., 59), art. 1, 6 oraz 6a ustawy z dnia 13 pa\u017adziernika 1998 r. o systemie ubezpiecze\u0144 spo\u0142ecznych,<br>b) art. 6 ust. 1 lit. a RODO tj. na podstawie zgody udzielonej w celach okre\u015blonych ka\u017cdorazowo w przekazywanych formularzach zgody,<br>c) art. 6 ust. 1 lit. b RODO &#8211; przetwarzanie jest niezb\u0119dne do wykonania umowy, kt\u00f3rej stron\u0105 jest osoba, kt\u00f3rej dane dotycz\u0105.<br>4. Odbiorcami danych s\u0105 upowa\u017cnieni pracownicy Administratora, podmioty, kt\u00f3rym nale\u017cy udost\u0119pni\u0107 dane osobowe w celu wykonania obowi\u0105zku prawnego, a tak\u017ce podmioty, kt\u00f3rym dane zostan\u0105 powierzone do zrealizowania cel\u00f3w przetwarzania.<br>5. Pa\u0144stwa dane osobowe b\u0119d\u0105 przechowywane przez 50 lat od ustania stosunku pracy albo 10 lat od ko\u0144ca roku kalendarzowego, w kt\u00f3rym zako\u0144cz\u0105 Pa\u0144stwo prac\u0119, w przypadku zatrudnienia po dniu 31 grudnia 2018 r. albo gdy zosta\u0142 z\u0142o\u017cony raport informacyjny, o kt\u00f3rym mowa w art. 4 pkt 6a ustawy z dnia 13 pa\u017adziernika 1998 r. o systemie ubezpiecze\u0144 spo\u0142ecznych.<br>6. Maj\u0105 Pa\u0144stwo prawo \u017c\u0105dania od Administratora dost\u0119pu do swoich danych osobowych, ich sprostowania, usuni\u0119cia lub ograniczenia przetwarzania, a tak\u017ce prawo do przenoszenia danych.<br>7. W przypadku danych przetwarzanych na podstawie zgody, maj\u0105 Pa\u0144stwo prawo do cofni\u0119cia zgody w dowolnym momencie bez wp\u0142ywu na zgodno\u015b\u0107 z prawem przetwarzania, kt\u00f3rego dokonano na podstawie zgody przed jej cofni\u0119ciem.<br>8. Maj\u0105 Pa\u0144stwo prawo wnie\u015b\u0107 skarg\u0119 do organu nadzorczego, kt\u00f3rym jest Prezes Urz\u0119du Ochrony Danych Osobowych, je\u015bli uznaj\u0105 Pa\u0144stwo, i\u017c przetwarzanie przez Administratora Pa\u0144stwa danych osobowych narusza przepisy dot. ochrony danych osobowych.<br>9. Podanie danych osobowych jest wymogiem ustawowym &#8211; s\u0105 Pa\u0144stwo zobowi\u0105zani do podania danych. Niepodanie danych skutkuje odmow\u0105 nawi\u0105zania stosunku pracy.<\/p>\n","protected":false},"excerpt":{"rendered":"<p>1. Administratorem Pa\u0144stwa danych osobowych jest Liceum Og\u00f3lnokszta\u0142c\u0105ce z Oddzia\u0142ami Integracyjnymi w Szczecinie. Z Administratorem mo\u017cna skontaktowa\u0107 si\u0119 listownie: Wojska Polskiego 119, e-mailowo:\u00a0lozoi@miasto.szczecin.pl\u00a0oraz telefonicznie: 91 42 38 677.2. Z Inspektorem Ochrony Danych oraz jego zast\u0119pc\u0105 mo\u017cna si\u0119 skontaktowa\u0107 e-mailowo:\u00a0iod@malujda.pl\u00a0oraz telefonicznie: +48 9185220933. Pa\u0144stwa dane osobowe s\u0105 przetwarzane w celu nawi\u0105zania stosunku pracy, prowadzenia ewidencji pracownik\u00f3w [&hellip;]<\/p>\n","protected":false},"author":2,"featured_media":0,"parent":0,"menu_order":0,"comment_status":"closed","ping_status":"closed","template":"","meta":{"footnotes":""},"categories":[],"tags":[],"class_list":["post-890","page","type-page","status-publish","hentry"],"_links":{"self":[{"href":"https:\/\/lozoi.szczecin.pl\/autoinstalator\/wordpressplugins\/index.php\/wp-json\/wp\/v2\/pages\/890","targetHints":{"allow":["GET"]}}],"collection":[{"href":"https:\/\/lozoi.szczecin.pl\/autoinstalator\/wordpressplugins\/index.php\/wp-json\/wp\/v2\/pages"}],"about":[{"href":"https:\/\/lozoi.szczecin.pl\/autoinstalator\/wordpressplugins\/index.php\/wp-json\/wp\/v2\/types\/page"}],"author":[{"embeddable":true,"href":"https:\/\/lozoi.szczecin.pl\/autoinstalator\/wordpressplugins\/index.php\/wp-json\/wp\/v2\/users\/2"}],"replies":[{"embeddable":true,"href":"https:\/\/lozoi.szczecin.pl\/autoinstalator\/wordpressplugins\/index.php\/wp-json\/wp\/v2\/comments?post=890"}],"version-history":[{"count":1,"href":"https:\/\/lozoi.szczecin.pl\/autoinstalator\/wordpressplugins\/index.php\/wp-json\/wp\/v2\/pages\/890\/revisions"}],"predecessor-version":[{"id":891,"href":"https:\/\/lozoi.szczecin.pl\/autoinstalator\/wordpressplugins\/index.php\/wp-json\/wp\/v2\/pages\/890\/revisions\/891"}],"wp:attachment":[{"href":"https:\/\/lozoi.szczecin.pl\/autoinstalator\/wordpressplugins\/index.php\/wp-json\/wp\/v2\/media?parent=890"}],"wp:term":[{"taxonomy":"category","embeddable":true,"href":"https:\/\/lozoi.szczecin.pl\/autoinstalator\/wordpressplugins\/index.php\/wp-json\/wp\/v2\/categories?post=890"},{"taxonomy":"post_tag","embeddable":true,"href":"https:\/\/lozoi.szczecin.pl\/autoinstalator\/wordpressplugins\/index.php\/wp-json\/wp\/v2\/tags?post=890"}],"curies":[{"name":"wp","href":"https:\/\/api.w.org\/{rel}","templated":true}]}}