{"id":742,"date":"2025-06-03T11:04:27","date_gmt":"2025-06-03T09:04:27","guid":{"rendered":"https:\/\/lozoi.szczecin.pl\/autoinstalator\/wordpressplugins\/?page_id=742"},"modified":"2026-04-16T13:04:03","modified_gmt":"2026-04-16T11:04:03","slug":"szkolny-klub-wolontariusza","status":"publish","type":"page","link":"https:\/\/lozoi.szczecin.pl\/autoinstalator\/wordpressplugins\/index.php\/szkolny-klub-wolontariusza\/","title":{"rendered":"Szkolny Klub Wolontariusza"},"content":{"rendered":"\t\t<div data-elementor-type=\"wp-page\" data-elementor-id=\"742\" class=\"elementor elementor-742\">\n\t\t\t\t<div class=\"elementor-element elementor-element-fdca8fa e-flex e-con-boxed e-con e-parent\" data-id=\"fdca8fa\" data-element_type=\"container\" data-e-type=\"container\">\n\t\t\t\t\t<div class=\"e-con-inner\">\n\t\t\t\t<div class=\"elementor-element elementor-element-6fb9715 elementor-widget elementor-widget-text-editor\" data-id=\"6fb9715\" data-element_type=\"widget\" data-e-type=\"widget\" data-widget_type=\"text-editor.default\">\n\t\t\t\t\t\t\t\t\t<div class=\"html-div xdj266r x14z9mp xat24cr x1lziwak xexx8yu xyri2b x18d9i69 x1c1uobl\">\n<div class=\"html-div xdj266r x14z9mp xat24cr x1lziwak xexx8yu xyri2b x18d9i69 x1c1uobl\" dir=\"auto\">\n<div class=\"html-div xdj266r x14z9mp xat24cr x1lziwak xexx8yu xyri2b x18d9i69 x1c1uobl\" data-ad-rendering-role=\"story_message\">\n<div class=\"x1l90r2v x1iorvi4 x1g0dm76 xpdmqnj\" data-ad-comet-preview=\"message\" data-ad-preview=\"message\">\n<div class=\"x78zum5 xdt5ytf xz62fqu x16ldp7u\">\n<div class=\"xu06os2 x1ok221b\">\n<div class=\"html-div xdj266r x14z9mp xat24cr x1lziwak xexx8yu xyri2b x18d9i69 x1c1uobl\">\n<div class=\"xdj266r x14z9mp xat24cr x1lziwak x1vvkbs x126k92a\">\u00a0<\/div>\n<\/div>\n<\/div>\n<\/div>\n<\/div>\n<\/div>\n<\/div>\n<div class=\"html-div xdj266r x14z9mp xat24cr x1lziwak xexx8yu xyri2b x18d9i69 x1c1uobl x1n2onr6\">\n<div class=\"html-div xdj266r x14z9mp xat24cr x1lziwak xexx8yu xyri2b x18d9i69 x1c1uobl x1n2onr6\">\n<div class=\"html-div xdj266r x14z9mp xat24cr x1lziwak xexx8yu xyri2b x18d9i69 x1c1uobl\">\n<div class=\"x1n2onr6\">\n<div class=\"x1n2onr6\">\n<div class=\"x6ikm8r x10wlt62 x10l6tqk\">\u00a0<\/div>\n<div class=\"x6ikm8r x10wlt62 x10l6tqk\">\u00a0<\/div>\n<div class=\"x6ikm8r x10wlt62 x10l6tqk\">\u00a0<\/div>\n<div class=\"x6ikm8r x10wlt62 x10l6tqk\">\u00a0<\/div>\n<div class=\"x6ikm8r x10wlt62 x10l6tqk\">\u00a0<\/div>\n<\/div>\n<\/div>\n<\/div>\n<\/div>\n<div class=\"html-div xdj266r x14z9mp xat24cr x1lziwak xexx8yu xyri2b x18d9i69 x1c1uobl x6ikm8r x10wlt62\"><hr \/><\/div>\n<\/div>\n<\/div>\n<div>\n<div class=\"xabvvm4 xeyy32k x1ia1hqs x1a2w583 x6ikm8r x10wlt62\" data-visualcompletion=\"ignore-dynamic\">\n<div>\n<div>\n<div>\n<div class=\"x1n2onr6\">\n<div class=\"x6s0dn4 xi81zsa x78zum5 x6prxxf x13a6bvl xvq8zen xdj266r xat24cr x1c1uobl xyri2b x1diwwjn xbmvrgn x1y1aw1k x18d9i69\">\n<div class=\"x6s0dn4 x78zum5 x1iyjqo2 x6ikm8r x10wlt62\">\n<div class=\"html-div xdj266r x14z9mp xat24cr x1lziwak xexx8yu xyri2b x18d9i69 x1c1uobl\" dir=\"auto\">\n<div class=\"html-div xdj266r x14z9mp xat24cr x1lziwak xexx8yu xyri2b x18d9i69 x1c1uobl\" data-ad-rendering-role=\"story_message\">\n<div class=\"x1l90r2v x1iorvi4 x1g0dm76 xpdmqnj\" data-ad-comet-preview=\"message\" data-ad-preview=\"message\">\n<div class=\"x78zum5 xdt5ytf xz62fqu x16ldp7u\">\n<div class=\"xu06os2 x1ok221b\">\n<div class=\"html-div xdj266r x14z9mp xat24cr x1lziwak xexx8yu xyri2b x18d9i69 x1c1uobl\">\n<div class=\"xdj266r x14z9mp xat24cr x1lziwak x1vvkbs x126k92a\">\n<div dir=\"auto\">15 kwietnia 2026 r. &#8211; akcja promocyjna podczas Dni Otwartych LOzOI w Szczecinie &#8211; <a href=\"https:\/\/www.facebook.com\/100064882682177\/posts\/1389232966582780\/?mibextid=rS40aB7S9Ucbxw6v\">czytaj post<\/a>.<\/div>\n<\/div>\n<\/div>\n<\/div>\n<\/div>\n<\/div>\n<\/div>\n<\/div>\n<div class=\"html-div xdj266r x14z9mp xat24cr x1lziwak xexx8yu xyri2b x18d9i69 x1c1uobl x1n2onr6\">\n<div class=\"html-div xdj266r x14z9mp xat24cr x1lziwak xexx8yu xyri2b x18d9i69 x1c1uobl x1n2onr6\">\n<div class=\"html-div xdj266r x14z9mp xat24cr x1lziwak xexx8yu xyri2b x18d9i69 x1c1uobl\">\n<div class=\"x1n2onr6\">\n<div class=\"x1n2onr6\">\n<div class=\"x6ikm8r x10wlt62 x10l6tqk\"><hr \/><\/div>\n<\/div>\n<\/div>\n<\/div>\n<\/div>\n<\/div>\n<\/div>\n<\/div>\n<\/div>\n<\/div>\n<\/div>\n<\/div>\n<\/div>\n<\/div>\t\t\t\t\t\t\t\t<\/div>\n\t\t\t\t<div class=\"elementor-element elementor-element-f0fe218 elementor-widget elementor-widget-text-editor\" data-id=\"f0fe218\" data-element_type=\"widget\" data-e-type=\"widget\" data-widget_type=\"text-editor.default\">\n\t\t\t\t\t\t\t\t\t<p><strong><img decoding=\"async\" class=\"size-medium wp-image-2140 alignright\" src=\"https:\/\/lozoi.szczecin.pl\/autoinstalator\/wordpressplugins\/wp-content\/uploads\/2026\/04\/IMG-20260409-WA0011-300x139.jpg\" alt=\"Zdj\u0119cie przedstawia du\u017c\u0105 grup\u0119 m\u0142odzie\u017cy i doros\u0142ych pozuj\u0105cych do wsp\u00f3lnej fotografii na scenie w nowoczesnej sali konferencyjnej. Wydarzenie ma charakter edukacyjny, zwi\u0105zany z kursem pierwszej pomocy.\" width=\"300\" height=\"139\" srcset=\"https:\/\/lozoi.szczecin.pl\/autoinstalator\/wordpressplugins\/wp-content\/uploads\/2026\/04\/IMG-20260409-WA0011-300x139.jpg 300w, https:\/\/lozoi.szczecin.pl\/autoinstalator\/wordpressplugins\/wp-content\/uploads\/2026\/04\/IMG-20260409-WA0011-1024x473.jpg 1024w, https:\/\/lozoi.szczecin.pl\/autoinstalator\/wordpressplugins\/wp-content\/uploads\/2026\/04\/IMG-20260409-WA0011-768x355.jpg 768w, https:\/\/lozoi.szczecin.pl\/autoinstalator\/wordpressplugins\/wp-content\/uploads\/2026\/04\/IMG-20260409-WA0011-1536x709.jpg 1536w, https:\/\/lozoi.szczecin.pl\/autoinstalator\/wordpressplugins\/wp-content\/uploads\/2026\/04\/IMG-20260409-WA0011-2048x946.jpg 2048w\" sizes=\"(max-width: 300px) 100vw, 300px\" \/><\/strong><\/p>\n<p><strong><img fetchpriority=\"high\" decoding=\"async\" class=\"size-medium wp-image-2139 alignleft\" src=\"https:\/\/lozoi.szczecin.pl\/autoinstalator\/wordpressplugins\/wp-content\/uploads\/2026\/04\/IMG-20260409-WA0023-300x224.jpg\" alt=\"Zdj\u0119cie przedstawia m\u0142odzie\u017c podczas praktycznych \u0107wicze\u0144 z zakresu pierwszej pomocy, odbywaj\u0105cych si\u0119 w du\u017cej sali o niebieskiej wyk\u0142adzinie.\" width=\"300\" height=\"224\" srcset=\"https:\/\/lozoi.szczecin.pl\/autoinstalator\/wordpressplugins\/wp-content\/uploads\/2026\/04\/IMG-20260409-WA0023-300x224.jpg 300w, https:\/\/lozoi.szczecin.pl\/autoinstalator\/wordpressplugins\/wp-content\/uploads\/2026\/04\/IMG-20260409-WA0023-1024x766.jpg 1024w, https:\/\/lozoi.szczecin.pl\/autoinstalator\/wordpressplugins\/wp-content\/uploads\/2026\/04\/IMG-20260409-WA0023-768x575.jpg 768w, https:\/\/lozoi.szczecin.pl\/autoinstalator\/wordpressplugins\/wp-content\/uploads\/2026\/04\/IMG-20260409-WA0023-1536x1149.jpg 1536w, https:\/\/lozoi.szczecin.pl\/autoinstalator\/wordpressplugins\/wp-content\/uploads\/2026\/04\/IMG-20260409-WA0023-2048x1532.jpg 2048w\" sizes=\"(max-width: 300px) 100vw, 300px\" \/><\/strong><\/p>\n<p>9 kwietnia 2026 cz\u0142onkowie Szkolnego Ko\u0142a Wolontariusza wzi\u0119li udzia\u0142 w szkoleniu &#8222;Bezpieczny wolontariat, o wspieraniu, reagowaniu i dzia\u0142aniu w sytuacjach kryzysowych&#8221;.<\/p>\n<div>Warsztaty stanowi\u0142y cz\u0119\u015b\u0107 tegorocznych dzia\u0142a\u0144 realizowanych w zwi\u0105zku z og\u0142oszeniem roku 2026 <strong>Rokiem Wolontariatu na Pomorzu Zachodnim<\/strong>.\u00a0<\/div>\n<div>\u00a0<\/div>\n<div>Podczas wydarzenia m\u0142odzie\u017c\u00a0 mog\u0142a porozmawia\u0107 z policjantami z Wydzia\u0142u Prewencji KWP o zasadach bezpiecze\u0144stwa osobistego w dzia\u0142aniach wolontariackich, odpowiedzialno\u015bci i granicach pomocy, a tak\u017ce pozna\u0142a zasady reagowania w sytuacjach zagro\u017cenia.\u00a0\u00a0<\/div>\n<div>\u00a0<\/div>\n<div>Warsztaty mia\u0142y charakter praktyczny, ich celem by\u0142o zapoznanie uczestnik\u00f3w z podstawowymi umiej\u0119tno\u015bciami z zakresu udzielania pierwszej pomocy w sytuacjach zagro\u017cenia.<\/div>\n<div><hr \/><\/div>\t\t\t\t\t\t\t\t<\/div>\n\t\t\t\t<div class=\"elementor-element elementor-element-ae5a313 elementor-widget elementor-widget-text-editor\" data-id=\"ae5a313\" data-element_type=\"widget\" data-e-type=\"widget\" data-widget_type=\"text-editor.default\">\n\t\t\t\t\t\t\t\t\t<div class=\"gs\"><img decoding=\"async\" class=\"alignleft wp-image-2131 size-medium\" src=\"https:\/\/lozoi.szczecin.pl\/autoinstalator\/wordpressplugins\/wp-content\/uploads\/2026\/04\/Kombatant-300x169.png\" alt=\"Trzy kadry z pionowego nagrania wideo przedstawiaj\u0105ce m\u0142od\u0105 osob\u0119 i osob\u0119 starsz\u0105 w pomieszczeniu z ksi\u0105\u017ckami oraz osob\u0119 stoj\u0105c\u0105 na tle napisu szko\u0142y, z informacj\u0105 o inicjatywie mi\u0119dzypokoleniowej.\" width=\"300\" height=\"169\" srcset=\"https:\/\/lozoi.szczecin.pl\/autoinstalator\/wordpressplugins\/wp-content\/uploads\/2026\/04\/Kombatant-300x169.png 300w, https:\/\/lozoi.szczecin.pl\/autoinstalator\/wordpressplugins\/wp-content\/uploads\/2026\/04\/Kombatant-1024x576.png 1024w, https:\/\/lozoi.szczecin.pl\/autoinstalator\/wordpressplugins\/wp-content\/uploads\/2026\/04\/Kombatant-768x432.png 768w, https:\/\/lozoi.szczecin.pl\/autoinstalator\/wordpressplugins\/wp-content\/uploads\/2026\/04\/Kombatant-1536x864.png 1536w, https:\/\/lozoi.szczecin.pl\/autoinstalator\/wordpressplugins\/wp-content\/uploads\/2026\/04\/Kombatant.png 1920w\" sizes=\"(max-width: 300px) 100vw, 300px\" \/>\n<div class=\"\">\n<div id=\":wc\" class=\"ii gt\">\n<div id=\":2eb\" class=\"a3s aiL\">\n<div id=\"avWBGd-345\"><a href=\"https:\/\/www.facebook.com\/reel\/925847580269697\/?mibextid=rS40aB7S9Ucbxw6v\">Zapraszamy do obejrzenia materia\u0142u przedstawiaj\u0105cego uczni\u00f3w LOzOI podczas tradycyjnych odwiedzin <\/a><\/div>\n<div><a href=\"https:\/\/www.facebook.com\/reel\/925847580269697\/?mibextid=rS40aB7S9Ucbxw6v\">u Kombatant\u00f3w<\/a><\/div>\n<\/div>\n<\/div>\n<div class=\"yj6qo\">\u00a0<\/div>\n<\/div>\n<\/div>\n<div class=\"WhmR8e\" data-hash=\"0\">\u00a0<\/div>\n<div data-hash=\"0\">\u00a0<\/div>\n<div data-hash=\"0\">\u00a0<\/div>\n<div data-hash=\"0\">\u00a0<\/div>\n<div data-hash=\"0\">\u00a0<\/div>\n<div data-hash=\"0\"><hr \/><\/div>\t\t\t\t\t\t\t\t<\/div>\n\t\t\t\t<div class=\"elementor-element elementor-element-32727f6 elementor-widget elementor-widget-text-editor\" data-id=\"32727f6\" data-element_type=\"widget\" data-e-type=\"widget\" data-widget_type=\"text-editor.default\">\n\t\t\t\t\t\t\t\t\t<p><img loading=\"lazy\" decoding=\"async\" class=\"alignnone wp-image-2002\" src=\"https:\/\/lozoi.szczecin.pl\/autoinstalator\/wordpressplugins\/wp-content\/uploads\/2026\/03\/dialogi1-215x300.png\" alt=\"Uniesiona d\u0142o\u0144 z czerwonym filcowym sercem na tle wielu podniesionych r\u0105k, z ok\u0142adk\u0105 miesi\u0119cznika \u201eDialogi\u201d i napisem \u201eCharytatywno\u015b\u0107 jest cool\u201d.\" width=\"315\" height=\"439\" srcset=\"https:\/\/lozoi.szczecin.pl\/autoinstalator\/wordpressplugins\/wp-content\/uploads\/2026\/03\/dialogi1-215x300.png 215w, https:\/\/lozoi.szczecin.pl\/autoinstalator\/wordpressplugins\/wp-content\/uploads\/2026\/03\/dialogi1.png 635w\" sizes=\"(max-width: 315px) 100vw, 315px\" \/><img loading=\"lazy\" decoding=\"async\" class=\"alignnone wp-image-2003\" src=\"https:\/\/lozoi.szczecin.pl\/autoinstalator\/wordpressplugins\/wp-content\/uploads\/2026\/03\/dialogi2-214x300.png\" alt=\"Strona magazynu szkolnego zawieraj\u0105ca artyku\u0142 zatytu\u0142owany \u201eZ sercem na d\u0142oni\u201d, opisuj\u0105cy dzia\u0142ania wolontariatu Liceum Og\u00f3lnokszta\u0142c\u0105cego z Oddzia\u0142ami Integracyjnymi w Szczecinie. Po lewej stronie znajduje si\u0119 blok tekstu zako\u0144czony podpisem opiekunek samorz\u0105du uczniowskiego. U do\u0142u umieszczono zdj\u0119cie grupy uczni\u00f3w stoj\u0105cych w sali obok \u015bwi\u0105tecznie udekorowanej choinki oraz dekoracji z napisem \u201e3 LO im. Miko\u0142aja Kopernika\u201d. Po prawej stronie widoczna jest kontynuacja artyku\u0142u.\" width=\"314\" height=\"440\" srcset=\"https:\/\/lozoi.szczecin.pl\/autoinstalator\/wordpressplugins\/wp-content\/uploads\/2026\/03\/dialogi2-214x300.png 214w, https:\/\/lozoi.szczecin.pl\/autoinstalator\/wordpressplugins\/wp-content\/uploads\/2026\/03\/dialogi2.png 631w\" sizes=\"(max-width: 314px) 100vw, 314px\" \/><img loading=\"lazy\" decoding=\"async\" class=\"alignnone wp-image-2004\" src=\"https:\/\/lozoi.szczecin.pl\/autoinstalator\/wordpressplugins\/wp-content\/uploads\/2026\/03\/dialogi3-213x300.png\" alt=\"Strona magazynu prezentuj\u0105ca fragment artyku\u0142u o dzia\u0142aniach wolontariatu szkolnego. Po lewej stronie znajduje si\u0119 lista inicjatyw, takich jak organizacja akcji charytatywnych, wsparcie lokalnych instytucji i sprz\u0105tanie miejsc pami\u0119ci. Poni\u017cej widnieje podpis autora tekstu.\" width=\"313\" height=\"441\" srcset=\"https:\/\/lozoi.szczecin.pl\/autoinstalator\/wordpressplugins\/wp-content\/uploads\/2026\/03\/dialogi3-213x300.png 213w, https:\/\/lozoi.szczecin.pl\/autoinstalator\/wordpressplugins\/wp-content\/uploads\/2026\/03\/dialogi3.png 634w\" sizes=\"(max-width: 313px) 100vw, 313px\" \/><\/p>\n<p>\u00a0<\/p>\n<hr \/>\n<p>\u00a0<\/p>\t\t\t\t\t\t\t\t<\/div>\n\t\t\t\t<div class=\"elementor-element elementor-element-a980611 elementor-widget elementor-widget-text-editor\" data-id=\"a980611\" data-element_type=\"widget\" data-e-type=\"widget\" data-widget_type=\"text-editor.default\">\n\t\t\t\t\t\t\t\t\t<p><img loading=\"lazy\" decoding=\"async\" class=\"size-medium wp-image-1971 alignleft\" src=\"https:\/\/lozoi.szczecin.pl\/autoinstalator\/wordpressplugins\/wp-content\/uploads\/2026\/02\/1000029228-300x225.jpg\" alt=\"Trzy osoby siedz\u0105 obok siebie na kanapie w domowym salonie. Po obu stronach stoj\u0105 drewniane fotele, a obok znajduje si\u0119 wysoka lampa z aba\u017curem. Na stoliku przed kanap\u0105 le\u017cy serwetka i ustawione s\u0105 kubki, talerzyk z ciastkami oraz miseczka ze s\u0142odyczami. W tle wisz\u0105 dwa obrazy na jasnej \u015bcianie.\" width=\"300\" height=\"225\" srcset=\"https:\/\/lozoi.szczecin.pl\/autoinstalator\/wordpressplugins\/wp-content\/uploads\/2026\/02\/1000029228-300x225.jpg 300w, https:\/\/lozoi.szczecin.pl\/autoinstalator\/wordpressplugins\/wp-content\/uploads\/2026\/02\/1000029228-1024x768.jpg 1024w, https:\/\/lozoi.szczecin.pl\/autoinstalator\/wordpressplugins\/wp-content\/uploads\/2026\/02\/1000029228-768x576.jpg 768w, https:\/\/lozoi.szczecin.pl\/autoinstalator\/wordpressplugins\/wp-content\/uploads\/2026\/02\/1000029228-1536x1152.jpg 1536w, https:\/\/lozoi.szczecin.pl\/autoinstalator\/wordpressplugins\/wp-content\/uploads\/2026\/02\/1000029228.jpg 2048w\" sizes=\"(max-width: 300px) 100vw, 300px\" \/>Jak co roku nasz Szkolny Klub Wolontariusza wzi\u0105\u0142 udzia\u0142 w akcji <strong>Paczka dla Kombatanta<\/strong>. Odwiedzili\u015bmy z prezentami Kombatant\u00f3w, podopiecznych Stowarzyszenia Kombatantow i By\u0142ych Wi\u0119\u017ani\u00f3w Politycznych. Odwiedzili\u015bmy mi\u0119dzy innymi Pani\u0105 Zofi\u0119 Bocian, kt\u00f3r\u0105 regularnie odwiedzamy w \u015bwi\u0119ta ju\u017c od wielu lat oraz Pani\u0105 Krystyn\u0119, weterank\u0119 misji pokojowych ONZ w Egipcie. Odwiedzili\u015bmy r\u00f3wnie\u017c jeszcze kilku innych kombatant\u00f3w. Poni\u017cej kilka zdj\u0119\u0107 z tych mi\u0142ych, \u015bwi\u0105tecznych spotka\u0144.\u00a0<\/p>\n<p>\u00a0<\/p>\n<p>\u00a0<\/p>\n<p>\u00a0<\/p>\n<p><img loading=\"lazy\" decoding=\"async\" class=\"wp-image-1732 size-medium alignleft\" src=\"https:\/\/lozoi.szczecin.pl\/autoinstalator\/wordpressplugins\/wp-content\/uploads\/2026\/02\/605120428_1508561864607844_1708155042541733198_n-300x225.jpg\" alt=\"Dwie osoby stoj\u0105 w szkolnym korytarzu na tle \u017c\u00f3\u0142tej \u015bciany z napisem \u2018Galeria Absolwent\u00f3w\u2019. Maj\u0105 na sobie \u015bwi\u0105teczne swetry: jeden z motywem Miko\u0142aja, drugi z postaci\u0105 Grincha. W tle wida\u0107 kilka innych os\u00f3b siedz\u0105cych na \u0142awkach oraz osob\u0119 przechodz\u0105c\u0105 w czerwonej pelerynie z napisem \u2018Merry Christmas\" width=\"300\" height=\"225\" srcset=\"https:\/\/lozoi.szczecin.pl\/autoinstalator\/wordpressplugins\/wp-content\/uploads\/2026\/02\/605120428_1508561864607844_1708155042541733198_n-300x225.jpg 300w, https:\/\/lozoi.szczecin.pl\/autoinstalator\/wordpressplugins\/wp-content\/uploads\/2026\/02\/605120428_1508561864607844_1708155042541733198_n-1024x768.jpg 1024w, https:\/\/lozoi.szczecin.pl\/autoinstalator\/wordpressplugins\/wp-content\/uploads\/2026\/02\/605120428_1508561864607844_1708155042541733198_n-768x576.jpg 768w, https:\/\/lozoi.szczecin.pl\/autoinstalator\/wordpressplugins\/wp-content\/uploads\/2026\/02\/605120428_1508561864607844_1708155042541733198_n-1536x1152.jpg 1536w, https:\/\/lozoi.szczecin.pl\/autoinstalator\/wordpressplugins\/wp-content\/uploads\/2026\/02\/605120428_1508561864607844_1708155042541733198_n.jpg 2048w\" sizes=\"(max-width: 300px) 100vw, 300px\" \/><\/p>\n<p>\u00a0<\/p>\n<p>12 grudnia 2025 tradycyjnie odby\u0142 si\u0119 w naszej szkole <strong>Dzie\u0144 \u015awi\u0105tecznego<\/strong> Sweterka. Tego dnia zbierali\u015bmy fundusze na rzecz Plac\u00f3wki Wsparcia \u015bw. Rodziny. Uczniowie, nauczyciele, pracownicy szko\u0142y bardzo ch\u0119tnie wzi\u0119li udzia\u0142 w akcji. Uda\u0142o nam si\u0119 zebra\u0107 ponad 1000 z\u0142.<\/p>\t\t\t\t\t\t\t\t<\/div>\n\t\t<div class=\"elementor-element elementor-element-d97c797 e-con-full e-flex e-con e-child\" data-id=\"d97c797\" data-element_type=\"container\" data-e-type=\"container\">\n\t\t\t\t<\/div>\n\t\t\t\t<div class=\"elementor-element elementor-element-ffdf3e5 elementor-widget elementor-widget-text-editor\" data-id=\"ffdf3e5\" data-element_type=\"widget\" data-e-type=\"widget\" data-widget_type=\"text-editor.default\">\n\t\t\t\t\t\t\t\t\t<p><img loading=\"lazy\" decoding=\"async\" class=\"wp-image-1790 size-medium alignleft\" src=\"https:\/\/lozoi.szczecin.pl\/autoinstalator\/wordpressplugins\/wp-content\/uploads\/2026\/02\/591128007_1487016070095757_2414504493176810429_n-300x225.jpg\" alt=\"Na zdj\u0119ciu wida\u0107 grup\u0119 kilku os\u00f3b stoj\u0105cych i przechodz\u0105cych po chodniku z betonowych p\u0142yt. Jedna osoba w jasnej bluzie wyci\u0105ga w stron\u0119 przechodnia d\u0142ugi, jaskrawy przedmiot. Obok stoj\u0105 dwie inne osoby, jedna trzyma podobny przedmiot. Na pierwszym planie idzie kolejna osoba z d\u0142ugimi w\u0142osami, trzymaj\u0105c co\u015b w r\u0119ku. W tle znajduj\u0105 si\u0119 niskie krzewy oraz jesienne li\u015bcie le\u017c\u0105ce na ziemi.\" width=\"300\" height=\"225\" srcset=\"https:\/\/lozoi.szczecin.pl\/autoinstalator\/wordpressplugins\/wp-content\/uploads\/2026\/02\/591128007_1487016070095757_2414504493176810429_n-300x225.jpg 300w, https:\/\/lozoi.szczecin.pl\/autoinstalator\/wordpressplugins\/wp-content\/uploads\/2026\/02\/591128007_1487016070095757_2414504493176810429_n-1024x768.jpg 1024w, https:\/\/lozoi.szczecin.pl\/autoinstalator\/wordpressplugins\/wp-content\/uploads\/2026\/02\/591128007_1487016070095757_2414504493176810429_n-768x576.jpg 768w, https:\/\/lozoi.szczecin.pl\/autoinstalator\/wordpressplugins\/wp-content\/uploads\/2026\/02\/591128007_1487016070095757_2414504493176810429_n-1536x1152.jpg 1536w, https:\/\/lozoi.szczecin.pl\/autoinstalator\/wordpressplugins\/wp-content\/uploads\/2026\/02\/591128007_1487016070095757_2414504493176810429_n.jpg 2048w\" sizes=\"(max-width: 300px) 100vw, 300px\" \/><\/p>\n<p dir=\"ltr\">23 listopada 2025 cz\u0142onkowie Szkolnego Ko\u0142a Wolontariatu wzi\u0119li udzia\u0142 w akcji <strong>&#8222;Blaski Wolontariatu&#8221;<\/strong><\/p>\n<p dir=\"ltr\">Akcja ta organizowana\u00a0 jest w Szczecinie przez\u00a0<a href=\"https:\/\/www.polites.org.pl\/blaski-wolontariatu-2025-r\/\" target=\"_blank\" rel=\"noopener\" data-saferedirecturl=\"https:\/\/www.google.com\/url?q=https:\/\/www.polites.org.pl\/blaski-wolontariatu-2025-r\/&amp;source=gmail&amp;ust=1771675182955000&amp;usg=AOvVaw0GtWomYT7bCYrtKLOwJ4ib\">Stowarzyszenie POLITES<\/a>\u00a0ma na celu popraw\u0119 bezpiecze\u0144stwa pieszych poprzez rozdawanie element\u00f3w odblaskowych w okresie jesienno-zimowym. Wolontariusze edukuj\u0105 mieszka\u0144c\u00f3w o konieczno\u015bci bycia widocznym po zmroku, chroni\u0105c ich przed wypadkami.<\/p>\n<p dir=\"ltr\">G\u0142\u00f3wnym celem jest\u00a0 zwi\u0119kszenie widoczno\u015bci pieszych (zw\u0142aszcza w miejscach niebezpiecznych) do 130-150 metr\u00f3w dzi\u0119ki odblaskom, promowanie noszenia odblask\u00f3w poprzez bezpo\u015brednie dzia\u0142ania wolontariuszy, kt\u00f3rzy \u201e\u015bwiec\u0105 przyk\u0142adem\u201d.<\/p>\t\t\t\t\t\t\t\t<\/div>\n\t\t\t\t<div class=\"elementor-element elementor-element-ee7d280 elementor-widget elementor-widget-text-editor\" data-id=\"ee7d280\" data-element_type=\"widget\" data-e-type=\"widget\" data-widget_type=\"text-editor.default\">\n\t\t\t\t\t\t\t\t\t<p><img loading=\"lazy\" decoding=\"async\" class=\"size-medium wp-image-2013 alignleft\" src=\"https:\/\/lozoi.szczecin.pl\/autoinstalator\/wordpressplugins\/wp-content\/uploads\/2026\/03\/20240925_134708-300x225.jpg\" alt=\"Grupa m\u0142odych os\u00f3b stoi w kr\u0119gu na le\u015bnej \u015bcie\u017cce, patrz\u0105c na kilka du\u017cych work\u00f3w wype\u0142nionych kasztanami u\u0142o\u017conych na ziemi. Wok\u00f3\u0142 wida\u0107 opad\u0142e li\u015bcie, a cz\u0119\u015b\u0107 uczestnik\u00f3w trzyma w r\u0119kach telefony.\" width=\"300\" height=\"225\" srcset=\"https:\/\/lozoi.szczecin.pl\/autoinstalator\/wordpressplugins\/wp-content\/uploads\/2026\/03\/20240925_134708-300x225.jpg 300w, https:\/\/lozoi.szczecin.pl\/autoinstalator\/wordpressplugins\/wp-content\/uploads\/2026\/03\/20240925_134708-1024x768.jpg 1024w, https:\/\/lozoi.szczecin.pl\/autoinstalator\/wordpressplugins\/wp-content\/uploads\/2026\/03\/20240925_134708-768x576.jpg 768w, https:\/\/lozoi.szczecin.pl\/autoinstalator\/wordpressplugins\/wp-content\/uploads\/2026\/03\/20240925_134708-1536x1152.jpg 1536w, https:\/\/lozoi.szczecin.pl\/autoinstalator\/wordpressplugins\/wp-content\/uploads\/2026\/03\/20240925_134708-2048x1536.jpg 2048w\" sizes=\"(max-width: 300px) 100vw, 300px\" \/>24 pa\u017adziernika 2025 r. Liceum Og\u00f3lnokszta\u0142c\u0105ce z Oddzia\u0142ami Integracyjnymi po raz kolejny udowodni\u0142o, \u017ce jesie\u0144 to nie tylko kartk\u00f3wki, zimne poranki, ale te\u017c realna pomoc drugiemu cz\u0142owiekowi. Uczniowie, nauczyciele i rodzice zaanga\u017cowali si\u0119 w <strong>akcj\u0119 zbierania kasztan\u00f3w<\/strong>, kt\u00f3rej celem by\u0142o wsparcie finansowe terapii chodu oraz rehabilitacji Olgi.<\/p>\n<div>Zbi\u00f3rka mia\u0142a charakter otwarty i integracyjny. Ka\u017cdy m\u00f3g\u0142 do\u0142\u0105czy\u0107, niezale\u017cnie od wieku czy klasy, co idealnie wpisuje si\u0119 w warto\u015bci szko\u0142y. Kasztany by\u0142y zbierane na terenie Szczecina i okolic, a nast\u0119pnie przekazywane do punkt\u00f3w skupu, z kt\u00f3rych doch\u00f3d zosta\u0142 przeznaczony na leczenie.<\/div>\n<div>Efekt? \u0141\u0105cznie uda\u0142o si\u0119 zebra\u0107 a\u017c 248 kg kasztan\u00f3w, co prze\u0142o\u017cy\u0142o si\u0119 na realne<\/div>\n<div>wsparcie finansowe terapii. Akcja mia\u0142a nie tylko wymiar charytatywny, lecz tak\u017ce wychowawczy. Uczy\u0142a empatii, odpowiedzialno\u015bci spo\u0142ecznej i wsp\u00f3\u0142pracy. Pokaza\u0142a, \u017ce nawet pozornie drobne dzia\u0142ania, jak zbieranie kasztan\u00f3w, mog\u0105 przynie\u015b\u0107 bardzo konkretne efekty.<\/div>\n<p>\u00a0<\/p>\n<p><img loading=\"lazy\" decoding=\"async\" class=\"wp-image-1746 size-thumbnail alignleft\" src=\"https:\/\/lozoi.szczecin.pl\/autoinstalator\/wordpressplugins\/wp-content\/uploads\/2026\/02\/553272217_1425338432930188_4677437108806152830_n-150x150.jpg\" alt=\"Trzy osoby id\u0105 le\u015bn\u0105 \u015bcie\u017ck\u0105, zbieraj\u0105c \u015bmieci w\u015br\u00f3d drzew. Jedna z nich trzyma du\u017cy, przezroczysty worek. W tle wida\u0107 g\u0119ste, zielone drzewa i krzewy\" width=\"150\" height=\"150\" \/><\/p>\n<p>20 wrze\u015bnia 2025 r. nasi uczniowie wzi\u0119li udzia\u0142 w 32. Finale Akcji <strong>Sprz\u0105tanie \u015awiata<\/strong>.<br \/>Tegoroczna edycja, prowadzona pod patronatem Fundacji Nasza Ziemia, przebiega\u0142a pod has\u0142em \u201eW natur\u0119 z kultur\u0105\u201d i ma na celu promowanie \u015bwiadomego, kulturalnego obcowania z przyrod\u0105.<br \/>Nasi uczniowie wraz z Paniami A. Do\u0142\u0119g\u0105 i A. Pekr\u00f3l posprz\u0105tali teren w okolicach Jeziora G\u0142\u0119bokiego.<\/p>\n<p>\u00a0<\/p>\n<p>\u00a0<\/p>\n<hr \/>\n<p>\u00a0<\/p>\t\t\t\t\t\t\t\t<\/div>\n\t\t\t\t\t<\/div>\n\t\t\t\t<\/div>\n\t\t<div class=\"elementor-element elementor-element-2dfb6843 e-flex e-con-boxed e-con e-parent\" data-id=\"2dfb6843\" data-element_type=\"container\" data-e-type=\"container\">\n\t\t\t\t\t<div class=\"e-con-inner\">\n\t\t\t\t<div class=\"elementor-element elementor-element-7eb34f4f elementor-widget elementor-widget-text-editor\" data-id=\"7eb34f4f\" data-element_type=\"widget\" data-e-type=\"widget\" data-widget_type=\"text-editor.default\">\n\t\t\t\t\t\t\t\t\t<p><img loading=\"lazy\" decoding=\"async\" class=\"alignleft wp-image-746 size-full\" style=\"width: 400px;\" src=\"https:\/\/lozoi.szczecin.pl\/autoinstalator\/wordpressplugins\/wp-content\/uploads\/2025\/06\/411526196_871681854962518_1789027490649724292_n.jpg\" alt=\"\" width=\"800\" height=\"471\" srcset=\"https:\/\/lozoi.szczecin.pl\/autoinstalator\/wordpressplugins\/wp-content\/uploads\/2025\/06\/411526196_871681854962518_1789027490649724292_n.jpg 800w, https:\/\/lozoi.szczecin.pl\/autoinstalator\/wordpressplugins\/wp-content\/uploads\/2025\/06\/411526196_871681854962518_1789027490649724292_n-300x177.jpg 300w, https:\/\/lozoi.szczecin.pl\/autoinstalator\/wordpressplugins\/wp-content\/uploads\/2025\/06\/411526196_871681854962518_1789027490649724292_n-768x452.jpg 768w\" sizes=\"(max-width: 800px) 100vw, 800px\" \/>W Liceum Og\u00f3lnokszta\u0142c\u0105cym z Oddzia\u0142ami Integracyjnymi mamy mo\u017cliwo\u015b\u0107 dzielenia si\u0119 dobrem poprzez dzia\u0142alno\u015b\u0107 w Szkolnym Klubie Wolontariusza. W minionym roku szkolnym do ko\u0142a nale\u017ca\u0142o oko\u0142o 30 os\u00f3b, kt\u00f3re zaanga\u017cowa\u0142y si\u0119 w r\u00f3\u017cnego rodzaju przedsi\u0119wzi\u0119cia. Ka\u017cdego roku\u00a0 w pa\u017adzierniku bierzemy udzia\u0142 w akcji \u201eGodzina dla Szczecina\u201d, przy wsp\u00f3\u0142pracy ze Stowarzyszeniem Polites. W dniu Wszystkich \u015awi\u0119tych pomagamy w kwestach dla Zachodniopomorskiego Hospicjum Domowego dla Dzieci i Doros\u0142ych, a w \u015awi\u0119to Niepodleg\u0142o\u015bci wspieramy poprzez pomoc w organizacji festynu \u201eNiepodleg\u0142a na Sportowo\u201d. W pa\u017adzierniku tak\u017ce, odwiedzamy Kwatery Kombatanckie na Cmentarzu Centralnym w Szczecinie, gdzie porz\u0105dkujemy groby i zapalamy znicze. Uczniowie przygotowuj\u0105 r\u00f3wnie\u017c paczki \u015bwi\u0105teczne, kt\u00f3re przekazywane s\u0105 bezdomnym i samotnym podczas \u201cWigilii dla bezdomnych\u201d, organizowanej przez Caritas Polska. W drugi dzie\u0144 \u015bwi\u0105t nasi wolontariusze zawsze uczestnicz\u0105 w tym spotkaniu. Bierzemy udzia\u0142 w Zbi\u00f3rce odzie\u017cy, ksi\u0105\u017cek, czasopism i ozd\u00f3b \u015bwi\u0105tecznych dla Schroniska dla Os\u00f3b Bezdomnych Chorych Somatycznie w Szczecinie w ramach akcji \u201cWnosimy Rado\u015b\u0107 do Domu Smutku\u201d.<\/p>\n<p><!-- \/wp:paragraph --><!-- wp:paragraph --><\/p>\n<p>Uczestniczyli\u015bmy w programie \u201eObiad z Dziadkiem\u201d a mimo oficjalnego podsumowania projektu, niekt\u00f3re wolontariuszki nadal regularnie spotykaj\u0105 si\u0119 i pomagaj\u0105 osobom starszym, z kt\u00f3rymi bardzo si\u0119 zaprzyja\u017ani\u0142y. Z okazji \u015awi\u0105t organizujemy tak\u017ce paczki i odwiedzamy Kombatant\u00f3w, podopiecznych Zachodniopomorskiego Zwi\u0105zku Kombatant\u00f3w i By\u0142ych Wi\u0119\u017ani\u00f3w Politycznych. Za wsp\u00f3\u0142prac\u0119 ze Zwi\u0105zkiem szko\u0142a zosta\u0142a uhonorowana w lutym 2024r. medalem.<\/p>\n<p><img loading=\"lazy\" decoding=\"async\" class=\"alignleft wp-image-745\" style=\"font-size: 1rem;\" src=\"https:\/\/lozoi.szczecin.pl\/autoinstalator\/wordpressplugins\/wp-content\/uploads\/2025\/06\/312484082_6552418781451765_5020533885768793226_n_1.jpg\" alt=\"\" width=\"400\" height=\"255\" srcset=\"https:\/\/lozoi.szczecin.pl\/autoinstalator\/wordpressplugins\/wp-content\/uploads\/2025\/06\/312484082_6552418781451765_5020533885768793226_n_1.jpg 800w, https:\/\/lozoi.szczecin.pl\/autoinstalator\/wordpressplugins\/wp-content\/uploads\/2025\/06\/312484082_6552418781451765_5020533885768793226_n_1-300x191.jpg 300w, https:\/\/lozoi.szczecin.pl\/autoinstalator\/wordpressplugins\/wp-content\/uploads\/2025\/06\/312484082_6552418781451765_5020533885768793226_n_1-768x490.jpg 768w\" sizes=\"(max-width: 400px) 100vw, 400px\" \/>Uczestniczymy w akcji charytatywnej \u201cMc Zbi\u00f3rka\u201d, we wsp\u00f3\u0142pracy z Interact Club Szczecin. Corocznie organizujemy akcj\u0119 \u201eBlaski Wolontariatu\u201d, przy wsp\u00f3\u0142pracy ze Stowarzyszeniem Polites, promuj\u0105c\u0105 ide\u0119 wolontariatu poprzez dystrybucj\u0119 opasek odblaskowych w\u015br\u00f3d uczni\u00f3w, nauczycieli i przechodni\u00f3w.<\/p>\n<p><!-- \/wp:paragraph --><!-- wp:paragraph --><\/p>\n<p>Organizujemy zbi\u00f3rki \u017cywno\u015bci, \u015brodk\u00f3w higienicznych dla podopiecznych Plac\u00f3wki Wsparcia Dziennego \u015aw. Rodzina. Regularnie uczestniczymy w projekcie &#8222;Dobra jest Wi\u0119cej&#8221;, organizowanym przez Caritas Polska.<\/p>\n<p><!-- \/wp:paragraph --><!-- wp:paragraph --><\/p>\n<p>Reprezentujemy Szkolny Klub Wolontariusza podczas Forum Wolontariatu i Barwach Wolontariatu, a nasi wolontariusze zostaj\u0105 regularnie wyr\u00f3\u017cniani w konkursie na najlepszego Wolontariusza. Wsp\u00f3\u0142pracujemy z Centrum Krwiodawstwa i Krwiolecznictwa w Szczecinie, pomagaj\u0105c w organizacji festyn\u00f3w i imprez promuj\u0105cych krwiodawstwo.\u00a0<\/p>\n<p><!-- \/wp:paragraph --><!-- wp:paragraph --><\/p>\n<p>Podczas \u201ePikniku nad Odr\u0105 i Szczeci\u0144skiego Spotkania Organizacji Pozarz\u0105dowych \u201ePod Platanami\u201d tak\u017ce zaanga\u017cowali\u015bmy si\u0119 w promocj\u0119 krwiodawstwa i rejestracj\u0119 dawc\u00f3w szpiku w bazie DKMS. Na przestrzeni kilku lat uczestniczyli\u015bmy w wydarzeniach maj\u0105cych na celu rozw\u00f3j naszych umiej\u0119tno\u015bci i wiedzy o wolontariacie, np.: szkoleniu \u201ePierwsze Kroki z Wolontariatem\u201d czy spotkaniu \u201eSzybka Randka z Wolontariatem\u201d. W ka\u017cdym\u00a0 roku szkolnym przeprowadzamy oko\u0142o dziesi\u0119ciu zbi\u00f3rek artyku\u0142\u00f3w dla potrzebuj\u0105cych. Zbieramy np.: karmy dla Towarzystwa Opieki nad Zwierz\u0119tami, czy okulary dla pacjent\u00f3w szpitala w Wambie w \u015arodkowej Kenii, artyku\u0142y papiernicze dla podopiecznych \u015awietlic \u015arodowiskowych, organizowali\u015bmy tak\u017ce pomoc dla ofiar dotkni\u0119tych wojn\u0105 w Ukrainie. W ci\u0105gu ca\u0142ego roku szkolnego anga\u017cujemy si\u0119 w r\u00f3\u017cne dzia\u0142ania d\u0142ugoterminowe, w\u015br\u00f3d kt\u00f3rych mo\u017cna wymieni\u0107: wolontariat kulturalny w Filharmonii w Szczecinie, prace w Plac\u00f3wce Wsparcia Dziennego PCK \u201eWeso\u0142a Chatka\u201d i udzia\u0142 w projekcie \u201eMali mog\u0105 wi\u0119cej\u201d, czy w pracach Wielkiej Orkiestry \u015awi\u0105tecznej Pomocy.<\/p>\n<p><!-- \/wp:paragraph --><!-- wp:paragraph --><\/p>\n<p>W roku szkolnym 2022\/23 uczestniczyli\u015bmy w projekcie LAS-laboratorium aktywno\u015bci i samorz\u0105dno\u015bci, jako jedyna szko\u0142a \u015brednia w Szczecinie.<\/p>\n<p><!-- \/wp:paragraph --><!-- wp:paragraph --><\/p>\n<p>Nasi wolontariusze ch\u0119tnie podejmuj\u0105 tak\u017ce dora\u017ane dzia\u0142ania i s\u0105 zawsze tam, gdzie s\u0105 potrzebni.<\/p>\n<p><!-- \/wp:paragraph --><!-- wp:paragraph --><\/p>\n<p><!-- \/wp:paragraph --><\/p>\t\t\t\t\t\t\t\t<\/div>\n\t\t\t\t\t<\/div>\n\t\t\t\t<\/div>\n\t\t<div class=\"elementor-element elementor-element-de063cc e-flex e-con-boxed e-con e-parent\" data-id=\"de063cc\" data-element_type=\"container\" data-e-type=\"container\">\n\t\t\t\t\t<div class=\"e-con-inner\">\n\t\t\t\t\t<\/div>\n\t\t\t\t<\/div>\n\t\t<div class=\"elementor-element elementor-element-9072fba e-flex e-con-boxed e-con e-parent\" data-id=\"9072fba\" data-element_type=\"container\" data-e-type=\"container\">\n\t\t\t\t\t<div class=\"e-con-inner\">\n\t\t\t\t\t<\/div>\n\t\t\t\t<\/div>\n\t\t<div class=\"elementor-element elementor-element-887cc13 e-flex e-con-boxed e-con e-parent\" data-id=\"887cc13\" data-element_type=\"container\" data-e-type=\"container\">\n\t\t\t\t\t<div class=\"e-con-inner\">\n\t\t\t\t\t<\/div>\n\t\t\t\t<\/div>\n\t\t<div class=\"elementor-element elementor-element-282ab31 e-flex e-con-boxed e-con e-parent\" data-id=\"282ab31\" data-element_type=\"container\" data-e-type=\"container\">\n\t\t\t\t\t<div class=\"e-con-inner\">\n\t\t\t\t\t<\/div>\n\t\t\t\t<\/div>\n\t\t\t\t<\/div>\n\t\t","protected":false},"excerpt":{"rendered":"<p>\u00a0 \u00a0 \u00a0 \u00a0 \u00a0 \u00a0 15 kwietnia 2026 r. &#8211; akcja promocyjna podczas Dni Otwartych LOzOI w Szczecinie &#8211; czytaj post. 9 kwietnia 2026 cz\u0142onkowie Szkolnego Ko\u0142a Wolontariusza wzi\u0119li udzia\u0142 w szkoleniu &#8222;Bezpieczny wolontariat, o wspieraniu, reagowaniu i dzia\u0142aniu w sytuacjach kryzysowych&#8221;. Warsztaty stanowi\u0142y cz\u0119\u015b\u0107 tegorocznych dzia\u0142a\u0144 realizowanych w zwi\u0105zku z og\u0142oszeniem roku 2026 [&hellip;]<\/p>\n","protected":false},"author":1,"featured_media":0,"parent":0,"menu_order":0,"comment_status":"closed","ping_status":"closed","template":"","meta":{"footnotes":""},"categories":[],"tags":[],"class_list":["post-742","page","type-page","status-publish","hentry"],"_links":{"self":[{"href":"https:\/\/lozoi.szczecin.pl\/autoinstalator\/wordpressplugins\/index.php\/wp-json\/wp\/v2\/pages\/742","targetHints":{"allow":["GET"]}}],"collection":[{"href":"https:\/\/lozoi.szczecin.pl\/autoinstalator\/wordpressplugins\/index.php\/wp-json\/wp\/v2\/pages"}],"about":[{"href":"https:\/\/lozoi.szczecin.pl\/autoinstalator\/wordpressplugins\/index.php\/wp-json\/wp\/v2\/types\/page"}],"author":[{"embeddable":true,"href":"https:\/\/lozoi.szczecin.pl\/autoinstalator\/wordpressplugins\/index.php\/wp-json\/wp\/v2\/users\/1"}],"replies":[{"embeddable":true,"href":"https:\/\/lozoi.szczecin.pl\/autoinstalator\/wordpressplugins\/index.php\/wp-json\/wp\/v2\/comments?post=742"}],"version-history":[{"count":107,"href":"https:\/\/lozoi.szczecin.pl\/autoinstalator\/wordpressplugins\/index.php\/wp-json\/wp\/v2\/pages\/742\/revisions"}],"predecessor-version":[{"id":2159,"href":"https:\/\/lozoi.szczecin.pl\/autoinstalator\/wordpressplugins\/index.php\/wp-json\/wp\/v2\/pages\/742\/revisions\/2159"}],"wp:attachment":[{"href":"https:\/\/lozoi.szczecin.pl\/autoinstalator\/wordpressplugins\/index.php\/wp-json\/wp\/v2\/media?parent=742"}],"wp:term":[{"taxonomy":"category","embeddable":true,"href":"https:\/\/lozoi.szczecin.pl\/autoinstalator\/wordpressplugins\/index.php\/wp-json\/wp\/v2\/categories?post=742"},{"taxonomy":"post_tag","embeddable":true,"href":"https:\/\/lozoi.szczecin.pl\/autoinstalator\/wordpressplugins\/index.php\/wp-json\/wp\/v2\/tags?post=742"}],"curies":[{"name":"wp","href":"https:\/\/api.w.org\/{rel}","templated":true}]}}