{"id":73,"date":"2024-03-20T10:32:54","date_gmt":"2024-03-20T09:32:54","guid":{"rendered":"https:\/\/lozoi.home.pl\/autoinstalator\/wordpressplugins\/?page_id=73"},"modified":"2025-07-08T10:55:02","modified_gmt":"2025-07-08T08:55:02","slug":"start","status":"publish","type":"page","link":"https:\/\/lozoi.szczecin.pl\/autoinstalator\/wordpressplugins\/","title":{"rendered":"Start"},"content":{"rendered":"\t\t<div data-elementor-type=\"wp-page\" data-elementor-id=\"73\" class=\"elementor elementor-73\">\n\t\t\t\t<div class=\"elementor-element elementor-element-895ebf1 e-grid e-con-boxed e-con e-parent\" data-id=\"895ebf1\" data-element_type=\"container\" data-e-type=\"container\">\n\t\t\t\t\t<div class=\"e-con-inner\">\n\t\t\t\t<div class=\"elementor-element elementor-element-f36d47c elementor-view-framed elementor-shape-circle elementor-position-block-start elementor-mobile-position-block-start elementor-widget elementor-widget-icon-box\" data-id=\"f36d47c\" data-element_type=\"widget\" data-e-type=\"widget\" data-widget_type=\"icon-box.default\">\n\t\t\t\t\t\t\t<div class=\"elementor-icon-box-wrapper\">\n\n\t\t\t\t\t\t<div class=\"elementor-icon-box-icon\">\n\t\t\t\t<a href=\"https:\/\/portal.librus.pl\/szkola\" target=\"_blank\" class=\"elementor-icon elementor-animation-pulse-grow\" tabindex=\"-1\" aria-label=\"Librus\">\n\t\t\t\t<svg aria-hidden=\"true\" class=\"e-font-icon-svg e-fas-book-open\" viewBox=\"0 0 576 512\" xmlns=\"http:\/\/www.w3.org\/2000\/svg\"><path d=\"M542.22 32.05c-54.8 3.11-163.72 14.43-230.96 55.59-4.64 2.84-7.27 7.89-7.27 13.17v363.87c0 11.55 12.63 18.85 23.28 13.49 69.18-34.82 169.23-44.32 218.7-46.92 16.89-.89 30.02-14.43 30.02-30.66V62.75c.01-17.71-15.35-31.74-33.77-30.7zM264.73 87.64C197.5 46.48 88.58 35.17 33.78 32.05 15.36 31.01 0 45.04 0 62.75V400.6c0 16.24 13.13 29.78 30.02 30.66 49.49 2.6 149.59 12.11 218.77 46.95 10.62 5.35 23.21-1.94 23.21-13.46V100.63c0-5.29-2.62-10.14-7.27-12.99z\"><\/path><\/svg>\t\t\t\t<\/a>\n\t\t\t<\/div>\n\t\t\t\n\t\t\t\t\t\t<div class=\"elementor-icon-box-content\">\n\n\t\t\t\t\t\t\t\t\t<h3 class=\"elementor-icon-box-title\">\n\t\t\t\t\t\t<a href=\"https:\/\/portal.librus.pl\/szkola\" target=\"_blank\" >\n\t\t\t\t\t\t\tLibrus\t\t\t\t\t\t<\/a>\n\t\t\t\t\t<\/h3>\n\t\t\t\t\n\t\t\t\t\n\t\t\t<\/div>\n\t\t\t\n\t\t<\/div>\n\t\t\t\t\t\t<\/div>\n\t\t\t\t<div class=\"elementor-element elementor-element-a3fe874 elementor-view-framed elementor-shape-circle elementor-position-block-start elementor-mobile-position-block-start elementor-widget elementor-widget-icon-box\" data-id=\"a3fe874\" data-element_type=\"widget\" data-e-type=\"widget\" data-widget_type=\"icon-box.default\">\n\t\t\t\t\t\t\t<div class=\"elementor-icon-box-wrapper\">\n\n\t\t\t\t\t\t<div class=\"elementor-icon-box-icon\">\n\t\t\t\t<a href=\"https:\/\/mail.google.com\/a\/lozoi.szczecin.pl\" target=\"_blank\" class=\"elementor-icon elementor-animation-pulse-grow\" tabindex=\"-1\" aria-label=\"Szkolna poczta\">\n\t\t\t\t<svg aria-hidden=\"true\" class=\"e-font-icon-svg e-fas-mail-bulk\" viewBox=\"0 0 576 512\" xmlns=\"http:\/\/www.w3.org\/2000\/svg\"><path d=\"M160 448c-25.6 0-51.2-22.4-64-32-64-44.8-83.2-60.8-96-70.4V480c0 17.67 14.33 32 32 32h256c17.67 0 32-14.33 32-32V345.6c-12.8 9.6-32 25.6-96 70.4-12.8 9.6-38.4 32-64 32zm128-192H32c-17.67 0-32 14.33-32 32v16c25.6 19.2 22.4 19.2 115.2 86.4 9.6 6.4 28.8 25.6 44.8 25.6s35.2-19.2 44.8-22.4c92.8-67.2 89.6-67.2 115.2-86.4V288c0-17.67-14.33-32-32-32zm256-96H224c-17.67 0-32 14.33-32 32v32h96c33.21 0 60.59 25.42 63.71 57.82l.29-.22V416h192c17.67 0 32-14.33 32-32V192c0-17.67-14.33-32-32-32zm-32 128h-64v-64h64v64zm-352-96c0-35.29 28.71-64 64-64h224V32c0-17.67-14.33-32-32-32H96C78.33 0 64 14.33 64 32v192h96v-32z\"><\/path><\/svg>\t\t\t\t<\/a>\n\t\t\t<\/div>\n\t\t\t\n\t\t\t\t\t\t<div class=\"elementor-icon-box-content\">\n\n\t\t\t\t\t\t\t\t\t<h3 class=\"elementor-icon-box-title\">\n\t\t\t\t\t\t<a href=\"https:\/\/mail.google.com\/a\/lozoi.szczecin.pl\" target=\"_blank\" >\n\t\t\t\t\t\t\tSzkolna poczta\t\t\t\t\t\t<\/a>\n\t\t\t\t\t<\/h3>\n\t\t\t\t\n\t\t\t\t\n\t\t\t<\/div>\n\t\t\t\n\t\t<\/div>\n\t\t\t\t\t\t<\/div>\n\t\t\t\t<div class=\"elementor-element elementor-element-26d88b5 elementor-view-framed elementor-shape-circle elementor-position-block-start elementor-mobile-position-block-start elementor-widget elementor-widget-icon-box\" data-id=\"26d88b5\" data-element_type=\"widget\" data-e-type=\"widget\" data-widget_type=\"icon-box.default\">\n\t\t\t\t\t\t\t<div class=\"elementor-icon-box-wrapper\">\n\n\t\t\t\t\t\t<div class=\"elementor-icon-box-icon\">\n\t\t\t\t<a href=\"https:\/\/www.facebook.com\/LOzOI.Szczecin\/\" target=\"_blank\" class=\"elementor-icon elementor-animation-pulse-grow\" tabindex=\"-1\" aria-label=\"Fanpage\">\n\t\t\t\t<svg aria-hidden=\"true\" class=\"e-font-icon-svg e-fab-facebook-f\" viewBox=\"0 0 320 512\" xmlns=\"http:\/\/www.w3.org\/2000\/svg\"><path d=\"M279.14 288l14.22-92.66h-88.91v-60.13c0-25.35 12.42-50.06 52.24-50.06h40.42V6.26S260.43 0 225.36 0c-73.22 0-121.08 44.38-121.08 124.72v70.62H22.89V288h81.39v224h100.17V288z\"><\/path><\/svg>\t\t\t\t<\/a>\n\t\t\t<\/div>\n\t\t\t\n\t\t\t\t\t\t<div class=\"elementor-icon-box-content\">\n\n\t\t\t\t\t\t\t\t\t<h3 class=\"elementor-icon-box-title\">\n\t\t\t\t\t\t<a href=\"https:\/\/www.facebook.com\/LOzOI.Szczecin\/\" target=\"_blank\" >\n\t\t\t\t\t\t\tFanpage\t\t\t\t\t\t<\/a>\n\t\t\t\t\t<\/h3>\n\t\t\t\t\n\t\t\t\t\n\t\t\t<\/div>\n\t\t\t\n\t\t<\/div>\n\t\t\t\t\t\t<\/div>\n\t\t\t\t<div class=\"elementor-element elementor-element-c8a23ec elementor-view-framed elementor-shape-circle elementor-position-block-start elementor-mobile-position-block-start elementor-widget elementor-widget-icon-box\" data-id=\"c8a23ec\" data-element_type=\"widget\" data-e-type=\"widget\" data-widget_type=\"icon-box.default\">\n\t\t\t\t\t\t\t<div class=\"elementor-icon-box-wrapper\">\n\n\t\t\t\t\t\t<div class=\"elementor-icon-box-icon\">\n\t\t\t\t<a href=\"https:\/\/lozoi.edupage.org\/timetable\/\" target=\"_blank\" class=\"elementor-icon elementor-animation-pulse-grow\" tabindex=\"-1\" aria-label=\"Plan lekcji\">\n\t\t\t\t<svg aria-hidden=\"true\" class=\"e-font-icon-svg e-fas-table\" viewBox=\"0 0 512 512\" xmlns=\"http:\/\/www.w3.org\/2000\/svg\"><path d=\"M464 32H48C21.49 32 0 53.49 0 80v352c0 26.51 21.49 48 48 48h416c26.51 0 48-21.49 48-48V80c0-26.51-21.49-48-48-48zM224 416H64v-96h160v96zm0-160H64v-96h160v96zm224 160H288v-96h160v96zm0-160H288v-96h160v96z\"><\/path><\/svg>\t\t\t\t<\/a>\n\t\t\t<\/div>\n\t\t\t\n\t\t\t\t\t\t<div class=\"elementor-icon-box-content\">\n\n\t\t\t\t\t\t\t\t\t<h3 class=\"elementor-icon-box-title\">\n\t\t\t\t\t\t<a href=\"https:\/\/lozoi.edupage.org\/timetable\/\" target=\"_blank\" >\n\t\t\t\t\t\t\tPlan lekcji\t\t\t\t\t\t<\/a>\n\t\t\t\t\t<\/h3>\n\t\t\t\t\n\t\t\t\t\n\t\t\t<\/div>\n\t\t\t\n\t\t<\/div>\n\t\t\t\t\t\t<\/div>\n\t\t\t\t<div class=\"elementor-element elementor-element-1835558 elementor-view-framed elementor-shape-circle elementor-position-block-start elementor-mobile-position-block-start elementor-widget elementor-widget-icon-box\" data-id=\"1835558\" data-element_type=\"widget\" data-e-type=\"widget\" data-widget_type=\"icon-box.default\">\n\t\t\t\t\t\t\t<div class=\"elementor-icon-box-wrapper\">\n\n\t\t\t\t\t\t<div class=\"elementor-icon-box-icon\">\n\t\t\t\t<a href=\"https:\/\/lozoi.szczecin.pl\/autoinstalator\/wordpressplugins\/index.php\/kontakt\/\" class=\"elementor-icon elementor-animation-pulse-grow\" tabindex=\"-1\" aria-label=\"Kontakt\">\n\t\t\t\t<svg aria-hidden=\"true\" class=\"e-font-icon-svg e-far-id-card\" viewBox=\"0 0 576 512\" xmlns=\"http:\/\/www.w3.org\/2000\/svg\"><path d=\"M528 32H48C21.5 32 0 53.5 0 80v352c0 26.5 21.5 48 48 48h480c26.5 0 48-21.5 48-48V80c0-26.5-21.5-48-48-48zm0 400H303.2c.9-4.5.8 3.6.8-22.4 0-31.8-30.1-57.6-67.2-57.6-10.8 0-18.7 8-44.8 8-26.9 0-33.4-8-44.8-8-37.1 0-67.2 25.8-67.2 57.6 0 26-.2 17.9.8 22.4H48V144h480v288zm-168-80h112c4.4 0 8-3.6 8-8v-16c0-4.4-3.6-8-8-8H360c-4.4 0-8 3.6-8 8v16c0 4.4 3.6 8 8 8zm0-64h112c4.4 0 8-3.6 8-8v-16c0-4.4-3.6-8-8-8H360c-4.4 0-8 3.6-8 8v16c0 4.4 3.6 8 8 8zm0-64h112c4.4 0 8-3.6 8-8v-16c0-4.4-3.6-8-8-8H360c-4.4 0-8 3.6-8 8v16c0 4.4 3.6 8 8 8zm-168 96c35.3 0 64-28.7 64-64s-28.7-64-64-64-64 28.7-64 64 28.7 64 64 64z\"><\/path><\/svg>\t\t\t\t<\/a>\n\t\t\t<\/div>\n\t\t\t\n\t\t\t\t\t\t<div class=\"elementor-icon-box-content\">\n\n\t\t\t\t\t\t\t\t\t<h3 class=\"elementor-icon-box-title\">\n\t\t\t\t\t\t<a href=\"https:\/\/lozoi.szczecin.pl\/autoinstalator\/wordpressplugins\/index.php\/kontakt\/\" >\n\t\t\t\t\t\t\tKontakt\t\t\t\t\t\t<\/a>\n\t\t\t\t\t<\/h3>\n\t\t\t\t\n\t\t\t\t\n\t\t\t<\/div>\n\t\t\t\n\t\t<\/div>\n\t\t\t\t\t\t<\/div>\n\t\t\t\t<div class=\"elementor-element elementor-element-b89dcc7 elementor-view-framed elementor-shape-circle elementor-position-block-start elementor-mobile-position-block-start elementor-widget elementor-widget-icon-box\" data-id=\"b89dcc7\" data-element_type=\"widget\" data-e-type=\"widget\" data-widget_type=\"icon-box.default\">\n\t\t\t\t\t\t\t<div class=\"elementor-icon-box-wrapper\">\n\n\t\t\t\t\t\t<div class=\"elementor-icon-box-icon\">\n\t\t\t\t<a href=\"https:\/\/lozoi.szczecin.pl\/autoinstalator\/wordpressplugins\/index.php\/rekrutacja\/\" class=\"elementor-icon elementor-animation-pulse-grow\" tabindex=\"-1\" aria-label=\"Rekrutacja\">\n\t\t\t\t<svg aria-hidden=\"true\" class=\"e-font-icon-svg e-fas-user-plus\" viewBox=\"0 0 640 512\" xmlns=\"http:\/\/www.w3.org\/2000\/svg\"><path d=\"M624 208h-64v-64c0-8.8-7.2-16-16-16h-32c-8.8 0-16 7.2-16 16v64h-64c-8.8 0-16 7.2-16 16v32c0 8.8 7.2 16 16 16h64v64c0 8.8 7.2 16 16 16h32c8.8 0 16-7.2 16-16v-64h64c8.8 0 16-7.2 16-16v-32c0-8.8-7.2-16-16-16zm-400 48c70.7 0 128-57.3 128-128S294.7 0 224 0 96 57.3 96 128s57.3 128 128 128zm89.6 32h-16.7c-22.2 10.2-46.9 16-72.9 16s-50.6-5.8-72.9-16h-16.7C60.2 288 0 348.2 0 422.4V464c0 26.5 21.5 48 48 48h352c26.5 0 48-21.5 48-48v-41.6c0-74.2-60.2-134.4-134.4-134.4z\"><\/path><\/svg>\t\t\t\t<\/a>\n\t\t\t<\/div>\n\t\t\t\n\t\t\t\t\t\t<div class=\"elementor-icon-box-content\">\n\n\t\t\t\t\t\t\t\t\t<h3 class=\"elementor-icon-box-title\">\n\t\t\t\t\t\t<a href=\"https:\/\/lozoi.szczecin.pl\/autoinstalator\/wordpressplugins\/index.php\/rekrutacja\/\" >\n\t\t\t\t\t\t\tRekrutacja\t\t\t\t\t\t<\/a>\n\t\t\t\t\t<\/h3>\n\t\t\t\t\n\t\t\t\t\n\t\t\t<\/div>\n\t\t\t\n\t\t<\/div>\n\t\t\t\t\t\t<\/div>\n\t\t\t\t\t<\/div>\n\t\t\t\t<\/div>\n\t\t<div class=\"elementor-element elementor-element-97eb655 e-flex e-con-boxed e-con e-parent\" data-id=\"97eb655\" data-element_type=\"container\" data-e-type=\"container\">\n\t\t\t\t\t<div class=\"e-con-inner\">\n\t\t\t\t\t<\/div>\n\t\t\t\t<\/div>\n\t\t<div class=\"elementor-element elementor-element-2480337 e-grid e-transform e-con-boxed e-con e-parent\" data-id=\"2480337\" data-element_type=\"container\" data-e-type=\"container\" data-settings=\"{&quot;_transform_scale_effect&quot;:{&quot;unit&quot;:&quot;px&quot;,&quot;size&quot;:1,&quot;sizes&quot;:[]},&quot;_transform_scale_effect_tablet&quot;:{&quot;unit&quot;:&quot;px&quot;,&quot;size&quot;:&quot;&quot;,&quot;sizes&quot;:[]},&quot;_transform_scale_effect_mobile&quot;:{&quot;unit&quot;:&quot;px&quot;,&quot;size&quot;:&quot;&quot;,&quot;sizes&quot;:[]}}\">\n\t\t\t\t\t<div class=\"e-con-inner\">\n\t\t\t\t<div class=\"elementor-element elementor-element-2f77016 elementor-widget__width-inherit elementor-widget elementor-widget-wp-widget-dpt_display_post_types\" data-id=\"2f77016\" data-element_type=\"widget\" data-e-type=\"widget\" data-widget_type=\"wp-widget-dpt_display_post_types.default\">\n\t\t\t\t<div class=\"elementor-widget-container\">\n\t\t\t\t\t\n\t\t\t<div class=\"display-post-types\">\n\n\t\t\t\t\t\t\t<style type=\"text\/css\">\n\t\t\t#dpt-wrapper-712 { --dpt-text-align: left;--dpt-image-crop: center;--dpt-border-radius: 5px;--dpt-h-gutter: 10px;--dpt-v-gutter: 10px; }\t\t\t<\/style>\n\t\t\t<style type=\"text\/css\">#dpt-wrapper-712 { --dpt-title-font-style:normal;--dpt-title-font-weight:600;--dpt-title-line-height:1.5;--dpt-title-text-decoration:none;--dpt-title-text-transform:none;--dpt-excerpt-font-style:normal;--dpt-excerpt-font-weight:400;--dpt-excerpt-line-height:1.5;--dpt-excerpt-text-decoration:none;--dpt-excerpt-text-transform:none;--dpt-meta1-font-style:normal;--dpt-meta1-font-weight:400;--dpt-meta1-line-height:1.9;--dpt-meta1-text-decoration:none;--dpt-meta1-text-transform:none;--dpt-meta2-font-style:normal;--dpt-meta2-font-weight:400;--dpt-meta2-line-height:1.9;--dpt-meta2-text-decoration:none;--dpt-meta2-text-transform:none; }<\/style>\t\t\t\n\t\t\t\t<div id=\"dpt-wrapper-712\" class=\"dpt-wrapper dpt-list1 wdscrn dpt-cropped dpt-flex-wrap\" >\n\n\t\t\t\t\t\t\t\t\t\t\t<div class=\"dpt-entry has-thumbnail\" data-title=\"dni otwarte\" data-id=\"1873\"  data-category=\"bez kategorii\">\n\t\t\t\t\t\t\t<div class=\"dpt-entry-wrapper\"><div class=\" dpt-featured-content\"><div class=\" dpt-permalink\"><a href=\"https:\/\/lozoi.szczecin.pl\/autoinstalator\/wordpressplugins\/index.php\/2026\/02\/27\/dni-otwarte\/\" class=\"dpt-permalink\"><span class=\"screen-reader-text\">Dni Otwarte<\/span><\/a><\/div><div class=\" dpt-thumbnail\"><div class=\"dpt-thumbnail-inner\"><img fetchpriority=\"high\" width=\"1920\" height=\"1080\" class=\"attachment-full size-full\" alt=\"Plakat informuj\u0105cy o dniach otwartych szko\u0142y. Na tle budynku szko\u0142y widnieje napis: \u2018Zapraszamy na Dni Otwarte\u2019. Podano terminy: 20 marca, godz. 11.00\u201314.00 oraz 15 kwietnia, godz. 12.00\u201318.00. W dolnej cz\u0119\u015bci znajduj\u0105 si\u0119 zdj\u0119cia mikroskopu i sal szkolnych.\" context=\"dpt\" data-dpt-src=\"https:\/\/lozoi.szczecin.pl\/autoinstalator\/wordpressplugins\/wp-content\/uploads\/2026\/02\/Promocja_dzien_otwarty_poziom_www.png\" data-dpt-sizes=\"(max-width: 1920px) 100vw, 1920px\" data-dpt-srcset=\"https:\/\/lozoi.szczecin.pl\/autoinstalator\/wordpressplugins\/wp-content\/uploads\/2026\/02\/Promocja_dzien_otwarty_poziom_www.png 1920w, https:\/\/lozoi.szczecin.pl\/autoinstalator\/wordpressplugins\/wp-content\/uploads\/2026\/02\/Promocja_dzien_otwarty_poziom_www-300x169.png 300w, https:\/\/lozoi.szczecin.pl\/autoinstalator\/wordpressplugins\/wp-content\/uploads\/2026\/02\/Promocja_dzien_otwarty_poziom_www-1024x576.png 1024w, https:\/\/lozoi.szczecin.pl\/autoinstalator\/wordpressplugins\/wp-content\/uploads\/2026\/02\/Promocja_dzien_otwarty_poziom_www-768x432.png 768w, https:\/\/lozoi.szczecin.pl\/autoinstalator\/wordpressplugins\/wp-content\/uploads\/2026\/02\/Promocja_dzien_otwarty_poziom_www-1536x864.png 1536w\" \/><\/div><span class=\"dpt-thumbnail-aspect-ratio\" style=\"padding-top: 56.25%\"><\/span><\/div><\/div><div class=\" sub-entry\"><h3 class=\" dpt-title\"><a class=\"dpt-title-link\" href=\"https:\/\/lozoi.szczecin.pl\/autoinstalator\/wordpressplugins\/index.php\/2026\/02\/27\/dni-otwarte\/\" rel=\"bookmark\">Dni Otwarte<\/a><\/h3><div class=\"dpt-meta1 dpt-meta\"><\/div><div class=\" dpt-excerpt\">Poznaj szczeg\u00f3\u0142y<\/div><\/div><\/div>\n\t\t\t\t\t\t<\/div><!-- .dpt-entry -->\n\t\t\t\t\t\t\t\t\t\t\t\t<div class=\"dpt-entry has-thumbnail\" data-title=\"rekrutacja na rok szkolny 2026\/2027\" data-id=\"1854\"  data-category=\"bez kategorii\">\n\t\t\t\t\t\t\t<div class=\"dpt-entry-wrapper\"><div class=\" dpt-featured-content\"><div class=\" dpt-permalink\"><a href=\"https:\/\/lozoi.szczecin.pl\/autoinstalator\/wordpressplugins\/index.php\/2026\/02\/27\/rekrutacja-na-rok-szkolny-2026-2027\/\" class=\"dpt-permalink\"><span class=\"screen-reader-text\">Rekrutacja na rok szkolny 2026\/2027<\/span><\/a><\/div><div class=\" dpt-thumbnail\"><div class=\"dpt-thumbnail-inner\"><img width=\"1920\" height=\"1080\" class=\"attachment-full size-full\" alt=\"Osoba pisz\u0105ca o\u0142\u00f3wkiem na papierze ubrana w bia\u0142y sweter. Po prawej stronie zdj\u0119cia znajduje si\u0119 niebieski prostok\u0105t z bia\u0142ym napisem Rekrutacja.\" context=\"dpt\" data-dpt-src=\"https:\/\/lozoi.szczecin.pl\/autoinstalator\/wordpressplugins\/wp-content\/uploads\/2025\/07\/Rekrutacja.png\" data-dpt-sizes=\"(max-width: 1920px) 100vw, 1920px\" data-dpt-srcset=\"https:\/\/lozoi.szczecin.pl\/autoinstalator\/wordpressplugins\/wp-content\/uploads\/2025\/07\/Rekrutacja.png 1920w, https:\/\/lozoi.szczecin.pl\/autoinstalator\/wordpressplugins\/wp-content\/uploads\/2025\/07\/Rekrutacja-300x169.png 300w, https:\/\/lozoi.szczecin.pl\/autoinstalator\/wordpressplugins\/wp-content\/uploads\/2025\/07\/Rekrutacja-1024x576.png 1024w, https:\/\/lozoi.szczecin.pl\/autoinstalator\/wordpressplugins\/wp-content\/uploads\/2025\/07\/Rekrutacja-768x432.png 768w, https:\/\/lozoi.szczecin.pl\/autoinstalator\/wordpressplugins\/wp-content\/uploads\/2025\/07\/Rekrutacja-1536x864.png 1536w\" \/><\/div><span class=\"dpt-thumbnail-aspect-ratio\" style=\"padding-top: 56.25%\"><\/span><\/div><\/div><div class=\" sub-entry\"><h3 class=\" dpt-title\"><a class=\"dpt-title-link\" href=\"https:\/\/lozoi.szczecin.pl\/autoinstalator\/wordpressplugins\/index.php\/2026\/02\/27\/rekrutacja-na-rok-szkolny-2026-2027\/\" rel=\"bookmark\">Rekrutacja na rok szkolny 2026\/2027<\/a><\/h3><div class=\"dpt-meta1 dpt-meta\"><\/div><div class=\" dpt-excerpt\">Rekrutacja - poznaj szczeg\u00f3\u0142y<\/div><\/div><\/div>\n\t\t\t\t\t\t<\/div><!-- .dpt-entry -->\n\t\t\t\t\t\t\t\t\t\t\t\t<div class=\"dpt-entry has-thumbnail\" data-title=\"m\u0142odzie\u017cowy bud\u017cet obywatelski 2026\" data-id=\"1947\"  data-category=\"bez kategorii\">\n\t\t\t\t\t\t\t<div class=\"dpt-entry-wrapper\"><div class=\" dpt-featured-content\"><div class=\" dpt-permalink\"><a href=\"https:\/\/lozoi.szczecin.pl\/autoinstalator\/wordpressplugins\/index.php\/2026\/02\/26\/mlodziezowy-budzet-obywatelski-2026\/\" class=\"dpt-permalink\"><span class=\"screen-reader-text\">M\u0142odzie\u017cowy Bud\u017cet Obywatelski 2026<\/span><\/a><\/div><div class=\" dpt-thumbnail\"><div class=\"dpt-thumbnail-inner\"><img width=\"1920\" height=\"1080\" class=\"attachment-full size-full\" alt=\"Grafika, na kt\u00f3rej znajduje si\u0119 rysunek plecaka z przypink\u0105 \u017car\u00f3wki oraz megafonu. Z plecaka wystaje tabliczka z napisem \u201eM\u0142odzie\u017cowy Bud\u017cet Obywatelski\u201d. W tle znajduj\u0105 si\u0119 drobne ikonki, m.in. aparat, wiadomo\u015bci i znaczniki lokalizacji.\" context=\"dpt\" data-dpt-src=\"https:\/\/lozoi.szczecin.pl\/autoinstalator\/wordpressplugins\/wp-content\/uploads\/2026\/02\/MBO.png\" data-dpt-sizes=\"(max-width: 1920px) 100vw, 1920px\" data-dpt-srcset=\"https:\/\/lozoi.szczecin.pl\/autoinstalator\/wordpressplugins\/wp-content\/uploads\/2026\/02\/MBO.png 1920w, https:\/\/lozoi.szczecin.pl\/autoinstalator\/wordpressplugins\/wp-content\/uploads\/2026\/02\/MBO-300x169.png 300w, https:\/\/lozoi.szczecin.pl\/autoinstalator\/wordpressplugins\/wp-content\/uploads\/2026\/02\/MBO-1024x576.png 1024w, https:\/\/lozoi.szczecin.pl\/autoinstalator\/wordpressplugins\/wp-content\/uploads\/2026\/02\/MBO-768x432.png 768w, https:\/\/lozoi.szczecin.pl\/autoinstalator\/wordpressplugins\/wp-content\/uploads\/2026\/02\/MBO-1536x864.png 1536w\" \/><\/div><span class=\"dpt-thumbnail-aspect-ratio\" style=\"padding-top: 56.25%\"><\/span><\/div><\/div><div class=\" sub-entry\"><h3 class=\" dpt-title\"><a class=\"dpt-title-link\" href=\"https:\/\/lozoi.szczecin.pl\/autoinstalator\/wordpressplugins\/index.php\/2026\/02\/26\/mlodziezowy-budzet-obywatelski-2026\/\" rel=\"bookmark\">M\u0142odzie\u017cowy Bud\u017cet Obywatelski 2026<\/a><\/h3><div class=\"dpt-meta1 dpt-meta\"><\/div><div class=\" dpt-excerpt\">M\u0142odzie\u017cowy Bud\u017cet Obywatelski 2026 \u2013 Twoje pomys\u0142y maj\u0105 moc!Z rado\u015bci\u0105 informujemy, \u017ce w naszej szkole rusza kolejna edycja\u00a0M\u0142odzie\u017cowego Bud\u017cetu Obywatelskiego 2026 (MBO). To wyj\u0105tkowa inicjatywa, kt\u00f3ra daje uczniom realny wp\u0142yw na to, jak zmienia si\u0119<p class=\"dpt-has-teaser dpt-link-more\"><a class=\"dpt-more-link\" href=\"https:\/\/lozoi.szczecin.pl\/autoinstalator\/wordpressplugins\/index.php\/2026\/02\/26\/mlodziezowy-budzet-obywatelski-2026\/\"><span>Wi\u0119cej<\/span> <span class=\"screen-reader-text\">M\u0142odzie\u017cowy Bud\u017cet Obywatelski 2026<\/span><\/a><\/p><\/div><\/div><\/div>\n\t\t\t\t\t\t<\/div><!-- .dpt-entry -->\n\t\t\t\t\t\t\t\t\t\t\t\t<div class=\"dpt-entry has-thumbnail\" data-title=\"praca sekretariatu w okresie ferii zimowych\" data-id=\"1721\"  data-category=\"bez kategorii\">\n\t\t\t\t\t\t\t<div class=\"dpt-entry-wrapper\"><div class=\" dpt-featured-content\"><div class=\" dpt-permalink\"><a href=\"https:\/\/lozoi.szczecin.pl\/autoinstalator\/wordpressplugins\/index.php\/2026\/01\/29\/praca-sekretariatu-w-okresie-ferii-zimowych\/\" class=\"dpt-permalink\"><span class=\"screen-reader-text\">Praca sekretariatu w okresie ferii zimowych<\/span><\/a><\/div><div class=\" dpt-thumbnail\"><div class=\"dpt-thumbnail-inner\"><img loading=\"lazy\" width=\"1536\" height=\"1024\" class=\"attachment-full size-full\" alt=\"\u201eZimowa grafika przedstawiaj\u0105ca og\u0142oszenie o godzinach pracy sekretariatu. Na tle o\u015bnie\u017conego krajobrazu widoczne s\u0105 narty, zimowe r\u0119kawiczki i o\u015bnie\u017cone ga\u0142\u0119zie. Tre\u015b\u0107 og\u0142oszenia: \u2018W okresie ferii, ze wzgl\u0119du na okres urlopowy, sekretariat otwarty od 10.00 do 13.00. Wizyty najlepiej umawia\u0107 telefonicznie: 91 423 77 20.\u2019\u201d\" context=\"dpt\" data-dpt-src=\"https:\/\/lozoi.szczecin.pl\/autoinstalator\/wordpressplugins\/wp-content\/uploads\/2026\/01\/Sekretariat-w-okresie-ferii-zimowych.png\" data-dpt-sizes=\"(max-width: 1536px) 100vw, 1536px\" data-dpt-srcset=\"https:\/\/lozoi.szczecin.pl\/autoinstalator\/wordpressplugins\/wp-content\/uploads\/2026\/01\/Sekretariat-w-okresie-ferii-zimowych.png 1536w, https:\/\/lozoi.szczecin.pl\/autoinstalator\/wordpressplugins\/wp-content\/uploads\/2026\/01\/Sekretariat-w-okresie-ferii-zimowych-300x200.png 300w, https:\/\/lozoi.szczecin.pl\/autoinstalator\/wordpressplugins\/wp-content\/uploads\/2026\/01\/Sekretariat-w-okresie-ferii-zimowych-1024x683.png 1024w, https:\/\/lozoi.szczecin.pl\/autoinstalator\/wordpressplugins\/wp-content\/uploads\/2026\/01\/Sekretariat-w-okresie-ferii-zimowych-768x512.png 768w\" \/><\/div><span class=\"dpt-thumbnail-aspect-ratio\" style=\"padding-top: 56.25%\"><\/span><\/div><\/div><div class=\" sub-entry\"><h3 class=\" dpt-title\"><a class=\"dpt-title-link\" href=\"https:\/\/lozoi.szczecin.pl\/autoinstalator\/wordpressplugins\/index.php\/2026\/01\/29\/praca-sekretariatu-w-okresie-ferii-zimowych\/\" rel=\"bookmark\">Praca sekretariatu w okresie ferii zimowych<\/a><\/h3><div class=\"dpt-meta1 dpt-meta\"><\/div><div class=\" dpt-excerpt\">W okresie ferii, ze wzgl\u0119du na okres urlopowy, sekretariat otwarty od 10.00 do 13.00. Wizyty najlepiej umawia\u0107 telefonicznie: 91 423 77 20.<\/div><\/div><\/div>\n\t\t\t\t\t\t<\/div><!-- .dpt-entry -->\n\t\t\t\t\t\t\t\t\t\t\t\t<div class=\"dpt-entry has-thumbnail\" data-title=\"komunikat\" data-id=\"1717\"  data-category=\"bez kategorii\">\n\t\t\t\t\t\t\t<div class=\"dpt-entry-wrapper\"><div class=\" dpt-featured-content\"><div class=\" dpt-permalink\"><a href=\"https:\/\/lozoi.szczecin.pl\/autoinstalator\/wordpressplugins\/index.php\/2026\/01\/26\/komunikat-2\/\" class=\"dpt-permalink\"><span class=\"screen-reader-text\">Komunikat<\/span><\/a><\/div><div class=\" dpt-thumbnail\"><div class=\"dpt-thumbnail-inner\"><img loading=\"lazy\" width=\"1920\" height=\"1080\" class=\"attachment-full size-full\" alt=\"Na czerwonym tle jest bia\u0142y wykrzyknik\" context=\"dpt\" data-dpt-src=\"https:\/\/lozoi.szczecin.pl\/autoinstalator\/wordpressplugins\/wp-content\/uploads\/2026\/01\/wykrzyknik.png\" data-dpt-sizes=\"(max-width: 1920px) 100vw, 1920px\" data-dpt-srcset=\"https:\/\/lozoi.szczecin.pl\/autoinstalator\/wordpressplugins\/wp-content\/uploads\/2026\/01\/wykrzyknik.png 1920w, https:\/\/lozoi.szczecin.pl\/autoinstalator\/wordpressplugins\/wp-content\/uploads\/2026\/01\/wykrzyknik-300x169.png 300w, https:\/\/lozoi.szczecin.pl\/autoinstalator\/wordpressplugins\/wp-content\/uploads\/2026\/01\/wykrzyknik-1024x576.png 1024w, https:\/\/lozoi.szczecin.pl\/autoinstalator\/wordpressplugins\/wp-content\/uploads\/2026\/01\/wykrzyknik-768x432.png 768w, https:\/\/lozoi.szczecin.pl\/autoinstalator\/wordpressplugins\/wp-content\/uploads\/2026\/01\/wykrzyknik-1536x864.png 1536w\" \/><\/div><span class=\"dpt-thumbnail-aspect-ratio\" style=\"padding-top: 56.25%\"><\/span><\/div><\/div><div class=\" sub-entry\"><h3 class=\" dpt-title\"><a class=\"dpt-title-link\" href=\"https:\/\/lozoi.szczecin.pl\/autoinstalator\/wordpressplugins\/index.php\/2026\/01\/26\/komunikat-2\/\" rel=\"bookmark\">Komunikat<\/a><\/h3><div class=\"dpt-meta1 dpt-meta\"><\/div><div class=\" dpt-excerpt\">Szanowni Rodzice, Drodzy Uczniowie,zgodnie z wcze\u015bniejsz\u0105 zapowiedzi\u0105 przekazuj\u0119 dalsze ustalenia dotycz\u0105ce sytuacji pogodowej i drogowej. Informacj\u0119 t\u0119 przekazuj\u0119 ju\u017c teraz, aby jutro, tj. 27 stycznia 2026 r., od wczesnych godzin porannych nie by\u0142o konieczno\u015bci wprowadzania<p class=\"dpt-has-teaser dpt-link-more\"><a class=\"dpt-more-link\" href=\"https:\/\/lozoi.szczecin.pl\/autoinstalator\/wordpressplugins\/index.php\/2026\/01\/26\/komunikat-2\/\"><span>Wi\u0119cej<\/span> <span class=\"screen-reader-text\">Komunikat<\/span><\/a><\/p><\/div><\/div><\/div>\n\t\t\t\t\t\t<\/div><!-- .dpt-entry -->\n\t\t\t\t\t\t\t\t\t\t\t\t<div class=\"dpt-entry has-thumbnail\" data-title=\"bezpieczny wypoczynek \u2013 ferie zimowe 2026\" data-id=\"1681\"  data-category=\"bez kategorii\">\n\t\t\t\t\t\t\t<div class=\"dpt-entry-wrapper\"><div class=\" dpt-featured-content\"><div class=\" dpt-permalink\"><a href=\"https:\/\/lozoi.szczecin.pl\/autoinstalator\/wordpressplugins\/index.php\/2026\/01\/26\/bezpieczny-wypoczynek-ferie-zimowe-2026\/\" class=\"dpt-permalink\"><span class=\"screen-reader-text\">Bezpieczny wypoczynek \u2013 ferie zimowe 2026<\/span><\/a><\/div><div class=\" dpt-thumbnail\"><div class=\"dpt-thumbnail-inner\"><img loading=\"lazy\" width=\"1920\" height=\"1080\" class=\"attachment-full size-full\" alt=\"Na bia\u0142ym tle znajduj\u0105 si\u0119 niebieskie p\u0142atki \u015bniegu. W lewym g\u00f3rnym rogu jest napis Bezpieczny wypoczynek - ferie zimowe 2026\" context=\"dpt\" data-dpt-src=\"https:\/\/lozoi.szczecin.pl\/autoinstalator\/wordpressplugins\/wp-content\/uploads\/2026\/01\/Bezpieczny-wypoczynek.png\" data-dpt-sizes=\"(max-width: 1920px) 100vw, 1920px\" data-dpt-srcset=\"https:\/\/lozoi.szczecin.pl\/autoinstalator\/wordpressplugins\/wp-content\/uploads\/2026\/01\/Bezpieczny-wypoczynek.png 1920w, https:\/\/lozoi.szczecin.pl\/autoinstalator\/wordpressplugins\/wp-content\/uploads\/2026\/01\/Bezpieczny-wypoczynek-300x169.png 300w, https:\/\/lozoi.szczecin.pl\/autoinstalator\/wordpressplugins\/wp-content\/uploads\/2026\/01\/Bezpieczny-wypoczynek-1024x576.png 1024w, https:\/\/lozoi.szczecin.pl\/autoinstalator\/wordpressplugins\/wp-content\/uploads\/2026\/01\/Bezpieczny-wypoczynek-768x432.png 768w, https:\/\/lozoi.szczecin.pl\/autoinstalator\/wordpressplugins\/wp-content\/uploads\/2026\/01\/Bezpieczny-wypoczynek-1536x864.png 1536w\" \/><\/div><span class=\"dpt-thumbnail-aspect-ratio\" style=\"padding-top: 56.25%\"><\/span><\/div><\/div><div class=\" sub-entry\"><h3 class=\" dpt-title\"><a class=\"dpt-title-link\" href=\"https:\/\/lozoi.szczecin.pl\/autoinstalator\/wordpressplugins\/index.php\/2026\/01\/26\/bezpieczny-wypoczynek-ferie-zimowe-2026\/\" rel=\"bookmark\">Bezpieczny wypoczynek \u2013 ferie zimowe 2026<\/a><\/h3><div class=\"dpt-meta1 dpt-meta\"><\/div><div class=\" dpt-excerpt\">Drodzy Uczniowie,Szanowni Rodzice, od 2 lutego do 15 lutego 2026 r. w naszym wojew\u00f3dztwie rozpoczynaj\u0105 si\u0119 ferie zimowe \u2014 czas odpoczynku, zabawy i regeneracji po intensywnych miesi\u0105cach nauki. Chcemy, aby ten okres by\u0142 dla wszystkich<p class=\"dpt-has-teaser dpt-link-more\"><a class=\"dpt-more-link\" href=\"https:\/\/lozoi.szczecin.pl\/autoinstalator\/wordpressplugins\/index.php\/2026\/01\/26\/bezpieczny-wypoczynek-ferie-zimowe-2026\/\"><span>Wi\u0119cej<\/span> <span class=\"screen-reader-text\">Bezpieczny wypoczynek \u2013 ferie zimowe 2026<\/span><\/a><\/p><\/div><\/div><\/div>\n\t\t\t\t\t\t<\/div><!-- .dpt-entry -->\n\t\t\t\t\t\t\t\t\t\t\t\t<div class=\"dpt-entry has-thumbnail\" data-title=\"komunikat\" data-id=\"1677\"  data-category=\"bez kategorii\">\n\t\t\t\t\t\t\t<div class=\"dpt-entry-wrapper\"><div class=\" dpt-featured-content\"><div class=\" dpt-permalink\"><a href=\"https:\/\/lozoi.szczecin.pl\/autoinstalator\/wordpressplugins\/index.php\/2026\/01\/26\/komunikat\/\" class=\"dpt-permalink\"><span class=\"screen-reader-text\">Komunikat<\/span><\/a><\/div><div class=\" dpt-thumbnail\"><div class=\"dpt-thumbnail-inner\"><img loading=\"lazy\" width=\"1920\" height=\"1080\" class=\"attachment-full size-full\" alt=\"Na czerwonym tle jest bia\u0142y wykrzyknik\" context=\"dpt\" data-dpt-src=\"https:\/\/lozoi.szczecin.pl\/autoinstalator\/wordpressplugins\/wp-content\/uploads\/2026\/01\/wykrzyknik.png\" data-dpt-sizes=\"(max-width: 1920px) 100vw, 1920px\" data-dpt-srcset=\"https:\/\/lozoi.szczecin.pl\/autoinstalator\/wordpressplugins\/wp-content\/uploads\/2026\/01\/wykrzyknik.png 1920w, https:\/\/lozoi.szczecin.pl\/autoinstalator\/wordpressplugins\/wp-content\/uploads\/2026\/01\/wykrzyknik-300x169.png 300w, https:\/\/lozoi.szczecin.pl\/autoinstalator\/wordpressplugins\/wp-content\/uploads\/2026\/01\/wykrzyknik-1024x576.png 1024w, https:\/\/lozoi.szczecin.pl\/autoinstalator\/wordpressplugins\/wp-content\/uploads\/2026\/01\/wykrzyknik-768x432.png 768w, https:\/\/lozoi.szczecin.pl\/autoinstalator\/wordpressplugins\/wp-content\/uploads\/2026\/01\/wykrzyknik-1536x864.png 1536w\" \/><\/div><span class=\"dpt-thumbnail-aspect-ratio\" style=\"padding-top: 56.25%\"><\/span><\/div><\/div><div class=\" sub-entry\"><h3 class=\" dpt-title\"><a class=\"dpt-title-link\" href=\"https:\/\/lozoi.szczecin.pl\/autoinstalator\/wordpressplugins\/index.php\/2026\/01\/26\/komunikat\/\" rel=\"bookmark\">Komunikat<\/a><\/h3><div class=\"dpt-meta1 dpt-meta\"><\/div><div class=\" dpt-excerpt\">Ze wzgl\u0119du na bardzo trudne warunki pogodowe i drogowe prosimy uczni\u00f3w o pozostanie w dniu dzisiejszym (poniedzia\u0142ek - 26.01.2026) w domach. Uczniowie, kt\u00f3rzy dotr\u0105 do szko\u0142y b\u0119d\u0105 mieli zapewnione zaj\u0119cia opieku\u0144cze.\u00a0<\/div><\/div><\/div>\n\t\t\t\t\t\t<\/div><!-- .dpt-entry -->\n\t\t\t\t\t\t\t\t\t\t\t\t<div class=\"dpt-entry has-thumbnail\" data-title=\"narodowy program rozwoju czytelnictwa 2.0\" data-id=\"1674\"  data-category=\"bez kategorii\">\n\t\t\t\t\t\t\t<div class=\"dpt-entry-wrapper\"><div class=\" dpt-featured-content\"><div class=\" dpt-permalink\"><a href=\"https:\/\/lozoi.szczecin.pl\/autoinstalator\/wordpressplugins\/index.php\/2026\/01\/18\/narodowy-program-rozwoju-czytelnictwa-2-0\/\" class=\"dpt-permalink\"><span class=\"screen-reader-text\">Narodowy Program Rozwoju Czytelnictwa 2.0<\/span><\/a><\/div><div class=\" dpt-thumbnail\"><div class=\"dpt-thumbnail-inner\"><img loading=\"lazy\" width=\"1920\" height=\"1080\" class=\"attachment-full size-full\" alt=\"Na jasnoniebieskim tle przedstawione jest logo Narodowego Programu Rozwoju Czytelnictwa 2.0. Po lewej stronie znajduj\u0105 si\u0119 stylizowane, czarne litery i symbole tworz\u0105ce znak graficzny programu. Po prawej widnieje czarny napis: \u2018Narodowy Program Rozwoju Czytelnictwa 2.0\u2019. W lewym dolnym rogu umieszczono ilustracj\u0119 p\u00f3\u0142ek wype\u0142nionych kolorowymi ksi\u0105\u017ckami.\" context=\"dpt\" data-dpt-src=\"https:\/\/lozoi.szczecin.pl\/autoinstalator\/wordpressplugins\/wp-content\/uploads\/2026\/01\/NPRCz-1.png\" data-dpt-sizes=\"(max-width: 1920px) 100vw, 1920px\" data-dpt-srcset=\"https:\/\/lozoi.szczecin.pl\/autoinstalator\/wordpressplugins\/wp-content\/uploads\/2026\/01\/NPRCz-1.png 1920w, https:\/\/lozoi.szczecin.pl\/autoinstalator\/wordpressplugins\/wp-content\/uploads\/2026\/01\/NPRCz-1-300x169.png 300w, https:\/\/lozoi.szczecin.pl\/autoinstalator\/wordpressplugins\/wp-content\/uploads\/2026\/01\/NPRCz-1-1024x576.png 1024w, https:\/\/lozoi.szczecin.pl\/autoinstalator\/wordpressplugins\/wp-content\/uploads\/2026\/01\/NPRCz-1-768x432.png 768w, https:\/\/lozoi.szczecin.pl\/autoinstalator\/wordpressplugins\/wp-content\/uploads\/2026\/01\/NPRCz-1-1536x864.png 1536w\" \/><\/div><span class=\"dpt-thumbnail-aspect-ratio\" style=\"padding-top: 56.25%\"><\/span><\/div><\/div><div class=\" sub-entry\"><h3 class=\" dpt-title\"><a class=\"dpt-title-link\" href=\"https:\/\/lozoi.szczecin.pl\/autoinstalator\/wordpressplugins\/index.php\/2026\/01\/18\/narodowy-program-rozwoju-czytelnictwa-2-0\/\" rel=\"bookmark\">Narodowy Program Rozwoju Czytelnictwa 2.0<\/a><\/h3><div class=\"dpt-meta1 dpt-meta\"><\/div><div class=\" dpt-excerpt\">Jest nam przyjemnie poinformowa\u0107, \u017ce w 2025 roku zrealizowali\u015bmy Narodowy Program Rozwoju Czytelnictwa 2.0. Dzi\u0119ki dotacji z Wydzia\u0142u O\u015bwiaty Urz\u0119du Miasta Szczecin w wysoko\u015bci 12 tysi\u0119cy z\u0142otych oraz 3 tysi\u0105com wk\u0142adu w\u0142asnego biblioteka szkolna zosta\u0142a<p class=\"dpt-has-teaser dpt-link-more\"><a class=\"dpt-more-link\" href=\"https:\/\/lozoi.szczecin.pl\/autoinstalator\/wordpressplugins\/index.php\/2026\/01\/18\/narodowy-program-rozwoju-czytelnictwa-2-0\/\"><span>Wi\u0119cej<\/span> <span class=\"screen-reader-text\">Narodowy Program Rozwoju Czytelnictwa 2.0<\/span><\/a><\/p><\/div><\/div><\/div>\n\t\t\t\t\t\t<\/div><!-- .dpt-entry -->\n\t\t\t\t\t\t\t\t\t\t\t\t<div class=\"dpt-entry has-thumbnail\" data-title=\"nowe wyposa\u017cenie w ramach kpo \u2013 zadanie c15g\" data-id=\"1671\"  data-category=\"bez kategorii\">\n\t\t\t\t\t\t\t<div class=\"dpt-entry-wrapper\"><div class=\" dpt-featured-content\"><div class=\" dpt-permalink\"><a href=\"https:\/\/lozoi.szczecin.pl\/autoinstalator\/wordpressplugins\/index.php\/2026\/01\/14\/nowe-wyposazenie-w-ramach-kpo-zadanie-c15g\/\" class=\"dpt-permalink\"><span class=\"screen-reader-text\">Nowe wyposa\u017cenie w ramach KPO \u2013 zadanie C15G<\/span><\/a><\/div><div class=\" dpt-thumbnail\"><div class=\"dpt-thumbnail-inner\"><img loading=\"lazy\" width=\"1324\" height=\"592\" class=\"attachment-full size-full\" alt=\"Logo Krajowego Planu Odbudowy \u2013 po lewej stronie czerwony symbol z\u0142o\u017cony z pi\u0119ciu poziomych pas\u00f3w tworz\u0105cych kszta\u0142t budynku, po prawej stronie napis w kolorze granatowym: KRAJOWY PLAN ODBUDOWY\" context=\"dpt\" data-dpt-src=\"https:\/\/lozoi.szczecin.pl\/autoinstalator\/wordpressplugins\/wp-content\/uploads\/2026\/01\/Znak_KPO_Poziom_RGB.jpg\" data-dpt-sizes=\"(max-width: 1324px) 100vw, 1324px\" data-dpt-srcset=\"https:\/\/lozoi.szczecin.pl\/autoinstalator\/wordpressplugins\/wp-content\/uploads\/2026\/01\/Znak_KPO_Poziom_RGB.jpg 1324w, https:\/\/lozoi.szczecin.pl\/autoinstalator\/wordpressplugins\/wp-content\/uploads\/2026\/01\/Znak_KPO_Poziom_RGB-300x134.jpg 300w, https:\/\/lozoi.szczecin.pl\/autoinstalator\/wordpressplugins\/wp-content\/uploads\/2026\/01\/Znak_KPO_Poziom_RGB-1024x458.jpg 1024w, https:\/\/lozoi.szczecin.pl\/autoinstalator\/wordpressplugins\/wp-content\/uploads\/2026\/01\/Znak_KPO_Poziom_RGB-768x343.jpg 768w\" \/><\/div><span class=\"dpt-thumbnail-aspect-ratio\" style=\"padding-top: 56.25%\"><\/span><\/div><\/div><div class=\" sub-entry\"><h3 class=\" dpt-title\"><a class=\"dpt-title-link\" href=\"https:\/\/lozoi.szczecin.pl\/autoinstalator\/wordpressplugins\/index.php\/2026\/01\/14\/nowe-wyposazenie-w-ramach-kpo-zadanie-c15g\/\" rel=\"bookmark\">Nowe wyposa\u017cenie w ramach KPO \u2013 zadanie C15G<\/a><\/h3><div class=\"dpt-meta1 dpt-meta\"><\/div><div class=\" dpt-excerpt\">W ramach realizacji&nbsp;Krajowego Planu Odbudowy i Zwi\u0119kszania Odporno\u015bci (KPO), zadanie C15G, nasza szko\u0142a zosta\u0142a doposa\u017cona w nowoczesny sprz\u0119t komputerowy. W ramach wsparcia otrzymali\u015bmy: 32 laptopy, 19 tablet\u00f3w, 10 laptop\u00f3w przegl\u0105darkowych. Pozyskany sprz\u0119t b\u0119dzie wykorzystywany w<p class=\"dpt-has-teaser dpt-link-more\"><a class=\"dpt-more-link\" href=\"https:\/\/lozoi.szczecin.pl\/autoinstalator\/wordpressplugins\/index.php\/2026\/01\/14\/nowe-wyposazenie-w-ramach-kpo-zadanie-c15g\/\"><span>Wi\u0119cej<\/span> <span class=\"screen-reader-text\">Nowe wyposa\u017cenie w ramach KPO \u2013 zadanie C15G<\/span><\/a><\/p><\/div><\/div><\/div>\n\t\t\t\t\t\t<\/div><!-- .dpt-entry -->\n\t\t\t\t\t\t\n\t\t\t\t<\/div>\n\t\t\t<div class=\"dp-pagination\"><span aria-current=\"page\" class=\"page-numbers current\">1<\/span>\n<a class=\"page-numbers\" href=\"https:\/\/lozoi.szczecin.pl\/autoinstalator\/wordpressplugins\/index.php\/wp-json\/wp\/v2\/pages\/73\/?paged1=2\">2<\/a>\n<a class=\"page-numbers\" href=\"https:\/\/lozoi.szczecin.pl\/autoinstalator\/wordpressplugins\/index.php\/wp-json\/wp\/v2\/pages\/73\/?paged1=3\">3<\/a>\n<a class=\"next page-numbers\" href=\"https:\/\/lozoi.szczecin.pl\/autoinstalator\/wordpressplugins\/index.php\/wp-json\/wp\/v2\/pages\/73\/?paged1=2\">Nast\u0119pne &raquo;<\/a><\/div>\t\t\t<\/div>\n\t\t\t\t\t\t\t<\/div>\n\t\t\t\t<\/div>\n\t\t\t\t<div class=\"elementor-element elementor-element-93ad337 elementor-widget__width-inherit e-transform e-transform elementor-widget elementor-widget-wp-widget-fbw_id\" data-id=\"93ad337\" data-element_type=\"widget\" data-e-type=\"widget\" data-settings=\"{&quot;_transform_translateX_effect&quot;:{&quot;unit&quot;:&quot;px&quot;,&quot;size&quot;:98,&quot;sizes&quot;:[]},&quot;_transform_scale_effect&quot;:{&quot;unit&quot;:&quot;px&quot;,&quot;size&quot;:1,&quot;sizes&quot;:[]},&quot;_transform_translateX_effect_tablet&quot;:{&quot;unit&quot;:&quot;px&quot;,&quot;size&quot;:&quot;&quot;,&quot;sizes&quot;:[]},&quot;_transform_translateX_effect_mobile&quot;:{&quot;unit&quot;:&quot;px&quot;,&quot;size&quot;:&quot;&quot;,&quot;sizes&quot;:[]},&quot;_transform_translateY_effect&quot;:{&quot;unit&quot;:&quot;px&quot;,&quot;size&quot;:&quot;&quot;,&quot;sizes&quot;:[]},&quot;_transform_translateY_effect_tablet&quot;:{&quot;unit&quot;:&quot;px&quot;,&quot;size&quot;:&quot;&quot;,&quot;sizes&quot;:[]},&quot;_transform_translateY_effect_mobile&quot;:{&quot;unit&quot;:&quot;px&quot;,&quot;size&quot;:&quot;&quot;,&quot;sizes&quot;:[]},&quot;_transform_scale_effect_tablet&quot;:{&quot;unit&quot;:&quot;px&quot;,&quot;size&quot;:&quot;&quot;,&quot;sizes&quot;:[]},&quot;_transform_scale_effect_mobile&quot;:{&quot;unit&quot;:&quot;px&quot;,&quot;size&quot;:&quot;&quot;,&quot;sizes&quot;:[]}}\" data-widget_type=\"wp-widget-fbw_id.default\">\n\t\t\t\t<div class=\"elementor-widget-container\">\n\t\t\t\t\t<h5>LOzOI na Facebooku<\/h5>        <div class=\"fb-widget-container\" style=\"position: relative; min-height: 600px;\">\n            <div class=\"fb_loader\" style=\"text-align: center !important;\">\n                <img decoding=\"async\" src=\"https:\/\/lozoi.szczecin.pl\/autoinstalator\/wordpressplugins\/wp-content\/plugins\/facebook-pagelike-widget\/assets\/images\/loader.gif\" alt=\"Loading...\" \/>\n            <\/div>\n\n            <div id=\"fb-root\"><\/div>\n            <div class=\"fb-page\"\n                data-href=\"https:\/\/www.facebook.com\/LOzOI.Szczecin\"\n                data-width=\"300\"\n                data-height=\"600\"\n                data-small-header=\"false\"\n                data-adapt-container-width=\"true\"\n                data-hide-cover=\"false\"\n                data-show-facepile=\"true\"\n                data-tabs=\"timeline\"\n                data-lazy=\"false\"\n                data-xfbml-parse-ignore=\"false\">\n            <\/div>\n        <\/div>\n        \t\t\t\t<\/div>\n\t\t\t\t<\/div>\n\t\t\t\t\t<\/div>\n\t\t\t\t<\/div>\n\t\t<div class=\"elementor-element elementor-element-cfc2b31 e-flex e-con-boxed e-con e-parent\" data-id=\"cfc2b31\" data-element_type=\"container\" data-e-type=\"container\">\n\t\t\t\t\t<div class=\"e-con-inner\">\n\t\t\t\t<div class=\"elementor-element elementor-element-df1c180 elementor-widget elementor-widget-google_maps\" data-id=\"df1c180\" data-element_type=\"widget\" data-e-type=\"widget\" data-widget_type=\"google_maps.default\">\n\t\t\t\t\t\t\t<div class=\"elementor-custom-embed\">\n\t\t\t<iframe loading=\"lazy\"\n\t\t\t\t\tsrc=\"https:\/\/maps.google.com\/maps?q=Szczecin%2C%20Liceum%20Og%C3%B3lnokszta%C5%82c%C4%85ce%20z%20oddzia%C5%82ami%20integracyjnymi%20&#038;t=m&#038;z=17&#038;output=embed&#038;iwloc=near\"\n\t\t\t\t\ttitle=\"Szczecin, Liceum Og\u00f3lnokszta\u0142c\u0105ce z oddzia\u0142ami integracyjnymi \"\n\t\t\t\t\taria-label=\"Szczecin, Liceum Og\u00f3lnokszta\u0142c\u0105ce z oddzia\u0142ami integracyjnymi \"\n\t\t\t><\/iframe>\n\t\t<\/div>\n\t\t\t\t\t\t<\/div>\n\t\t\t\t\t<\/div>\n\t\t\t\t<\/div>\n\t\t<div class=\"elementor-element elementor-element-719ce64 e-flex e-con-boxed e-con e-parent\" data-id=\"719ce64\" data-element_type=\"container\" data-e-type=\"container\">\n\t\t\t\t\t<div class=\"e-con-inner\">\n\t\t\t\t\t<\/div>\n\t\t\t\t<\/div>\n\t\t\t\t<\/div>\n\t\t","protected":false},"excerpt":{"rendered":"<p>Librus Szkolna poczta Fanpage Plan lekcji Kontakt Rekrutacja<\/p>\n","protected":false},"author":1,"featured_media":0,"parent":0,"menu_order":0,"comment_status":"closed","ping_status":"closed","template":"","meta":{"footnotes":""},"categories":[],"tags":[],"class_list":["post-73","page","type-page","status-publish","hentry"],"_links":{"self":[{"href":"https:\/\/lozoi.szczecin.pl\/autoinstalator\/wordpressplugins\/index.php\/wp-json\/wp\/v2\/pages\/73","targetHints":{"allow":["GET"]}}],"collection":[{"href":"https:\/\/lozoi.szczecin.pl\/autoinstalator\/wordpressplugins\/index.php\/wp-json\/wp\/v2\/pages"}],"about":[{"href":"https:\/\/lozoi.szczecin.pl\/autoinstalator\/wordpressplugins\/index.php\/wp-json\/wp\/v2\/types\/page"}],"author":[{"embeddable":true,"href":"https:\/\/lozoi.szczecin.pl\/autoinstalator\/wordpressplugins\/index.php\/wp-json\/wp\/v2\/users\/1"}],"replies":[{"embeddable":true,"href":"https:\/\/lozoi.szczecin.pl\/autoinstalator\/wordpressplugins\/index.php\/wp-json\/wp\/v2\/comments?post=73"}],"version-history":[{"count":295,"href":"https:\/\/lozoi.szczecin.pl\/autoinstalator\/wordpressplugins\/index.php\/wp-json\/wp\/v2\/pages\/73\/revisions"}],"predecessor-version":[{"id":1338,"href":"https:\/\/lozoi.szczecin.pl\/autoinstalator\/wordpressplugins\/index.php\/wp-json\/wp\/v2\/pages\/73\/revisions\/1338"}],"wp:attachment":[{"href":"https:\/\/lozoi.szczecin.pl\/autoinstalator\/wordpressplugins\/index.php\/wp-json\/wp\/v2\/media?parent=73"}],"wp:term":[{"taxonomy":"category","embeddable":true,"href":"https:\/\/lozoi.szczecin.pl\/autoinstalator\/wordpressplugins\/index.php\/wp-json\/wp\/v2\/categories?post=73"},{"taxonomy":"post_tag","embeddable":true,"href":"https:\/\/lozoi.szczecin.pl\/autoinstalator\/wordpressplugins\/index.php\/wp-json\/wp\/v2\/tags?post=73"}],"curies":[{"name":"wp","href":"https:\/\/api.w.org\/{rel}","templated":true}]}}