{"id":50,"date":"2024-03-19T07:46:51","date_gmt":"2024-03-19T06:46:51","guid":{"rendered":"https:\/\/lozoi.home.pl\/autoinstalator\/wordpressplugins\/?page_id=50"},"modified":"2025-10-03T09:41:36","modified_gmt":"2025-10-03T07:41:36","slug":"kontakt","status":"publish","type":"page","link":"https:\/\/lozoi.szczecin.pl\/autoinstalator\/wordpressplugins\/index.php\/kontakt\/","title":{"rendered":"Kontakt"},"content":{"rendered":"\t\t<div data-elementor-type=\"wp-page\" data-elementor-id=\"50\" class=\"elementor elementor-50\">\n\t\t\t\t<div class=\"elementor-element elementor-element-43d6ddeb e-flex e-con-boxed e-con e-parent\" data-id=\"43d6ddeb\" data-element_type=\"container\" data-e-type=\"container\">\n\t\t\t\t\t<div class=\"e-con-inner\">\n\t\t\t\t<div class=\"elementor-element elementor-element-51cf8a67 elementor-widget elementor-widget-text-editor\" data-id=\"51cf8a67\" data-element_type=\"widget\" data-e-type=\"widget\" data-widget_type=\"text-editor.default\">\n\t\t\t\t\t\t\t\t\t<p><span style=\"color: #000000;\"><\/span><\/p>\n<p><span style=\"color: #000000;\"><strong>Liceum Og\u00f3lnokszta\u0142c\u0105ce z Oddzia\u0142ami Integracyjnymi w Szczecinie<\/strong><\/span><br><span style=\"color: #000000;\">al. Wojska Polskiego 119,<\/span><br><span style=\"color: #000000;\">70-490 Szczecin<\/span><br><span style=\"color: #000000;\"><strong>tel. 91&nbsp;423 77 20<\/strong><\/span><br><span style=\"color: #000000;\">e-mail:&nbsp;&nbsp;<a style=\"color: #000000;\" href=\"mailto:lozoi@miasto.szczecin.pl\">lozoi@miasto.szczecin.pl&nbsp;<\/a><\/span><\/p>\n<p><span style=\"color: #000000;\"><\/span><\/p>\n<hr class=\"wp-block-separator has-alpha-channel-opacity\">\n<p><span style=\"color: #000000;\"><\/span><\/p>\n<p class=\"has-medium-font-size\"><span style=\"color: #000000;\"><strong>SEKRETARIAT<\/strong><\/span><\/p>\n<p><span style=\"color: #000000;\"><\/span><\/p>\n<p><span style=\"color: #000000;\"><strong>Liceum Og\u00f3lnokszta\u0142c\u0105cego z Oddzia\u0142ami Integracyjnymi <\/strong><strong>jest czynny w godzinach 7:30 &#8211; 15:30<\/strong><\/span><\/p>\n<p><span style=\"color: #000000;\"><\/span><\/p>\n<p><span style=\"color: #000000;\"><strong>Joanna Skupi\u0144ska \u2013 specjalista ds. sekretariatu<\/strong><\/span><\/p>\n<p><span style=\"color: #000000;\"><\/span><\/p>\n<p><span style=\"color: #000000;\"><strong>tel. 91&nbsp;423 77 20<\/strong><\/span><\/p>\n<p><span style=\"color: #000000;\"><\/span><\/p>\n<p><span style=\"color: #000000;\">e-mail:&nbsp;&nbsp;<a style=\"color: #000000;\" href=\"mailto:lozoi@miasto.szczecin.pl\">lozoi@miasto.szczecin.pl<\/a><\/span><\/p>\n<p><span style=\"color: #000000;\"><\/span><\/p>\n<p><span style=\"color: #000000;\">Sprawy uczni\u00f3w za\u0142atwiane s\u0105 w godzinach od 10:30 do 13:00<\/span><\/p>\n<p><span style=\"color: #000000;\"><\/span><\/p>\n<hr class=\"wp-block-separator has-alpha-channel-opacity\">\n<p><span style=\"color: #000000;\"><\/span><\/p>\n<p><span style=\"color: #000000;\"><strong>Dyrektor Szko\u0142y przyjmuje interesant\u00f3w w \u015brody w godzinach 13.00-15.00<\/strong><strong><br><\/strong><strong>Zapisy odbywaj\u0105 si\u0119 za po\u015brednictwem Sekretariatu Szko\u0142y.&nbsp;<\/strong><\/span><\/p>\n<p><span style=\"color: #000000;\"><\/span><\/p>\n<hr class=\"wp-block-separator has-alpha-channel-opacity\">\n<p><span style=\"color: #000000;\"><\/span><\/p>\n<p><span style=\"color: #000000;\"><strong>Pracownicy administracji:<\/strong><\/span><\/p>\n<p><span style=\"color: #000000;\"><\/span><\/p>\n<figure class=\"wp-block-table\">\n<table class=\"has-fixed-layout\">\n<tbody>\n<tr>\n<td><span style=\"color: #000000;\"><strong>stanowisko<\/strong><\/span><\/td>\n<td><span style=\"color: #000000;\"><strong>imi\u0119 i nazwisko<\/strong><\/span><\/td>\n<td><span style=\"color: #000000;\"><strong>telefon<\/strong><\/span><\/td>\n<td><span style=\"color: #000000;\"><strong>e-mail<\/strong><\/span><\/td>\n<td><span style=\"color: #000000;\"><strong>pok\u00f3j<\/strong><\/span><\/td>\n<\/tr>\n<tr>\n<td><span style=\"color: #000000;\">g\u0142\u00f3wna ksi\u0119gowa<\/span><\/td>\n<td><span style=\"color: #000000;\">Katarzyna Krasowska<\/span><br><span style=\"color: #000000;\">&nbsp;<\/span><\/td>\n<td><span style=\"color: #000000;\">91&nbsp;423 77 24<\/span><\/td>\n<td><span style=\"color: #000000;\">ksiegowosc@lozoi.szczecin.pl<\/span><\/td>\n<td><span style=\"color: #000000;\">3<\/span><\/td>\n<\/tr>\n<tr>\n<td><span style=\"color: #000000;\">specjalistka ds. ksi\u0119gowo\u015bci<\/span><\/td>\n<td><span style=\"color: #000000;\">Monika Zygmunt<\/span><\/td>\n<td><span style=\"color: #000000;\">91&nbsp;423 77 24<\/span><\/td>\n<td><span style=\"color: #000000;\">kasa@lozoi.szczecin.pl<\/span><\/td>\n<td><span style=\"color: #000000;\">3<\/span><\/td>\n<\/tr>\n<tr>\n<td><span style=\"color: #000000;\">specjalista ds. kadr<\/span><\/td>\n<td><span style=\"color: #000000;\">Irena Koperkiewicz<\/span><\/td>\n<td><span style=\"color: #000000;\">91&nbsp;423 77 23<\/span><\/td>\n<td><span style=\"color: #000000;\">kadry@lozoi.szczecin.pl<\/span><\/td>\n<td><span style=\"color: #000000;\">3<\/span><\/td>\n<\/tr>\n<tr>\n<td><span style=\"color: #000000;\">kierownik gospodarczy<\/span><\/td>\n<td><font color=\"#000000\"><span style=\"font-size: 14.4px;\">Monika Kali\u0144ska-Chamielec<\/span><\/font><\/td>\n<td><span style=\"color: #000000;\">91&nbsp;423 77 25<\/span><\/td>\n<td><span style=\"color: #000000;\">administracja@lozoi.szczecin.pl<\/span><\/td>\n<td><span style=\"color: #000000;\">4<\/span><\/td>\n<\/tr>\n<\/tbody>\n<\/table>\n<\/figure>\n<p><span style=\"color: #000000;\"><\/span><\/p>\n<p><span style=\"color: #000000;\">Pracownicy pedagogiczni:<\/span><\/p>\n<p><span style=\"color: #000000;\"><\/span><\/p>\n<figure class=\"wp-block-table is-style-regular\">\n<table class=\"has-fixed-layout\">\n<tbody>\n<tr>\n<td><span style=\"color: #000000;\"><strong>stanowisko<\/strong><\/span><\/td>\n<td><span style=\"color: #000000;\"><strong>imi\u0119 i nazwisko<\/strong><\/span><\/td>\n<td><span style=\"color: #000000;\"><strong>telefon<\/strong><\/span><\/td>\n<td><span style=\"color: #000000;\"><strong>e-mail<\/strong><\/span><\/td>\n<td><span style=\"color: #000000;\"><strong>pok\u00f3j<\/strong><\/span><\/td>\n<\/tr>\n<tr>\n<td><span style=\"color: #000000;\">pedagog&nbsp;szkolny<\/span><\/td>\n<td><span style=\"color: #000000;\">Marek Urba\u0144ski<\/span><\/td>\n<td><span style=\"color: #000000;\">91 423 77 29<\/span><\/td>\n<td><span style=\"color: #000000;\">marek.urbanski@lozoi.szczecin.pl<\/span><\/td>\n<td><span style=\"color: #000000;\">116<\/span><\/td>\n<\/tr>\n<tr>\n<td><span style=\"color: #000000;\">pedagog specjalny<\/span><\/td>\n<td><span style=\"color: #000000;\">Aleksandra Zielenkiewicz<\/span><\/td>\n<td><span style=\"color: #000000;\">91 423 77 29<\/span><\/td>\n<td><span style=\"color: #000000;\">aleksandra.zielenkiewicz@lozoi.szczecin.pl<\/span><\/td>\n<td><span style=\"color: #000000;\">116<\/span><\/td>\n<\/tr>\n<tr>\n<td><span style=\"color: #000000;\">psycholog szkolny<\/span><\/td>\n<td><span style=\"color: #000000;\">Ma\u0142gorzata Kledzik<\/span><\/td>\n<td><span style=\"color: #000000;\">91 423 77 20 (po\u0142\u0105czenie&nbsp;przez sekretariat)<\/span><\/td>\n<td><span style=\"color: #000000;\">malgorzata.kledzik@lozoi.szczecin.pl<\/span><\/td>\n<td><span style=\"color: #000000;\">17<\/span><\/td>\n<\/tr>\n<tr>\n<td><span style=\"color: #000000;\">psycholog szkolny<\/span><\/td>\n<td><span style=\"color: #000000;\">Krzysztof Berent<\/span><\/td>\n<td><span style=\"color: #000000;\">91 423 77 20 (po\u0142\u0105czenie&nbsp;przez sekretariat)<\/span><\/td>\n<td><span style=\"color: #000000;\">krzysztof.berent@lozoi.szczecin.pl<\/span><\/td>\n<td><span style=\"color: #000000;\">17<\/span><\/td>\n<\/tr>\n<tr>\n<td><span style=\"color: #000000;\">pok\u00f3j nauczycielski<\/span><\/td>\n<td>&nbsp;<\/td>\n<td><span style=\"color: #000000;\">91&nbsp;423 77 26<\/span><\/td>\n<td>&nbsp;<\/td>\n<td><span style=\"color: #000000;\">113<\/span><\/td>\n<\/tr>\n<\/tbody>\n<\/table>\n<\/figure>\n<p><span style=\"color: #000000;\"><\/span><\/p>\n<hr class=\"wp-block-separator has-alpha-channel-opacity\">\n<p><span style=\"color: #000000;\"><\/span><\/p>\n<p><\/p>\n<p><span style=\"color: #000000;\"><\/span><\/p>\t\t\t\t\t\t\t\t<\/div>\n\t\t\t\t\t<\/div>\n\t\t\t\t<\/div>\n\t\t<div class=\"elementor-element elementor-element-f95fa65 e-flex e-con-boxed e-con e-parent\" data-id=\"f95fa65\" data-element_type=\"container\" data-e-type=\"container\">\n\t\t\t\t\t<div class=\"e-con-inner\">\n\t\t\t\t\t<\/div>\n\t\t\t\t<\/div>\n\t\t\t\t<\/div>\n\t\t","protected":false},"excerpt":{"rendered":"<p>Liceum Og\u00f3lnokszta\u0142c\u0105ce z Oddzia\u0142ami Integracyjnymi w Szczecinieal. Wojska Polskiego 119,70-490 Szczecintel. 91&nbsp;423 77 20e-mail:&nbsp;&nbsp;lozoi@miasto.szczecin.pl&nbsp; SEKRETARIAT Liceum Og\u00f3lnokszta\u0142c\u0105cego z Oddzia\u0142ami Integracyjnymi jest czynny w godzinach 7:30 &#8211; 15:30 Joanna Skupi\u0144ska \u2013 specjalista ds. sekretariatu tel. 91&nbsp;423 77 20 e-mail:&nbsp;&nbsp;lozoi@miasto.szczecin.pl Sprawy uczni\u00f3w za\u0142atwiane s\u0105 w godzinach od 10:30 do 13:00 Dyrektor Szko\u0142y przyjmuje interesant\u00f3w w \u015brody w [&hellip;]<\/p>\n","protected":false},"author":1,"featured_media":0,"parent":0,"menu_order":0,"comment_status":"closed","ping_status":"closed","template":"","meta":{"footnotes":""},"categories":[],"tags":[],"class_list":["post-50","page","type-page","status-publish","hentry"],"_links":{"self":[{"href":"https:\/\/lozoi.szczecin.pl\/autoinstalator\/wordpressplugins\/index.php\/wp-json\/wp\/v2\/pages\/50","targetHints":{"allow":["GET"]}}],"collection":[{"href":"https:\/\/lozoi.szczecin.pl\/autoinstalator\/wordpressplugins\/index.php\/wp-json\/wp\/v2\/pages"}],"about":[{"href":"https:\/\/lozoi.szczecin.pl\/autoinstalator\/wordpressplugins\/index.php\/wp-json\/wp\/v2\/types\/page"}],"author":[{"embeddable":true,"href":"https:\/\/lozoi.szczecin.pl\/autoinstalator\/wordpressplugins\/index.php\/wp-json\/wp\/v2\/users\/1"}],"replies":[{"embeddable":true,"href":"https:\/\/lozoi.szczecin.pl\/autoinstalator\/wordpressplugins\/index.php\/wp-json\/wp\/v2\/comments?post=50"}],"version-history":[{"count":24,"href":"https:\/\/lozoi.szczecin.pl\/autoinstalator\/wordpressplugins\/index.php\/wp-json\/wp\/v2\/pages\/50\/revisions"}],"predecessor-version":[{"id":1585,"href":"https:\/\/lozoi.szczecin.pl\/autoinstalator\/wordpressplugins\/index.php\/wp-json\/wp\/v2\/pages\/50\/revisions\/1585"}],"wp:attachment":[{"href":"https:\/\/lozoi.szczecin.pl\/autoinstalator\/wordpressplugins\/index.php\/wp-json\/wp\/v2\/media?parent=50"}],"wp:term":[{"taxonomy":"category","embeddable":true,"href":"https:\/\/lozoi.szczecin.pl\/autoinstalator\/wordpressplugins\/index.php\/wp-json\/wp\/v2\/categories?post=50"},{"taxonomy":"post_tag","embeddable":true,"href":"https:\/\/lozoi.szczecin.pl\/autoinstalator\/wordpressplugins\/index.php\/wp-json\/wp\/v2\/tags?post=50"}],"curies":[{"name":"wp","href":"https:\/\/api.w.org\/{rel}","templated":true}]}}