{"id":263,"date":"2024-03-25T17:23:35","date_gmt":"2024-03-25T16:23:35","guid":{"rendered":"https:\/\/lozoi.home.pl\/autoinstalator\/wordpressplugins\/?page_id=263"},"modified":"2026-03-31T11:17:27","modified_gmt":"2026-03-31T09:17:27","slug":"deklaracja-dostepnosci-liceum-ogolnoksztalcacego-z-oddzialami-integracyjnymi-w-szczecinie","status":"publish","type":"page","link":"https:\/\/lozoi.szczecin.pl\/autoinstalator\/wordpressplugins\/index.php\/deklaracja-dostepnosci-liceum-ogolnoksztalcacego-z-oddzialami-integracyjnymi-w-szczecinie\/","title":{"rendered":"Deklaracja dost\u0119pno\u015bci Liceum Og\u00f3lnokszta\u0142c\u0105cego z Oddzia\u0142ami Integracyjnymi w Szczecinie"},"content":{"rendered":"\t\t<div data-elementor-type=\"wp-page\" data-elementor-id=\"263\" class=\"elementor elementor-263\">\n\t\t\t\t<div class=\"elementor-element elementor-element-4a53b4c1 e-flex e-con-boxed e-con e-parent\" data-id=\"4a53b4c1\" data-element_type=\"container\" data-e-type=\"container\">\n\t\t\t\t\t<div class=\"e-con-inner\">\n\t\t\t\t<div class=\"elementor-element elementor-element-42fea100 elementor-widget elementor-widget-text-editor\" data-id=\"42fea100\" data-element_type=\"widget\" data-e-type=\"widget\" data-widget_type=\"text-editor.default\">\n\t\t\t\t\t\t\t\t\t<h2 id=\"a11y-deklaracja\">Deklaracja dost\u0119pno\u015bci<\/h2><section id=\"a11y-wstep\"><p><span id=\"a11y-podmiot\">Liceum Og\u00f3lnokszta\u0142c\u0105ce z Oddzia\u0142ami Integracyjnymi w Szczecinie<\/span>\u00a0zobowi\u0105zuje si\u0119 zapewni\u0107 dost\u0119pno\u015b\u0107 swojej\u00a0<span id=\"a11y-zakres\">strony internetowej<\/span>\u00a0zgodnie z ustaw\u0105 z dnia 4 kwietnia 2019 r. o dost\u0119pno\u015bci cyfrowej stron internetowych i aplikacji mobilnych podmiot\u00f3w publicznych.<\/p><p>Deklaracja dost\u0119pno\u015bci dotyczy strony\u00a0<a id=\"a11y-url\" title=\"Link do strony domowej\" href=\"https:\/\/www.lozoi.szczecin.pl\/n\/\">Liceum Og\u00f3lnokszta\u0142c\u0105cego z Oddzia\u0142ami Integracyjnymi w Szczecinie<\/a>.<\/p><\/section><ul><li>Data publikacji strony internetowej:\u00a0<time id=\"a11y-data-publikacja\" datetime=\"2015-08-15\">15 sierpnia 2015 r.<\/time><\/li><li>Data ostatniej istotnej aktualizacji:\u00a0<time id=\"a11y-data-aktualizacja\" datetime=\"2021-03-02\">29 sierpnia 2025 r.<\/time><\/li><\/ul><h2>Stan dost\u0119pno\u015bci cyfrowej<\/h2><p id=\"a11y-status\">Ta strona internetowa jest cz\u0119\u015bciowo zgodna z za\u0142\u0105cznikiem do ustawy o dost\u0119pno\u015bci cyfrowej z dnia 4 kwietnia 2019 r. o dost\u0119pno\u015bci cyfrowej stron internetowych i aplikacji mobilnych podmiot\u00f3w publicznych z powodu niezgodno\u015bci lub wy\u0142\u0105cze\u0144 wymienionych poni\u017cej.<\/p><h2>Niedost\u0119pne tre\u015bci<\/h2><h3>Niezgodno\u015b\u0107 z za\u0142\u0105cznikiem<\/h3><ul id=\"a11y-niezgodnosc-z-zalacznikiem\"><li>Cz\u0119\u015b\u0107 plik\u00f3w PDF to skany dokument\u00f3w, jak zarz\u0105dzenia, regulaminy, og\u0142oszenia, sprawozdania finansowe<\/li><li>Cz\u0119\u015b\u0107 plik\u00f3w .DOC, .XLS, .PDF nie posiada struktury opartej o nag\u0142\u00f3wki<\/li><\/ul><h3>Tre\u015bci nieobj\u0119te przepisami<\/h3><p id=\"a11y-tresci-nieobjete-przepisami\">Cz\u0119\u015b\u0107 plik\u00f3w zosta\u0142a opublikowana przed wej\u015bciem w \u017cycie ustawy o dost\u0119pno\u015bci cyfrowej. Odno\u015bniki do serwis\u00f3w zewn\u0119trznych otwieraj\u0105 si\u0119 w nowych oknach. Odno\u015bniki do stron wewn\u0119trznych otwieraj\u0105 si\u0119 w tym samym oknie.\u00a0<span style=\"font-size: 1rem;\">Interaktywna mapa lokalizacji jest wy\u0142\u0105czona z obowi\u0105zku dost\u0119pno\u015bci cyfrowej.<\/span><\/p><h2>Przygotowanie deklaracji dost\u0119pno\u015bci<\/h2><h3>Przygotowanie deklaracji dost\u0119pno\u015bci i jej aktualizacja<\/h3><ul><li>Data sporz\u0105dzenia deklaracji:\u00a0<time id=\"a11y-data-sporzadzenie\" datetime=\"2021-03-27\">27 marca 2021 r.<\/time><\/li><li>Data ostatniego przegl\u0105du deklaracji:\u00a0<time id=\"a11y-data-przeglad\" datetime=\"2025-03-21\">27 marca 2026 r.<\/time><\/li><\/ul><p>Deklaracj\u0119 sporz\u0105dzono na podstawie samooceny.<\/p><h2>Udogodnienia, ograniczenia i inne informacje<\/h2><ul id=\"a11y-skroty-klawiaturowe\"><li>Na naszej stronie internetowej wdro\u017cono wid\u017cet dost\u0119pno\u015bci UserWay, kt\u00f3ry wspiera spe\u0142nianie wymaga\u0144 WCAG 2.1 na poziomie AA. Narz\u0119dzie to umo\u017cliwia m.in. zmian\u0119 kontrastu, powi\u0119kszenie tekstu, nawigacj\u0119 klawiatur\u0105 oraz inne funkcje u\u0142atwiaj\u0105ce korzystanie ze strony osobom z niepe\u0142nosprawno\u015bciami. Ikona wid\u017cetu znajduje si\u0119 w prawym g\u00f3rnym rogu strony.<\/li><li>Wszystkie zdj\u0119cia i grafiki posiadaj\u0105 opis alternatywny.<\/li><\/ul><h2>Informacje zwrotne i dane kontaktowe<\/h2><p>Za rozpatrywanie uwag i wniosk\u00f3w odpowiada:<\/p><ul><li>Irena Koperkiewicz<\/li><li><span id=\"a11y-kontakt\">E-mail:\u00a0<\/span><a id=\"a11y-email\" href=\"mailto:lozoi@miasto.szczecin.pl\">lozoi@miasto.szczecin.pl<\/a><\/li><li>Telefon:\u00a0<a id=\"a11y-telefon\" href=\"tel:914237723\">914237723<\/a><\/li><\/ul><p>Ka\u017cdy ma prawo wyst\u0105pi\u0107 z \u017c\u0105daniem zapewnienia dost\u0119pno\u015bci cyfrowej tej strony internetowej lub jej element\u00f3w.<\/p><p>Zg\u0142aszaj\u0105c takie \u017c\u0105danie, podaj:<\/p><ul><li>swoje imi\u0119 i nazwisko,<\/li><li>swoje dane kontaktowe (np. numer telefonu, e-mail),<\/li><li>dok\u0142adny adres strony internetowej, na kt\u00f3rej jest niedost\u0119pny cyfrowo element lub tre\u015b\u0107,<\/li><li>opis na czym polega problem i jaki spos\u00f3b jego rozwi\u0105zania by\u0142by dla Ciebie najwygodniejszy.<\/li><\/ul><p>Na Twoje zg\u0142oszenie odpowiemy najszybciej jak to mo\u017cliwe, nie p\u00f3\u017aniej ni\u017c w ci\u0105gu 7 dni od jego otrzymania.<\/p><p>Je\u017celi ten termin b\u0119dzie dla nas zbyt kr\u00f3tki, poinformujemy Ci\u0119 o tym. W tej informacji podamy nowy termin, do kt\u00f3rego poprawimy zg\u0142oszone przez Ciebie b\u0142\u0119dy lub przygotujemy informacje w alternatywny spos\u00f3b. Ten nowy termin nie b\u0119dzie d\u0142u\u017cszy ni\u017c 2 miesi\u0105ce.<\/p><p>Je\u017celi nie b\u0119dziemy w stanie zapewni\u0107 dost\u0119pno\u015bci cyfrowej strony internetowej lub tre\u015bci, wskazanej w Twoim \u017c\u0105daniu, zaproponujemy Ci dost\u0119p do nich w alternatywny spos\u00f3b.<\/p><section id=\"a11y-procedura\"><h3>Obs\u0142uga wniosk\u00f3w i skarg zwi\u0105zanych z dost\u0119pno\u015bci\u0105<\/h3><p>Je\u017celi w odpowiedzi na Tw\u00f3j wniosek o zapewnienie dost\u0119pno\u015bci cyfrowej, odm\u00f3wimy zapewnienia \u017c\u0105danej przez Ciebie dost\u0119pno\u015bci cyfrowej, a Ty nie zgadzasz si\u0119 z t\u0105 odmow\u0105, masz prawo z\u0142o\u017cy\u0107 skarg\u0119.<\/p><p>Skarg\u0119 masz prawo z\u0142o\u017cy\u0107 tak\u017ce, je\u015bli nie zgadzasz si\u0119 na skorzystanie z alternatywnego sposobu dost\u0119pu, kt\u00f3ry zaproponowali\u015bmy Ci w odpowiedzi na Tw\u00f3j wniosek o zapewnienie dost\u0119pno\u015bci cyfrowej.<\/p><p>Ewentualn\u0105 skarg\u0119 mo\u017cesz z\u0142o\u017cy\u0107 do organu nadzoruj\u0105cego poczt\u0105 lub drog\u0105 elektroniczn\u0105 na adres:<\/p><ul><li>Organ nadzoruj\u0105cy: Dyrektor Liceum Og\u00f3lnokszta\u0142c\u0105cego z Oddzia\u0142ami Integracyjnymi<\/li><li>Adres: al Wojska Polskiego 119, 70-490 Szczecin<\/li><li>E-mail:\u00a0<a id=\"a11y-email\" href=\"mailto:dyrektor@lozoi.szczecin.pl\">dyrektor@lozoi.szczecin.pl<\/a><\/li><li>Telefon:\u00a0<a id=\"a11y-telefon\" href=\"tel:914237720\">914237720<\/a><\/li><\/ul><p><a href=\"https:\/\/www.gov.pl\/web\/gov\/zloz-wniosek-o-zapewnienie-dostepnosci-cyfrowej-strony-internetowej-lub-aplikacji-mobilnej\">Pomocne mog\u0105 by\u0107 informacje, kt\u00f3re mo\u017cna znale\u017a\u0107 na rz\u0105dowym portalu gov.pl<\/a>.<\/p><p>Mo\u017cesz tak\u017ce poinformowa\u0107 o tej sytuacji\u00a0<a href=\"https:\/\/bip.brpo.gov.pl\/\">Rzecznika Praw Obywatelskich<\/a>\u00a0i poprosi\u0107 o interwencj\u0119 w Twojej sprawie.<\/p><\/section><h2>Pozosta\u0142e informacje<\/h2><section id=\"a11y-architektura\"><h3>Dost\u0119pno\u015b\u0107 architektoniczna<\/h3><h4>Liceum Og\u00f3lnokszta\u0142c\u0105ce z Oddzia\u0142ami Integracyjnymi, al. Wojska Polskiego 119, 70-490 Szczecin<\/h4><p>Budynek szko\u0142y jest cz\u0119\u015bciowo dostosowany do potrzeb os\u00f3b z r\u00f3\u017cnymi rodzajami niepe\u0142nosprawno\u015bci:<\/p><ul><li>Przy szkole wyznaczono dwa miejsca parkingowe od strony boiska szkolnego dla os\u00f3b z niepe\u0142nosprawno\u015bciami.<\/li><li>W budynku znajduje si\u0119 d\u017awig osobowy hydrauliczny GLF MR 630 kursuj\u0105cy od parteru do drugiego pi\u0119tra umo\u017cliwiaj\u0105c jednocze\u015bnie dotarcie do pomieszcze\u0144 znajduj\u0105cych si\u0119 w przyziemiu budynku szko\u0142y. Wej\u015bcie do windy znajduje si\u0119 od strony ul. Heleny Kurcyuszowej.<\/li><li>Dla os\u00f3b na w\u00f3zkach dost\u0119pne s\u0105 wszystkie kondygnacje budynku. S\u0105 zamontowane dwie platformy schodowe do transportu os\u00f3b niepe\u0142nosprawnych. Jedna platforma na klatce schodowej to zjazd os\u00f3b poruszaj\u0105cych si\u0119 na w\u00f3zkach do piwnicy-sal zaj\u0119ciowych na tym poziomie, w tym salki korekcyjno-rehabilitacyjnej. Druga platforma schodowa zamontowana jest do wjazdu na parter os\u00f3b niepe\u0142nosprawnych. Platformy wymagaj\u0105 obs\u0142ugi przez pracownika szko\u0142y. Zamontowany jest r\u00f3wnie\u017c podest najazdowy przed wej\u015bciem g\u0142\u00f3wnym do budynku dla os\u00f3b niepe\u0142nosprawnych.<\/li><li>Na korytarzach nie ma prog\u00f3w, na \u015bcianach szerokich schod\u00f3w znajduj\u0105 si\u0119 por\u0119cze.<\/li><li>Schody, zar\u00f3wno pierwszy i ostatni stopie\u0144 oznaczone s\u0105 kontrastowymi, w kolorze \u017c\u00f3\u0142tym nak\u0142adkami.<\/li><li>Na parterze znajduje si\u0119 jedna toaleta przystosowana do os\u00f3b niepe\u0142nosprawnych (nie dla w\u00f3zk\u00f3w elektrycznych).<\/li><li>Plac\u00f3wka posiada 3 krzes\u0142a ewakuacyjne, kt\u00f3re s\u0105 zamontowane w szafkach na parterze, I pi\u0119trze, II pi\u0119trze.<\/li><li>Do szko\u0142y mo\u017ce wej\u015b\u0107 osoba z psem przewodnikiem.<\/li><\/ul><\/section><section id=\"a11y-komunikacja\"><h3>Dost\u0119pno\u015b\u0107 komunikacyjno-informacyjna<\/h3><p>Opis dost\u0119pno\u015bci komunikacyjnej:<\/p><ul><li>D\u017awig osobowy posiada oznaczenia w alfabecie brajla, podczas jazdy s\u0142ycha\u0107 komunikaty g\u0142osowe informuj\u0105ce, na kt\u00f3rym pi\u0119trze si\u0119 obecnie znajduje oraz o momencie zamykania i otwierania si\u0119 drzwi.<\/li><li>Szko\u0142a posiada jedn\u0105 przeno\u015bn\u0105 p\u0119tl\u0119 indukcyjn\u0105.<\/li><li>W budynku wszystkie pomieszczenia oraz plany ewakuacyjne opisane s\u0105 alfabetem brajla.\u00a0<\/li><li>Osoby do\u015bwiadczaj\u0105ce trwale lub okresowo trudno\u015bci w komunikowaniu si\u0119 mog\u0105 kontaktowa\u0107 si\u0119 ze szko\u0142\u0105 za po\u015brednictwem poczty elektronicznej:\u00a0<a id=\"a11y-email\" href=\"mailto:lozoi@miasto.szczecin.pl\">lozoi@miasto.szczecin.pl<\/a><\/li><li>W szkole jest mo\u017cliwo\u015b\u0107 skorzystania z t\u0142umacza j\u0119zyka migowego po wcze\u015bniejszym poinformowaniu szko\u0142y o takiej potrzebie.<\/li><li>Na terenie szko\u0142y nie funkcjonuj\u0105 tradycyjne g\u0142o\u015bne dzwonki na przerwy i na lekcje.<\/li><li>W szkole funkcjonuje system powiadamiania g\u0142osowego.<\/li><\/ul><\/section><p><!-- \/wp:paragraph --><\/p>\t\t\t\t\t\t\t\t<\/div>\n\t\t\t\t\t<\/div>\n\t\t\t\t<\/div>\n\t\t\t\t<\/div>\n\t\t","protected":false},"excerpt":{"rendered":"<p>Deklaracja dost\u0119pno\u015bci Liceum Og\u00f3lnokszta\u0142c\u0105ce z Oddzia\u0142ami Integracyjnymi w Szczecinie\u00a0zobowi\u0105zuje si\u0119 zapewni\u0107 dost\u0119pno\u015b\u0107 swojej\u00a0strony internetowej\u00a0zgodnie z ustaw\u0105 z dnia 4 kwietnia 2019 r. o dost\u0119pno\u015bci cyfrowej stron internetowych i aplikacji mobilnych podmiot\u00f3w publicznych. Deklaracja dost\u0119pno\u015bci dotyczy strony\u00a0Liceum Og\u00f3lnokszta\u0142c\u0105cego z Oddzia\u0142ami Integracyjnymi w Szczecinie. Data publikacji strony internetowej:\u00a015 sierpnia 2015 r. Data ostatniej istotnej aktualizacji:\u00a029 sierpnia 2025 [&hellip;]<\/p>\n","protected":false},"author":1,"featured_media":0,"parent":0,"menu_order":0,"comment_status":"closed","ping_status":"closed","template":"","meta":{"footnotes":""},"categories":[],"tags":[],"class_list":["post-263","page","type-page","status-publish","hentry"],"_links":{"self":[{"href":"https:\/\/lozoi.szczecin.pl\/autoinstalator\/wordpressplugins\/index.php\/wp-json\/wp\/v2\/pages\/263","targetHints":{"allow":["GET"]}}],"collection":[{"href":"https:\/\/lozoi.szczecin.pl\/autoinstalator\/wordpressplugins\/index.php\/wp-json\/wp\/v2\/pages"}],"about":[{"href":"https:\/\/lozoi.szczecin.pl\/autoinstalator\/wordpressplugins\/index.php\/wp-json\/wp\/v2\/types\/page"}],"author":[{"embeddable":true,"href":"https:\/\/lozoi.szczecin.pl\/autoinstalator\/wordpressplugins\/index.php\/wp-json\/wp\/v2\/users\/1"}],"replies":[{"embeddable":true,"href":"https:\/\/lozoi.szczecin.pl\/autoinstalator\/wordpressplugins\/index.php\/wp-json\/wp\/v2\/comments?post=263"}],"version-history":[{"count":23,"href":"https:\/\/lozoi.szczecin.pl\/autoinstalator\/wordpressplugins\/index.php\/wp-json\/wp\/v2\/pages\/263\/revisions"}],"predecessor-version":[{"id":2105,"href":"https:\/\/lozoi.szczecin.pl\/autoinstalator\/wordpressplugins\/index.php\/wp-json\/wp\/v2\/pages\/263\/revisions\/2105"}],"wp:attachment":[{"href":"https:\/\/lozoi.szczecin.pl\/autoinstalator\/wordpressplugins\/index.php\/wp-json\/wp\/v2\/media?parent=263"}],"wp:term":[{"taxonomy":"category","embeddable":true,"href":"https:\/\/lozoi.szczecin.pl\/autoinstalator\/wordpressplugins\/index.php\/wp-json\/wp\/v2\/categories?post=263"},{"taxonomy":"post_tag","embeddable":true,"href":"https:\/\/lozoi.szczecin.pl\/autoinstalator\/wordpressplugins\/index.php\/wp-json\/wp\/v2\/tags?post=263"}],"curies":[{"name":"wp","href":"https:\/\/api.w.org\/{rel}","templated":true}]}}