{"id":1590,"date":"2025-10-27T13:41:01","date_gmt":"2025-10-27T12:41:01","guid":{"rendered":"https:\/\/lozoi.szczecin.pl\/autoinstalator\/wordpressplugins\/?page_id=1590"},"modified":"2026-03-03T10:14:51","modified_gmt":"2026-03-03T09:14:51","slug":"polecajka","status":"publish","type":"page","link":"https:\/\/lozoi.szczecin.pl\/autoinstalator\/wordpressplugins\/index.php\/polecajka\/","title":{"rendered":"Czytelnicze &#8222;Polecajki&#8221;"},"content":{"rendered":"\t\t<div data-elementor-type=\"wp-page\" data-elementor-id=\"1590\" class=\"elementor elementor-1590\">\n\t\t\t\t<div class=\"elementor-element elementor-element-1831191 e-flex e-con-boxed e-con e-parent\" data-id=\"1831191\" data-element_type=\"container\" data-e-type=\"container\">\n\t\t\t\t\t<div class=\"e-con-inner\">\n\t\t\t\t<div class=\"elementor-element elementor-element-6ed25a9 elementor-widget elementor-widget-text-editor\" data-id=\"6ed25a9\" data-element_type=\"widget\" data-e-type=\"widget\" data-widget_type=\"text-editor.default\">\n\t\t\t\t\t\t\t\t\t<hr \/><h4 style=\"text-align: center;\"><strong><span style=\"color: #333399;\">Czytamy ksi\u0105\u017cki w j\u0119zyku angielskim<\/span><\/strong><\/h4><p>Ksi\u0105\u017cka <strong>\u201eEat That Frog!\u201d<\/strong> autorstwa Briana Tracy\u2019ego to idealna propozycja dla os\u00f3b, kt\u00f3re maj\u0105 problem z odk\u0142adaniem obowi\u0105zk\u00f3w na ostatni\u0105 chwil\u0119 oraz z brakiem determinacji w realizacji swoich zada\u0144. Publikacja bardzo mi pomog\u0142a \u2014 u\u015bwiadomi\u0142a mi, \u017ce kluczem do sukcesu jest odpowiednie planowanie i konsekwentne dzia\u0142anie. Wystarczy dobrze zorganizowa\u0107 swoje obowi\u0105zki, aby osi\u0105gn\u0105\u0107 zamierzone cele.<\/p><p>Pod koniec ksi\u0105\u017cki autor wspomina r\u00f3wnie\u017c o innych swoich publikacjach, kt\u00f3re mog\u0105 pom\u00f3c czytelnikom w r\u00f3\u017cnych obszarach \u017cycia, a tak\u017ce dzieli si\u0119 do\u015bwiadczeniem jako profesjonalny m\u00f3wca motywacyjny.<\/p><p>Ksi\u0105\u017cka bardzo mi si\u0119 spodoba\u0142a i zamierzam stosowa\u0107 zawarte w niej porady. Wed\u0142ug autora dzi\u0119ki nim mo\u017cna sta\u0107 si\u0119 najlepsz\u0105 wersj\u0105 siebie, a nawet osi\u0105gn\u0105\u0107 sukces finansowy. Kto by pomy\u015bla\u0142, \u017ce mo\u017ce to by\u0107 a\u017c tak proste? Polecam t\u0119 ksi\u0105\u017ck\u0119 wszystkim, kt\u00f3rzy chc\u0105 przesta\u0107 marnowa\u0107 czas i zacz\u0105\u0107 dzia\u0142a\u0107 skuteczniej.<\/p><p style=\"text-align: right;\">Aleksandra Kowalska kl. 2c\u00a0<\/p><p style=\"text-align: left;\"><strong>&#8222;To kill a mockingbird&#8221; (\u201eZabi\u0107 drozda&#8221;) Harper Lee<\/strong><\/p><p>Ksi\u0105\u017cka opowiada o spo\u0142eczno\u015bci ma\u0142ego miasteczka w Alabamie lat 30. XX wieku\u00a0 widzianej z perspektywy 8-letniej dziewczynki. Scout jest bohaterk\u0105, kt\u00f3rej wr\u0119cz nie da si\u0119 nie lubi\u0107, jest \u015bmia\u0142a i przebojowa a przy tym zabawna i wra\u017cliwa. Sp\u0119dza czas na zabawach ze swoim starszym bratem Jemem, a opiekuje si\u0119 nimi ich wyrozumia\u0142y i dobry ojciec Atticus.<\/p><p>Akcja rozgrywa si\u0119 na przestrzeni kilku lat, podczas kt\u00f3rych obserwujemy dorastanie bohater\u00f3w, towarzyszymy im w kszta\u0142tuj\u0105cych chwilach i wa\u017cnych momentach, kiedy stopniowo ucz\u0105 si\u0119 \u017cycia spo\u0142ecznego i tego, \u017ce niekt\u00f3rzy ludzie z powodu urodzenia, maj\u0105tku lub koloru sk\u00f3ry mog\u0105 mie\u0107 r\u00f3\u017cne problemy b\u0105d\u017a przywileje.<\/p><p>Poruszone zostaj\u0105 w niej wa\u017cne i aktualne tematy, takie jak tolerancja, rasizm czy moralno\u015b\u0107, widziane oczami dziecka a wi\u0119c oczami niewinnymi i nie\u015bwiadomymi, pozbawionymi uprzedze\u0144, nie znaj\u0105cymi schemat\u00f3w. Sk\u0142ania to czytelnika do refleksji i spojrzenia na \u015bwiat ponad swoimi przekonaniami.<\/p><p>W ksi\u0105\u017cce naprawd\u0119 du\u017co si\u0119 dzieje i nie ma momentu nudy. Ka\u017cdy z wielu bohater\u00f3w pobocznych jest przedstawiony jako wielowymiarowa posta\u0107, kt\u00f3rej nie da si\u0119 pozna\u0107 za pierwszym razem. Podczas czytania towarzyszy\u0142o mi du\u017co emocji i mimo \u017ce powie\u015b\u0107 jest bardzo ciep\u0142a i pokrzepiaj\u0105ca, jest w niej te\u017c du\u017co smutku.<\/p><p>Moje oczekiwania co do tej ksi\u0105\u017cki by\u0142y wysokie i z rado\u015bci\u0105 mog\u0119 stwierdzi\u0107, \u017ce si\u0119 nie zawiod\u0142am. Cz\u0119sto mo\u017cna spotka\u0107 ten tytu\u0142 w zestawieniach typu &#8222;100 najlepszych ksi\u0105\u017cek wszech czas\u00f3w&#8221; i absolutnie mog\u0119 si\u0119 z tym zgodzi\u0107. Uwa\u017cam \u017ce jest to lektura dobra dla ka\u017cdego i szczerze mog\u0119 j\u0105 poleci\u0107.<\/p><p style=\"text-align: right;\">Martyna Florczak kl. 3e<\/p><p>Ksi\u0105\u017cka pod tytu\u0142em <strong>&#8222;Otoczeni przez psychopat\u00f3w. Jak rozpracowa\u0107 tych, kt\u00f3rzy tob\u0105 manipuluj\u0105&#8221;<\/strong> (Surrounded by psychopaths ,or how to stop being exploited by others) Thomasa Eriksona jest bardzo ciekaw\u0105 pozycj\u0105. Autor wyja\u015bnia nam, jakie taktyki manipulacji wykorzystuj\u0105 psychopaci jak i inni ludzie oraz uczy nas, w jaki spos\u00f3b mamy si\u0119 broni\u0107 i jak nie da\u0107 si\u0119 wykorzystywa\u0107. Poprzez ukazanie typ\u00f3w osobowo\u015bci za pomoc\u0105 kolor\u00f3w pozwala szczeg\u00f3\u0142owo ukaza\u0107, w jaki spos\u00f3b mo\u017cemy si\u0119 broni\u0107. Wed\u0142ug mnie, ksi\u0105\u017cka jest warta uwagi ze wzgl\u0119du na poruszan\u0105 tematyk\u0119, wiele mo\u017cemy si\u0119 z niej nauczy\u0107.<\/p><p>\u00a0Mo\u017ce by\u0107 bardzo inspiruj\u0105ca dla os\u00f3b, kt\u00f3re niedu\u017co czytaj\u0105 ksi\u0105\u017cek, poniewa\u017c zosta\u0142a napisana przyst\u0119pnym j\u0119zykiem, ponadto warto te\u017c \u0107wiczy\u0107 czytanie w j\u0119zyku angielskim.<\/p><p style=\"text-align: right;\">Rafa\u0142 Sobczak kl. 3e<\/p>\t\t\t\t\t\t\t\t<\/div>\n\t\t\t\t<div class=\"elementor-element elementor-element-768a6bd elementor-widget elementor-widget-text-editor\" data-id=\"768a6bd\" data-element_type=\"widget\" data-e-type=\"widget\" data-widget_type=\"text-editor.default\">\n\t\t\t\t\t\t\t\t\t<hr \/><h4 style=\"text-align: center;\"><span style=\"color: #000080;\"><strong>\u015awi\u0105teczne polecajki czytelnicze od Nadii Sad\u0142o\u0144 z kl. 3f<\/strong><\/span><\/h4><p>Okres \u015bwi\u0105t to idealny czas, by zwolni\u0107, zanurzy\u0107 si\u0119 w ciep\u0142ym kocu i da\u0107 si\u0119 porwa\u0107 dobrej literaturze. Je\u015bli szukasz lektur, kt\u00f3re pozwol\u0105 oderwa\u0107 si\u0119 od codzienno\u015bci i przenie\u015b\u0107 do niezwyk\u0142ych \u015bwiat\u00f3w, te trzy propozycje sprawdz\u0105 si\u0119 doskonale \u2013 niezale\u017cnie od tego, czy masz ochot\u0119 na mrok, przygod\u0119 czy klasyk\u0119 sprzed tysi\u0105cleci.<\/p><p><strong>\u201eCarmilla\u201d \u2013 Sheridan Le Fanu<\/strong><br \/>Obok \u201eDraculi\u201d Brama Stokera jest to jedna z najwa\u017cniejszych i najwcze\u015bniejszych gotyckich opowie\u015bci o wampirach, kt\u00f3ra na sta\u0142e ukszta\u0142towa\u0142a ten motyw w literaturze. \u201eCarmilla\u201d to nastrojowa, pe\u0142na tajemnicy historia relacji dw\u00f3ch m\u0142odych kobiet, z kt\u00f3rych jedna skrywa mroczny sekret \u2013 jest wampirem. Le Fanu mistrzowsko buduje atmosfer\u0119 niepokoju i niedopowiedze\u0144, poruszaj\u0105c przy tym tematy zakazanej blisko\u015bci, l\u0119ku i fascynacji nieznanym. To kr\u00f3tka, ale intensywna lektura, idealna na zimowe wieczory przy \u015bwiecach.<\/p><p><strong>Seria \u201ePercy Jackson i bogowie olimpijscy\u201d \u2013 Rick Riordan<\/strong><br \/>Pi\u0119ciotomowa seria opowiada o Percym Jacksonie, zwyczajnym nastolatku, kt\u00f3ry odkrywa, \u017ce jest synem jednego z greckich bog\u00f3w. Od tego momentu jego \u017cycie zamienia si\u0119 w pasmo niebezpiecznych, ale i pe\u0142nych humoru przyg\u00f3d. Ksi\u0105\u017cki Riordana w przyst\u0119pny i lekki spos\u00f3b wprowadzaj\u0105 czytelnika w \u015bwiat mitologii greckiej, \u0142\u0105cz\u0105c j\u0105 ze wsp\u00f3\u0142czesno\u015bci\u0105. To doskona\u0142a propozycja na \u015bwi\u0119ta \u2013 wci\u0105gaj\u0105ca, dynamiczna i pe\u0142na ciep\u0142a, idealna zar\u00f3wno dla m\u0142odszych, jak i starszych czytelnik\u00f3w.<\/p><p><strong>\u201eEpos o Gilgameszu\u201d<\/strong><br \/>Jedno z najstarszych znanych dzie\u0142 literackich w historii ludzko\u015bci, spisane ponad cztery tysi\u0105ce lat temu w staro\u017cytnej Mezopotamii. \u201eEpos o Gilgameszu\u201d opowiada o losach legendarnego w\u0142adcy miasta Uruk (cz\u0119sto mylnie zapisywanego jako Anug), kt\u00f3ry wyrusza w podr\u00f3\u017c w poszukiwaniu nie\u015bmiertelno\u015bci. To opowie\u015b\u0107 o przyja\u017ani, stracie, l\u0119ku przed \u015bmierci\u0105 i pr\u00f3bie zrozumienia sensu ludzkiego \u017cycia. Cho\u0107 powsta\u0142a tysi\u0105ce lat temu, wci\u0105\u017c porusza uniwersalne tematy, kt\u00f3re szczeg\u00f3lnie mocno wybrzmiewaj\u0105 w refleksyjnym, \u015bwi\u0105tecznym czasie.<\/p><p>Niezale\u017cnie od tego, na kt\u00f3r\u0105 z tych ksi\u0105\u017cek si\u0119 zdecydujesz, ka\u017cda z nich mo\u017ce sta\u0107 si\u0119 wyj\u0105tkowym towarzyszem zimowych wieczor\u00f3w i chwil\u0105 wytchnienia w \u015bwi\u0105tecznym zamieszaniu.<\/p>\t\t\t\t\t\t\t\t<\/div>\n\t\t\t\t<div class=\"elementor-element elementor-element-9f2072f elementor-widget elementor-widget-text-editor\" data-id=\"9f2072f\" data-element_type=\"widget\" data-e-type=\"widget\" data-widget_type=\"text-editor.default\">\n\t\t\t\t\t\t\t\t\t<hr \/><h4 style=\"text-align: center;\"><span style=\"color: #333399;\"><strong>Marek Stelar i jego tw\u00f3rczo\u015b\u0107<\/strong><\/span><\/h4><p>Marek Stelar, a w\u0142a\u015bciwie Maciej Biernawski \u2013 kim jest poza tym, \u017ce by\u0142 pa\u017adziernikowym go\u015bciem w naszej szkole?<\/p><p>Przede wszystkim jest wybitnym tw\u00f3rc\u0105 literatury kryminalnej i thriller\u00f3w psychologicznych. Wsp\u00f3\u0142czesna powie\u015b\u0107 sensacyjna to jego \u017cywio\u0142, przestrze\u0144,\u00a0 \u00a0 \u00a0 \u00a0 \u00a0 \u00a0\u00a0<span style=\"font-size: 1rem;\">w kt\u00f3rej s\u0142owo staje si\u0119 narz\u0119dziem napi\u0119cia, niepokoju i refleksji.<\/span><\/p><p>Akcja jego opowie\u015bci rozgrywa si\u0119 g\u0142\u00f3wnie w Szczecinie i jego okolicach. Dzi\u0119ki temu my, mieszka\u0144cy tego miasta lub jego przedmie\u015b\u0107, mo\u017cemy poczu\u0107, jak fikcja przenika rzeczywisto\u015b\u0107, a znajome ulice staj\u0105 si\u0119 scen\u0105 dla ludzkich dramat\u00f3w, tajemnic i mrocznych sekret\u00f3w. A nawet je\u015bli nie potrafimy od razu zobaczy\u0107 w wyobra\u017ani opisanych miejsc \u2013 nie ma to znaczenia. Styl Stelara ma w sobie t\u0119 niezwyk\u0142\u0105 moc, \u017ce pozwala poczu\u0107 ka\u017cd\u0105 emocj\u0119, jakby by\u0142a cz\u0119\u015bci\u0105 nas samych.<\/p><p>Autor zwyk\u0142 tworzy\u0107 cykle powie\u015bciowe, cho\u0107 w jego dorobku znajdziemy tak\u017ce samodzielne, jednotomowe pere\u0142ki. Wszystkie jednak \u0142\u0105czy wsp\u00f3lny w\u0105tek \u2013 g\u0142\u0119boka refleksja nad natur\u0105 cz\u0142owieka, moralno\u015bci\u0105 i cienk\u0105 granic\u0105 mi\u0119dzy dobrem a z\u0142em.<\/p><p>W\u015br\u00f3d licznych osi\u0105gni\u0119\u0107 pisarza znajduj\u0105 si\u0119 r\u00f3wnie\u017c nagrody literackie, do najwa\u017cniejszych nale\u017c\u0105: <a href=\"https:\/\/www.google.com\/search?cs=0&amp;sca_esv=6fa41a436cb3ef38&amp;q=Nagroda+Wielkiego+Kalibru+2023&amp;sa=X&amp;ved=2ahUKEwjGpfiqzryQAxUsAtsEHXkzL3sQxccNegQIBhAB&amp;mstk=AUtExfB-thWqqSooazfA-OUkH0Sg0RwThx0Jsu0oZx5k5FY38Dn6Soi2Fr61MxR0okTmbxPPP5Wk4kAjJTCmx6Hdk44EsB5vvUysOnjaNvIqskEOjKHuweq6vBkbRn57vT-pd9c&amp;csui=3\">Nagroda Wielkiego Kalibru przyznana w 2023<\/a>\u00a0r. za powie\u015b\u0107 &#8222;Krzywda&#8221; oraz <a href=\"https:\/\/www.google.com\/search?cs=0&amp;sca_esv=6fa41a436cb3ef38&amp;q=Nagroda+Czytelnik%C3%B3w+2024&amp;sa=X&amp;ved=2ahUKEwjGpfiqzryQAxUsAtsEHXkzL3sQxccNegQICxAB&amp;mstk=AUtExfB-thWqqSooazfA-OUkH0Sg0RwThx0Jsu0oZx5k5FY38Dn6Soi2Fr61MxR0okTmbxPPP5Wk4kAjJTCmx6Hdk44EsB5vvUysOnjaNvIqskEOjKHuweq6vBkbRn57vT-pd9c&amp;csui=3\">Nagroda Czytelnik\u00f3w <\/a>\u00a0na Mi\u0119dzynarodowym Festiwalu Krymina\u0142u w 2024 r.\u00a0 za ksi\u0105\u017ck\u0119 &#8222;Milczenie&#8221;.<\/p><p>Tw\u00f3rczo\u015b\u0107 Stelara bywa okre\u015blana mianem \u201efilmowej\u201d. To trafne okre\u015blenie \u2013 jego ksi\u0105\u017cki pulsuj\u0105 napi\u0119ciem, maj\u0105 wyraziste kadry, <br \/>a przy tym tchn\u0105 g\u0142\u0119bi\u0105 psychologiczn\u0105. Czytaj\u0105c je, \u0142atwo zapomnie\u0107, \u017ce to tylko s\u0142owa \u2013 bo obrazy, kt\u00f3re tworzy, s\u0105 \u017cywe, pe\u0142ne emocji i niepokoj\u0105co realne.<\/p><p>Przyznam szczerze \u2013 przez d\u0142ugi czas nie przepada\u0142am za ksi\u0105\u017ckami. Czytanie nie by\u0142o moj\u0105 pasj\u0105. Pewnego dnia jednak, zupe\u0142nie przypadkiem, trafi\u0142am\u00a0 \u00a0 \u00a0 \u00a0 \u00a0 do biblioteki. Przegl\u0105daj\u0105c p\u00f3\u0142ki, m\u00f3j wzrok zatrzyma\u0142 si\u0119 na ksi\u0105\u017cce Stelara \u2013 <em>Wybrana<\/em>. To nie ok\u0142adka, lecz tytu\u0142 przyci\u0105gn\u0105\u0142 moj\u0105 uwag\u0119. Si\u0119gn\u0119\u0142am po ni\u0105\u00a0 \u00a0 \u00a0 \u00a0z ciekawo\u015bci\u0105 i\u2026 przepad\u0142am. Jako mi\u0142o\u015bniczka psychologicznego wymiaru ludzkich historii by\u0142am zachwycona. Potem przyszed\u0142 czas na <em>Przegran\u0105<\/em>, <br \/>a nast\u0119pnie kolejne tomy i opowiadania.<\/p><p>Zrozumia\u0142am wtedy, \u017ce ksi\u0105\u017cki naprawd\u0119 nie powinno si\u0119 ocenia\u0107 po ok\u0142adce. Cho\u0107 ta nie przyci\u0105gn\u0119\u0142a mnie w pierwszej chwili, jej wn\u0119trze okaza\u0142o si\u0119 prawdziwym skarbem \u2013 pe\u0142nym emocji, napi\u0119cia i prawdy o cz\u0142owieku.<\/p><p>Tw\u00f3rczo\u015b\u0107 Marka Stelara otworzy\u0142a mi g\u0142ow\u0119 i serce na literatur\u0119, staj\u0105c si\u0119 pocz\u0105tkiem mojej w\u0142asnej czytelniczej drogi. Dzi\u0119ki niemu si\u0119gn\u0119\u0142am po innych autor\u00f3w \u2013 Remigiusza Mroza, Grahama Mastertona i wielu innych \u2013 lecz to w\u0142a\u015bnie Stelar by\u0142 tym, kt\u00f3ry zaprosi\u0142 mnie do \u015bwiata ksi\u0105\u017cek.<\/p><p>Nie pozostaje wi\u0119c nic innego, jak by\u0107 wdzi\u0119czn\u0105 \u2013 i poleca\u0107 jego tw\u00f3rczo\u015b\u0107 dalej, by inni mogli do\u015bwiadczy\u0107 tego samego zachwytu, jaki sta\u0142 si\u0119 moim udzia\u0142em.<\/p><p style=\"text-align: right;\">Natalia Ostrowska kl. 4a<\/p><hr \/>\t\t\t\t\t\t\t\t<\/div>\n\t\t\t\t\t<\/div>\n\t\t\t\t<\/div>\n\t\t\t\t<\/div>\n\t\t","protected":false},"excerpt":{"rendered":"<p>Czytamy ksi\u0105\u017cki w j\u0119zyku angielskim Ksi\u0105\u017cka \u201eEat That Frog!\u201d autorstwa Briana Tracy\u2019ego to idealna propozycja dla os\u00f3b, kt\u00f3re maj\u0105 problem z odk\u0142adaniem obowi\u0105zk\u00f3w na ostatni\u0105 chwil\u0119 oraz z brakiem determinacji w realizacji swoich zada\u0144. Publikacja bardzo mi pomog\u0142a \u2014 u\u015bwiadomi\u0142a mi, \u017ce kluczem do sukcesu jest odpowiednie planowanie i konsekwentne dzia\u0142anie. Wystarczy dobrze zorganizowa\u0107 swoje [&hellip;]<\/p>\n","protected":false},"author":2,"featured_media":0,"parent":0,"menu_order":0,"comment_status":"closed","ping_status":"closed","template":"","meta":{"footnotes":""},"categories":[],"tags":[],"class_list":["post-1590","page","type-page","status-publish","hentry"],"_links":{"self":[{"href":"https:\/\/lozoi.szczecin.pl\/autoinstalator\/wordpressplugins\/index.php\/wp-json\/wp\/v2\/pages\/1590","targetHints":{"allow":["GET"]}}],"collection":[{"href":"https:\/\/lozoi.szczecin.pl\/autoinstalator\/wordpressplugins\/index.php\/wp-json\/wp\/v2\/pages"}],"about":[{"href":"https:\/\/lozoi.szczecin.pl\/autoinstalator\/wordpressplugins\/index.php\/wp-json\/wp\/v2\/types\/page"}],"author":[{"embeddable":true,"href":"https:\/\/lozoi.szczecin.pl\/autoinstalator\/wordpressplugins\/index.php\/wp-json\/wp\/v2\/users\/2"}],"replies":[{"embeddable":true,"href":"https:\/\/lozoi.szczecin.pl\/autoinstalator\/wordpressplugins\/index.php\/wp-json\/wp\/v2\/comments?post=1590"}],"version-history":[{"count":56,"href":"https:\/\/lozoi.szczecin.pl\/autoinstalator\/wordpressplugins\/index.php\/wp-json\/wp\/v2\/pages\/1590\/revisions"}],"predecessor-version":[{"id":2060,"href":"https:\/\/lozoi.szczecin.pl\/autoinstalator\/wordpressplugins\/index.php\/wp-json\/wp\/v2\/pages\/1590\/revisions\/2060"}],"wp:attachment":[{"href":"https:\/\/lozoi.szczecin.pl\/autoinstalator\/wordpressplugins\/index.php\/wp-json\/wp\/v2\/media?parent=1590"}],"wp:term":[{"taxonomy":"category","embeddable":true,"href":"https:\/\/lozoi.szczecin.pl\/autoinstalator\/wordpressplugins\/index.php\/wp-json\/wp\/v2\/categories?post=1590"},{"taxonomy":"post_tag","embeddable":true,"href":"https:\/\/lozoi.szczecin.pl\/autoinstalator\/wordpressplugins\/index.php\/wp-json\/wp\/v2\/tags?post=1590"}],"curies":[{"name":"wp","href":"https:\/\/api.w.org\/{rel}","templated":true}]}}