{"id":1303,"date":"2025-07-04T15:02:29","date_gmt":"2025-07-04T13:02:29","guid":{"rendered":"https:\/\/lozoi.szczecin.pl\/autoinstalator\/wordpressplugins\/?page_id=1303"},"modified":"2026-02-19T08:53:20","modified_gmt":"2026-02-19T07:53:20","slug":"matura-2025","status":"publish","type":"page","link":"https:\/\/lozoi.szczecin.pl\/autoinstalator\/wordpressplugins\/index.php\/matura-2025\/","title":{"rendered":"Matura 2025"},"content":{"rendered":"\t\t<div data-elementor-type=\"wp-page\" data-elementor-id=\"1303\" class=\"elementor elementor-1303\">\n\t\t\t\t<div class=\"elementor-element elementor-element-d67b1d8 e-flex e-con-boxed e-con e-parent\" data-id=\"d67b1d8\" data-element_type=\"container\" data-e-type=\"container\">\n\t\t\t\t\t<div class=\"e-con-inner\">\n\t\t\t\t<div class=\"elementor-element elementor-element-5f954e5 elementor-widget elementor-widget-text-editor\" data-id=\"5f954e5\" data-element_type=\"widget\" data-e-type=\"widget\" data-widget_type=\"text-editor.default\">\n\t\t\t\t\t\t\t\t\t<p>Informujemy, \u017ce \u015bwiadectwa maturalne mo\u017cna odbiera\u0107 w szkole od wtorku <span style=\"color: #0000ff;\"><strong>8 lipca 2025 r.<\/strong><\/span> od godziny <strong><span style=\"color: #0000ff;\">11.00<span style=\"color: #000000;\">.<\/span><\/span><\/strong><\/p><ul><li style=\"list-style-type: none;\"><ul><li><a href=\"https:\/\/lozoi.szczecin.pl\/autoinstalator\/wordpressplugins\/wp-content\/uploads\/2025\/07\/egzamin-poprawkowy.pdf\">Egzamin poprawkowy<\/a><\/li><li><a href=\"https:\/\/lozoi.szczecin.pl\/autoinstalator\/wordpressplugins\/wp-content\/uploads\/2025\/07\/zalacznik-nr-7.pdf\">O\u015bwiadczenie o zamiarze przyst\u0105pienia do egzaminu maturalnego z danego przedmiotu w terminie poprawkowym<\/a> (do odczytu)<\/li><li><a href=\"https:\/\/lozoi.szczecin.pl\/autoinstalator\/wordpressplugins\/wp-content\/uploads\/2025\/07\/zalacznik-nr-7.docx\">O\u015bwiadczenie o zamiarze przyst\u0105pienia do egzaminu maturalnego z danego przedmiotu w terminie poprawkowym<\/a> (do edycji)<\/li><\/ul><\/li><\/ul>\t\t\t\t\t\t\t\t<\/div>\n\t\t\t\t\t<\/div>\n\t\t\t\t<\/div>\n\t\t\t\t<\/div>\n\t\t","protected":false},"excerpt":{"rendered":"<p>Informujemy, \u017ce \u015bwiadectwa maturalne mo\u017cna odbiera\u0107 w szkole od wtorku 8 lipca 2025 r. od godziny 11.00. Egzamin poprawkowy O\u015bwiadczenie o zamiarze przyst\u0105pienia do egzaminu maturalnego z danego przedmiotu w terminie poprawkowym (do odczytu) O\u015bwiadczenie o zamiarze przyst\u0105pienia do egzaminu maturalnego z danego przedmiotu w terminie poprawkowym (do edycji)<\/p>\n","protected":false},"author":2,"featured_media":0,"parent":0,"menu_order":0,"comment_status":"closed","ping_status":"closed","template":"","meta":{"footnotes":""},"categories":[],"tags":[],"class_list":["post-1303","page","type-page","status-publish","hentry"],"_links":{"self":[{"href":"https:\/\/lozoi.szczecin.pl\/autoinstalator\/wordpressplugins\/index.php\/wp-json\/wp\/v2\/pages\/1303","targetHints":{"allow":["GET"]}}],"collection":[{"href":"https:\/\/lozoi.szczecin.pl\/autoinstalator\/wordpressplugins\/index.php\/wp-json\/wp\/v2\/pages"}],"about":[{"href":"https:\/\/lozoi.szczecin.pl\/autoinstalator\/wordpressplugins\/index.php\/wp-json\/wp\/v2\/types\/page"}],"author":[{"embeddable":true,"href":"https:\/\/lozoi.szczecin.pl\/autoinstalator\/wordpressplugins\/index.php\/wp-json\/wp\/v2\/users\/2"}],"replies":[{"embeddable":true,"href":"https:\/\/lozoi.szczecin.pl\/autoinstalator\/wordpressplugins\/index.php\/wp-json\/wp\/v2\/comments?post=1303"}],"version-history":[{"count":9,"href":"https:\/\/lozoi.szczecin.pl\/autoinstalator\/wordpressplugins\/index.php\/wp-json\/wp\/v2\/pages\/1303\/revisions"}],"predecessor-version":[{"id":1731,"href":"https:\/\/lozoi.szczecin.pl\/autoinstalator\/wordpressplugins\/index.php\/wp-json\/wp\/v2\/pages\/1303\/revisions\/1731"}],"wp:attachment":[{"href":"https:\/\/lozoi.szczecin.pl\/autoinstalator\/wordpressplugins\/index.php\/wp-json\/wp\/v2\/media?parent=1303"}],"wp:term":[{"taxonomy":"category","embeddable":true,"href":"https:\/\/lozoi.szczecin.pl\/autoinstalator\/wordpressplugins\/index.php\/wp-json\/wp\/v2\/categories?post=1303"},{"taxonomy":"post_tag","embeddable":true,"href":"https:\/\/lozoi.szczecin.pl\/autoinstalator\/wordpressplugins\/index.php\/wp-json\/wp\/v2\/tags?post=1303"}],"curies":[{"name":"wp","href":"https:\/\/api.w.org\/{rel}","templated":true}]}}