{"id":129,"date":"2024-03-21T14:10:45","date_gmt":"2024-03-21T13:10:45","guid":{"rendered":"https:\/\/lozoi.home.pl\/autoinstalator\/wordpressplugins\/?page_id=129"},"modified":"2026-03-03T09:22:23","modified_gmt":"2026-03-03T08:22:23","slug":"historia-szkoly","status":"publish","type":"page","link":"https:\/\/lozoi.szczecin.pl\/autoinstalator\/wordpressplugins\/index.php\/historia-szkoly\/","title":{"rendered":"Historia szko\u0142y"},"content":{"rendered":"\t\t<div data-elementor-type=\"wp-page\" data-elementor-id=\"129\" class=\"elementor elementor-129\">\n\t\t\t\t<div class=\"elementor-element elementor-element-69cf1529 e-flex e-con-boxed e-con e-parent\" data-id=\"69cf1529\" data-element_type=\"container\" data-e-type=\"container\">\n\t\t\t\t\t<div class=\"e-con-inner\">\n\t\t\t\t<div class=\"elementor-element elementor-element-64ef75bd elementor-widget elementor-widget-text-editor\" data-id=\"64ef75bd\" data-element_type=\"widget\" data-e-type=\"widget\" data-widget_type=\"text-editor.default\">\n\t\t\t\t\t\t\t\t\t<hr \/>\n<p><img fetchpriority=\"high\" decoding=\"async\" class=\"alignnone wp-image-1957\" src=\"https:\/\/lozoi.szczecin.pl\/autoinstalator\/wordpressplugins\/wp-content\/uploads\/2026\/02\/Plakat_30lat_dzisiaj_wczoraj-236x300.png\" alt=\"Plakat Liceum Og\u00f3lnokszta\u0142c\u0105cego z Oddzia\u0142ami Integracyjnymi w Szczecinie zatytu\u0142owany \u201eDzisiaj \u2013 Tak pi\u0119knie si\u0119 r\u00f3\u017cnimy\u201d. U g\u00f3ry znajduje si\u0119 logo szko\u0142y. W tle widoczny jest budynek liceum. Poni\u017cej umieszczono liczne fotografie w formie u\u0142o\u017conych polaroid\u00f3w, przedstawiaj\u0105ce r\u00f3\u017cnorodne dzia\u0142ania i wydarzenia szkolne: aktywno\u015bci uczni\u00f3w w salach, zaj\u0119cia integracyjne, zabawy ruchowe, wyst\u0119py, prace plastyczne, \u015bwi\u0119towanie w kolorowej dekoracji z balonami, zaj\u0119cia w przestrzeni szkolnej oraz spotkania grupowe. Na jednym z uj\u0119\u0107 wida\u0107 podpis \u201eZapraszamy do LOzOI \u2013 w\u0142\u0105czamy\u2026 r\u00f3\u017cnimy\u2026 kszta\u0142cimy\u201d. Ca\u0142o\u015b\u0107 podkre\u015bla wsp\u00f3\u0142czesn\u0105, otwart\u0105 i integracyjn\u0105 dzia\u0142alno\u015b\u0107 szko\u0142y.\" width=\"419\" height=\"533\" srcset=\"https:\/\/lozoi.szczecin.pl\/autoinstalator\/wordpressplugins\/wp-content\/uploads\/2026\/02\/Plakat_30lat_dzisiaj_wczoraj-236x300.png 236w, https:\/\/lozoi.szczecin.pl\/autoinstalator\/wordpressplugins\/wp-content\/uploads\/2026\/02\/Plakat_30lat_dzisiaj_wczoraj-804x1024.png 804w, https:\/\/lozoi.szczecin.pl\/autoinstalator\/wordpressplugins\/wp-content\/uploads\/2026\/02\/Plakat_30lat_dzisiaj_wczoraj-768x978.png 768w, https:\/\/lozoi.szczecin.pl\/autoinstalator\/wordpressplugins\/wp-content\/uploads\/2026\/02\/Plakat_30lat_dzisiaj_wczoraj-1207x1536.png 1207w, https:\/\/lozoi.szczecin.pl\/autoinstalator\/wordpressplugins\/wp-content\/uploads\/2026\/02\/Plakat_30lat_dzisiaj_wczoraj.png 1571w\" sizes=\"(max-width: 419px) 100vw, 419px\" \/>\u00a0 \u00a0 \u00a0 \u00a0 \u00a0 \u00a0 \u00a0 \u00a0 <img decoding=\"async\" class=\"alignnone wp-image-1926\" src=\"https:\/\/lozoi.szczecin.pl\/autoinstalator\/wordpressplugins\/wp-content\/uploads\/2026\/02\/Wczoraj_30latintegr-2-236x300.png\" alt=\"Plakat informacyjny Liceum Og\u00f3lnokszta\u0142c\u0105cego z Oddzia\u0142ami Integracyjnymi w Szczecinie z okazji 30\u2011lecia szko\u0142y. W centralnej cz\u0119\u015bci widnieje tytu\u0142 \u201eWczoraj \u2013 Dyrektorzy XVII LO i LOzOI\u201d, a poni\u017cej przedstawiono cztery osoby opisane imieniem, nazwiskiem i latami pe\u0142nienia funkcji dyrektora: Zofia Drzeska (1994\u20131999), Ludwika Baranowska (1999\u20132018), Rados\u0142aw Kluczy\u0144ski (2018\u20132019) oraz Artur W\u0142och (od 2019). Pod tytu\u0142em napis \u201eTak zaczynali\u015bmy\u201d. W dolnej cz\u0119\u015bci znajduj\u0105 si\u0119 skany dokument\u00f3w i zdj\u0119cia archiwalne przedstawiaj\u0105ce pocz\u0105tki szko\u0142y, a obok umieszczono list\u0119 opisuj\u0105c\u0105 dzia\u0142ania, osi\u0105gni\u0119cia i kierunki rozwoju plac\u00f3wki, takie jak integracja, dzia\u0142alno\u015b\u0107 wolontariatu, projekty edukacyjne, klasy integracyjne oraz inicjatywy spo\u0142eczno\u2011kulturalne. W g\u00f3rnym rogu widnieje logo jubileuszu 30\u2011lecia.\" width=\"419\" height=\"533\" srcset=\"https:\/\/lozoi.szczecin.pl\/autoinstalator\/wordpressplugins\/wp-content\/uploads\/2026\/02\/Wczoraj_30latintegr-2-236x300.png 236w, https:\/\/lozoi.szczecin.pl\/autoinstalator\/wordpressplugins\/wp-content\/uploads\/2026\/02\/Wczoraj_30latintegr-2-804x1024.png 804w, https:\/\/lozoi.szczecin.pl\/autoinstalator\/wordpressplugins\/wp-content\/uploads\/2026\/02\/Wczoraj_30latintegr-2-768x978.png 768w, https:\/\/lozoi.szczecin.pl\/autoinstalator\/wordpressplugins\/wp-content\/uploads\/2026\/02\/Wczoraj_30latintegr-2-1207x1536.png 1207w, https:\/\/lozoi.szczecin.pl\/autoinstalator\/wordpressplugins\/wp-content\/uploads\/2026\/02\/Wczoraj_30latintegr-2.png 1571w\" sizes=\"(max-width: 419px) 100vw, 419px\" \/><\/p>\n<hr \/>\n<p style=\"font-weight: 400;\">11 kwietnia 2025 r.\u00a0 zako\u0144czyli\u015bmy obchody <strong>30lecia integracji w Szczecinie<\/strong>, kt\u00f3re zorganizowane zosta\u0142y przez wszystkie szczeci\u0144skie plac\u00f3wki integracyjne. W Fabryce Wody odby\u0142a si\u0119 konferencja, w czasie kt\u00f3rej wys\u0142uchali\u015bmy trzech dyskusji panelowych dotycz\u0105cych integracji i edukacji w\u0142\u0105czaj\u0105cej. Na uroczysto\u015bci byli obecni wszyscy czterej Dyrektorzy naszego LO: p. Zofia Brzeska, kt\u00f3ra rozpoczyna\u0142a dzia\u0142alno\u015b\u0107 integracji w naszym LO (w\u00f3wczas LO XVII) w 1994 r., by\u0142a z nami p. Ludwika Baranowska, kt\u00f3ra za swoj\u0105 blisko 20letni\u0105 prac\u0119 otrzyma\u0142a statuetk\u0119 za zas\u0142ugi dla budowania integracji, by\u0142 p. Rados\u0142aw Kluczy\u0144ski, kt\u00f3ry podj\u0105\u0142 si\u0119 pokierowania Lozojem w sytuacji, gdy by\u0142o trudno, by\u0142 oczywi\u015bcie obecny Dyrektor LOzOI p. Artur W\u0142och. By\u0142o nam niezmiernie mi\u0142o, \u017ce zaproszenie na uroczysto\u015b\u0107 przyj\u0119\u0142y p. Ma\u0142gorzata Przybysz (pedagog) i p. Beata Rychlicka (psycholog) \u2013 mo\u017ce trudno w to uwierzy\u0107, ale to one we dwie, przez wiele lat wspiera\u0142y uczni\u00f3w z niepe\u0142nosprawno\u015bciami.<\/p>\n<p style=\"font-weight: 400;\">W przerwach wszystkie szko\u0142y i przedszkola prezentowa\u0142y si\u0119 artystycznie. Nasz LozojArt, pod kierownictwem p. Magdaleny Kozubek \u2013 Mikulak, wzruszy\u0142 zgromadzonych swoim wyst\u0119pem.<\/p>\n<p style=\"font-weight: 400;\">W trakcie wydarzenia dzielnie wspomagali organizator\u00f3w: Wiktoria Wolny z kl. 3b i Julian Siewi\u0144ski z kl. 3d.<\/p>\n<p><img decoding=\"async\" class=\"alignnone size-medium wp-image-2032\" src=\"https:\/\/lozoi.szczecin.pl\/autoinstalator\/wordpressplugins\/wp-content\/uploads\/2026\/03\/30lecie_1-300x200.jpg\" alt=\"Grupa os\u00f3b stoi w sali wystawowej przy du\u017cym plakacie zatytu\u0142owanym \u201eWczoraj\u201d, a w tle znajduj\u0105 si\u0119 dodatkowe plansze prezentacyjne na sztalugach.\" width=\"300\" height=\"200\" srcset=\"https:\/\/lozoi.szczecin.pl\/autoinstalator\/wordpressplugins\/wp-content\/uploads\/2026\/03\/30lecie_1-300x200.jpg 300w, https:\/\/lozoi.szczecin.pl\/autoinstalator\/wordpressplugins\/wp-content\/uploads\/2026\/03\/30lecie_1-1024x683.jpg 1024w, https:\/\/lozoi.szczecin.pl\/autoinstalator\/wordpressplugins\/wp-content\/uploads\/2026\/03\/30lecie_1-768x512.jpg 768w, https:\/\/lozoi.szczecin.pl\/autoinstalator\/wordpressplugins\/wp-content\/uploads\/2026\/03\/30lecie_1-1536x1024.jpg 1536w, https:\/\/lozoi.szczecin.pl\/autoinstalator\/wordpressplugins\/wp-content\/uploads\/2026\/03\/30lecie_1.jpg 2048w\" sizes=\"(max-width: 300px) 100vw, 300px\" \/><img loading=\"lazy\" decoding=\"async\" class=\"alignnone size-medium wp-image-2033\" src=\"https:\/\/lozoi.szczecin.pl\/autoinstalator\/wordpressplugins\/wp-content\/uploads\/2026\/03\/30lecie_2-300x200.jpg\" alt=\"Grupa os\u00f3b stoi razem na tle jasnego ekranu w sali wydarzeniowej, ustawiona w jednym rz\u0119dzie przed dekoracj\u0105 z bia\u0142ych kwiat\u00f3w. Jedna z os\u00f3b trzyma statuetk\u0119 lub nagrod\u0119.\" width=\"300\" height=\"200\" srcset=\"https:\/\/lozoi.szczecin.pl\/autoinstalator\/wordpressplugins\/wp-content\/uploads\/2026\/03\/30lecie_2-300x200.jpg 300w, https:\/\/lozoi.szczecin.pl\/autoinstalator\/wordpressplugins\/wp-content\/uploads\/2026\/03\/30lecie_2-1024x683.jpg 1024w, https:\/\/lozoi.szczecin.pl\/autoinstalator\/wordpressplugins\/wp-content\/uploads\/2026\/03\/30lecie_2-768x512.jpg 768w, https:\/\/lozoi.szczecin.pl\/autoinstalator\/wordpressplugins\/wp-content\/uploads\/2026\/03\/30lecie_2-1536x1024.jpg 1536w, https:\/\/lozoi.szczecin.pl\/autoinstalator\/wordpressplugins\/wp-content\/uploads\/2026\/03\/30lecie_2.jpg 2048w\" sizes=\"(max-width: 300px) 100vw, 300px\" \/><img loading=\"lazy\" decoding=\"async\" class=\"alignnone size-medium wp-image-2034\" src=\"https:\/\/lozoi.szczecin.pl\/autoinstalator\/wordpressplugins\/wp-content\/uploads\/2026\/03\/30lecie_3-300x200.jpg\" alt=\"Grupa os\u00f3b ubranych na czarno wykonuje scen\u0119 teatraln\u0105 lub ruchow\u0105, stoj\u0105c w parach i trzymaj\u0105c si\u0119 za r\u0119ce w jasnym pomieszczeniu wydarzeniowym. W tle wida\u0107 ekran z kolorow\u0105 grafik\u0105 oraz g\u0142o\u015bnik.\" width=\"300\" height=\"200\" srcset=\"https:\/\/lozoi.szczecin.pl\/autoinstalator\/wordpressplugins\/wp-content\/uploads\/2026\/03\/30lecie_3-300x200.jpg 300w, https:\/\/lozoi.szczecin.pl\/autoinstalator\/wordpressplugins\/wp-content\/uploads\/2026\/03\/30lecie_3-1024x683.jpg 1024w, https:\/\/lozoi.szczecin.pl\/autoinstalator\/wordpressplugins\/wp-content\/uploads\/2026\/03\/30lecie_3-768x512.jpg 768w, https:\/\/lozoi.szczecin.pl\/autoinstalator\/wordpressplugins\/wp-content\/uploads\/2026\/03\/30lecie_3-1536x1024.jpg 1536w, https:\/\/lozoi.szczecin.pl\/autoinstalator\/wordpressplugins\/wp-content\/uploads\/2026\/03\/30lecie_3.jpg 2048w\" sizes=\"(max-width: 300px) 100vw, 300px\" \/><img loading=\"lazy\" decoding=\"async\" class=\"alignnone size-medium wp-image-2035\" src=\"https:\/\/lozoi.szczecin.pl\/autoinstalator\/wordpressplugins\/wp-content\/uploads\/2026\/03\/30lecie_4-200x300.jpg\" alt=\"Osoba stoi na scenie i unosi w g\u00f3r\u0119 statuetk\u0119 w kszta\u0142cie serca, ubrana w jasny, fakturowany top. Na pierwszym planie znajduj\u0105 si\u0119 bia\u0142e kwiaty, a w tle wida\u0107 jasne o\u015bwietlenie sceny.\" width=\"200\" height=\"300\" srcset=\"https:\/\/lozoi.szczecin.pl\/autoinstalator\/wordpressplugins\/wp-content\/uploads\/2026\/03\/30lecie_4-200x300.jpg 200w, https:\/\/lozoi.szczecin.pl\/autoinstalator\/wordpressplugins\/wp-content\/uploads\/2026\/03\/30lecie_4-683x1024.jpg 683w, https:\/\/lozoi.szczecin.pl\/autoinstalator\/wordpressplugins\/wp-content\/uploads\/2026\/03\/30lecie_4-768x1152.jpg 768w, https:\/\/lozoi.szczecin.pl\/autoinstalator\/wordpressplugins\/wp-content\/uploads\/2026\/03\/30lecie_4-1024x1536.jpg 1024w, https:\/\/lozoi.szczecin.pl\/autoinstalator\/wordpressplugins\/wp-content\/uploads\/2026\/03\/30lecie_4.jpg 1365w\" sizes=\"(max-width: 200px) 100vw, 200px\" \/><\/p>\n<hr \/>\n<p>Przed wojn\u0105 mie\u015bci\u0142a si\u0119 tu restauracja \u201cEckerberger Molkerei\u201d lub \u201cZur Molkerei\u201d. Dawna ulica Falkenwalderstra\u00dfe to dzisiejsza ulica Wojska Polskiego.<\/p>\n\n<p>Posiad\u0142o\u015b\u0107 nale\u017ca\u0142a wg ksi\u0105g adresowych w 1930 roku do Hermanna Voigta. Prawdopodobnie do 1917 roku mie\u015bci\u0142a si\u0119 tu mleczarnia, kt\u00f3ra zapisa\u0142a si\u0119 ciekawie w historii miasta, dostarczaj\u0105c mleko ubogim i niemowl\u0119tom, co znacznie obni\u017cy\u0142o ich \u015bmiertelno\u015b\u0107 w dzielnicy\u00a0 Westend (\u0141\u0119kno). Taka informacja widnieje w policyjnym rozporz\u0105dzeniu z 1903 roku. Do 1941 roku w budynku mie\u015bci\u0142a si\u0119 restauracja.<\/p>\n\n<p>Przedwojenne zdj\u0119cia z miejsca, gdzie dzisiaj stoi budynek LOzOI.<\/p>\n\n<figure class=\"wp-block-gallery has-nested-images columns-2 is-cropped wp-block-gallery-2 is-layout-flex wp-block-gallery-is-layout-flex\">\n<figure data-wp-context=\"{&quot;imageId&quot;:&quot;69f0cc8cadfca&quot;}\" data-wp-interactive=\"core\/image\" data-wp-key=\"69f0cc8cadfca\" class=\"wp-block-image size-large wp-lightbox-container\"><img loading=\"lazy\" decoding=\"async\" width=\"1024\" height=\"575\" data-wp-class--hide=\"state.isContentHidden\" data-wp-class--show=\"state.isContentVisible\" data-wp-init=\"callbacks.setButtonStyles\" data-wp-on--click=\"actions.showLightbox\" data-wp-on--load=\"callbacks.setButtonStyles\" data-wp-on-window--resize=\"callbacks.setButtonStyles\" data-id=\"136\" class=\"wp-image-136\" src=\"https:\/\/lozoi.home.pl\/autoinstalator\/wordpressplugins\/wp-content\/uploads\/2024\/03\/dawne2-1024x575.jpg\" alt=\"Przedwojenne zdj\u0119cie z miejsca, gdzie dzisiaj stoi budynek LOzOI.\" srcset=\"https:\/\/lozoi.szczecin.pl\/autoinstalator\/wordpressplugins\/wp-content\/uploads\/2024\/03\/dawne2-1024x575.jpg 1024w, https:\/\/lozoi.szczecin.pl\/autoinstalator\/wordpressplugins\/wp-content\/uploads\/2024\/03\/dawne2-300x168.jpg 300w, https:\/\/lozoi.szczecin.pl\/autoinstalator\/wordpressplugins\/wp-content\/uploads\/2024\/03\/dawne2-768x431.jpg 768w, https:\/\/lozoi.szczecin.pl\/autoinstalator\/wordpressplugins\/wp-content\/uploads\/2024\/03\/dawne2-1536x862.jpg 1536w, https:\/\/lozoi.szczecin.pl\/autoinstalator\/wordpressplugins\/wp-content\/uploads\/2024\/03\/dawne2.jpg 1778w\" sizes=\"(max-width: 1024px) 100vw, 1024px\" \/><button\n\t\t\tclass=\"lightbox-trigger\"\n\t\t\ttype=\"button\"\n\t\t\taria-haspopup=\"dialog\"\n\t\t\taria-label=\"Powi\u0119ksz\"\n\t\t\tdata-wp-init=\"callbacks.initTriggerButton\"\n\t\t\tdata-wp-on--click=\"actions.showLightbox\"\n\t\t\tdata-wp-style--right=\"state.imageButtonRight\"\n\t\t\tdata-wp-style--top=\"state.imageButtonTop\"\n\t\t>\n\t\t\t<svg xmlns=\"http:\/\/www.w3.org\/2000\/svg\" width=\"12\" height=\"12\" fill=\"none\" viewBox=\"0 0 12 12\">\n\t\t\t\t<path fill=\"#fff\" d=\"M2 0a2 2 0 0 0-2 2v2h1.5V2a.5.5 0 0 1 .5-.5h2V0H2Zm2 10.5H2a.5.5 0 0 1-.5-.5V8H0v2a2 2 0 0 0 2 2h2v-1.5ZM8 12v-1.5h2a.5.5 0 0 0 .5-.5V8H12v2a2 2 0 0 1-2 2H8Zm2-12a2 2 0 0 1 2 2v2h-1.5V2a.5.5 0 0 0-.5-.5H8V0h2Z\" \/>\n\t\t\t<\/svg>\n\t\t<\/button><\/figure>\n\n<figure data-wp-context=\"{&quot;imageId&quot;:&quot;69f0cc8cae164&quot;}\" data-wp-interactive=\"core\/image\" data-wp-key=\"69f0cc8cae164\" class=\"wp-block-image size-large wp-lightbox-container\"><img loading=\"lazy\" decoding=\"async\" width=\"1024\" height=\"735\" data-wp-class--hide=\"state.isContentHidden\" data-wp-class--show=\"state.isContentVisible\" data-wp-init=\"callbacks.setButtonStyles\" data-wp-on--click=\"actions.showLightbox\" data-wp-on--load=\"callbacks.setButtonStyles\" data-wp-on-window--resize=\"callbacks.setButtonStyles\" data-id=\"135\" class=\"wp-image-135\" src=\"https:\/\/lozoi.home.pl\/autoinstalator\/wordpressplugins\/wp-content\/uploads\/2024\/03\/dawne1-1024x735.jpg\" alt=\"Przedwojenne zdj\u0119cie z miejsca, gdzie dzisiaj stoi budynek LOzOI.\" srcset=\"https:\/\/lozoi.szczecin.pl\/autoinstalator\/wordpressplugins\/wp-content\/uploads\/2024\/03\/dawne1-1024x735.jpg 1024w, https:\/\/lozoi.szczecin.pl\/autoinstalator\/wordpressplugins\/wp-content\/uploads\/2024\/03\/dawne1-300x215.jpg 300w, https:\/\/lozoi.szczecin.pl\/autoinstalator\/wordpressplugins\/wp-content\/uploads\/2024\/03\/dawne1-768x552.jpg 768w, https:\/\/lozoi.szczecin.pl\/autoinstalator\/wordpressplugins\/wp-content\/uploads\/2024\/03\/dawne1-1536x1103.jpg 1536w, https:\/\/lozoi.szczecin.pl\/autoinstalator\/wordpressplugins\/wp-content\/uploads\/2024\/03\/dawne1.jpg 1788w\" sizes=\"(max-width: 1024px) 100vw, 1024px\" \/><button\n\t\t\tclass=\"lightbox-trigger\"\n\t\t\ttype=\"button\"\n\t\t\taria-haspopup=\"dialog\"\n\t\t\taria-label=\"Powi\u0119ksz\"\n\t\t\tdata-wp-init=\"callbacks.initTriggerButton\"\n\t\t\tdata-wp-on--click=\"actions.showLightbox\"\n\t\t\tdata-wp-style--right=\"state.imageButtonRight\"\n\t\t\tdata-wp-style--top=\"state.imageButtonTop\"\n\t\t>\n\t\t\t<svg xmlns=\"http:\/\/www.w3.org\/2000\/svg\" width=\"12\" height=\"12\" fill=\"none\" viewBox=\"0 0 12 12\">\n\t\t\t\t<path fill=\"#fff\" d=\"M2 0a2 2 0 0 0-2 2v2h1.5V2a.5.5 0 0 1 .5-.5h2V0H2Zm2 10.5H2a.5.5 0 0 1-.5-.5V8H0v2a2 2 0 0 0 2 2h2v-1.5ZM8 12v-1.5h2a.5.5 0 0 0 .5-.5V8H12v2a2 2 0 0 1-2 2H8Zm2-12a2 2 0 0 1 2 2v2h-1.5V2a.5.5 0 0 0-.5-.5H8V0h2Z\" \/>\n\t\t\t<\/svg>\n\t\t<\/button><\/figure>\n\n<figure data-wp-context=\"{&quot;imageId&quot;:&quot;69f0cc8cae2e1&quot;}\" data-wp-interactive=\"core\/image\" data-wp-key=\"69f0cc8cae2e1\" class=\"wp-block-image size-large wp-lightbox-container\"><img loading=\"lazy\" decoding=\"async\" width=\"1024\" height=\"553\" data-wp-class--hide=\"state.isContentHidden\" data-wp-class--show=\"state.isContentVisible\" data-wp-init=\"callbacks.setButtonStyles\" data-wp-on--click=\"actions.showLightbox\" data-wp-on--load=\"callbacks.setButtonStyles\" data-wp-on-window--resize=\"callbacks.setButtonStyles\" data-id=\"137\" class=\"wp-image-137\" src=\"https:\/\/lozoi.home.pl\/autoinstalator\/wordpressplugins\/wp-content\/uploads\/2024\/03\/dawne3-1024x553.jpg\" alt=\"Przedwojenne zdj\u0119cie z miejsca, gdzie dzisiaj stoi budynek LOzOI.\" srcset=\"https:\/\/lozoi.szczecin.pl\/autoinstalator\/wordpressplugins\/wp-content\/uploads\/2024\/03\/dawne3-1024x553.jpg 1024w, https:\/\/lozoi.szczecin.pl\/autoinstalator\/wordpressplugins\/wp-content\/uploads\/2024\/03\/dawne3-300x162.jpg 300w, https:\/\/lozoi.szczecin.pl\/autoinstalator\/wordpressplugins\/wp-content\/uploads\/2024\/03\/dawne3-768x415.jpg 768w, https:\/\/lozoi.szczecin.pl\/autoinstalator\/wordpressplugins\/wp-content\/uploads\/2024\/03\/dawne3-1536x830.jpg 1536w, https:\/\/lozoi.szczecin.pl\/autoinstalator\/wordpressplugins\/wp-content\/uploads\/2024\/03\/dawne3.jpg 1792w\" sizes=\"(max-width: 1024px) 100vw, 1024px\" \/><button\n\t\t\tclass=\"lightbox-trigger\"\n\t\t\ttype=\"button\"\n\t\t\taria-haspopup=\"dialog\"\n\t\t\taria-label=\"Powi\u0119ksz\"\n\t\t\tdata-wp-init=\"callbacks.initTriggerButton\"\n\t\t\tdata-wp-on--click=\"actions.showLightbox\"\n\t\t\tdata-wp-style--right=\"state.imageButtonRight\"\n\t\t\tdata-wp-style--top=\"state.imageButtonTop\"\n\t\t>\n\t\t\t<svg xmlns=\"http:\/\/www.w3.org\/2000\/svg\" width=\"12\" height=\"12\" fill=\"none\" viewBox=\"0 0 12 12\">\n\t\t\t\t<path fill=\"#fff\" d=\"M2 0a2 2 0 0 0-2 2v2h1.5V2a.5.5 0 0 1 .5-.5h2V0H2Zm2 10.5H2a.5.5 0 0 1-.5-.5V8H0v2a2 2 0 0 0 2 2h2v-1.5ZM8 12v-1.5h2a.5.5 0 0 0 .5-.5V8H12v2a2 2 0 0 1-2 2H8Zm2-12a2 2 0 0 1 2 2v2h-1.5V2a.5.5 0 0 0-.5-.5H8V0h2Z\" \/>\n\t\t\t<\/svg>\n\t\t<\/button><\/figure>\n\n<figure data-wp-context=\"{&quot;imageId&quot;:&quot;69f0cc8cae42f&quot;}\" data-wp-interactive=\"core\/image\" data-wp-key=\"69f0cc8cae42f\" class=\"wp-block-image size-large wp-lightbox-container\"><img loading=\"lazy\" decoding=\"async\" width=\"1024\" height=\"573\" data-wp-class--hide=\"state.isContentHidden\" data-wp-class--show=\"state.isContentVisible\" data-wp-init=\"callbacks.setButtonStyles\" data-wp-on--click=\"actions.showLightbox\" data-wp-on--load=\"callbacks.setButtonStyles\" data-wp-on-window--resize=\"callbacks.setButtonStyles\" data-id=\"138\" class=\"wp-image-138\" src=\"https:\/\/lozoi.home.pl\/autoinstalator\/wordpressplugins\/wp-content\/uploads\/2024\/03\/dawne4-1024x573.jpg\" alt=\"Przedwojenne zdj\u0119cie z miejsca, gdzie dzisiaj stoi budynek LOzOI.\" srcset=\"https:\/\/lozoi.szczecin.pl\/autoinstalator\/wordpressplugins\/wp-content\/uploads\/2024\/03\/dawne4-1024x573.jpg 1024w, https:\/\/lozoi.szczecin.pl\/autoinstalator\/wordpressplugins\/wp-content\/uploads\/2024\/03\/dawne4-300x168.jpg 300w, https:\/\/lozoi.szczecin.pl\/autoinstalator\/wordpressplugins\/wp-content\/uploads\/2024\/03\/dawne4-768x430.jpg 768w, https:\/\/lozoi.szczecin.pl\/autoinstalator\/wordpressplugins\/wp-content\/uploads\/2024\/03\/dawne4-1536x859.jpg 1536w, https:\/\/lozoi.szczecin.pl\/autoinstalator\/wordpressplugins\/wp-content\/uploads\/2024\/03\/dawne4.jpg 1748w\" sizes=\"(max-width: 1024px) 100vw, 1024px\" \/><button\n\t\t\tclass=\"lightbox-trigger\"\n\t\t\ttype=\"button\"\n\t\t\taria-haspopup=\"dialog\"\n\t\t\taria-label=\"Powi\u0119ksz\"\n\t\t\tdata-wp-init=\"callbacks.initTriggerButton\"\n\t\t\tdata-wp-on--click=\"actions.showLightbox\"\n\t\t\tdata-wp-style--right=\"state.imageButtonRight\"\n\t\t\tdata-wp-style--top=\"state.imageButtonTop\"\n\t\t>\n\t\t\t<svg xmlns=\"http:\/\/www.w3.org\/2000\/svg\" width=\"12\" height=\"12\" fill=\"none\" viewBox=\"0 0 12 12\">\n\t\t\t\t<path fill=\"#fff\" d=\"M2 0a2 2 0 0 0-2 2v2h1.5V2a.5.5 0 0 1 .5-.5h2V0H2Zm2 10.5H2a.5.5 0 0 1-.5-.5V8H0v2a2 2 0 0 0 2 2h2v-1.5ZM8 12v-1.5h2a.5.5 0 0 0 .5-.5V8H12v2a2 2 0 0 1-2 2H8Zm2-12a2 2 0 0 1 2 2v2h-1.5V2a.5.5 0 0 0-.5-.5H8V0h2Z\" \/>\n\t\t\t<\/svg>\n\t\t<\/button><\/figure>\n<\/figure>\n<hr class=\"wp-block-separator has-alpha-channel-opacity\" \/>\n<p>W 1956 roku do u\u017cytku zosta\u0142 oddany budynek przy ulicy Wojska Polskiego 119. Sta\u0142 si\u0119 on siedzib\u0105 Szko\u0142y Podstawowej 43. Jej pierwszym dyrektorem by\u0142\u00a0 W\u0142adys\u0142aw Wadowski.<\/p>\n\n<p>W 1960 r. szko\u0142a otrzyma\u0142a imi\u0119 Adama Mickiewicza. Plac\u00f3wka zosta\u0142a zlikwidowana 31.08.1974 roku, a do budynku przeniesiono Liceum Pedagogiczne dla Wychowawczy\u0144 Przedszkoli.<\/p>\n\n<figure data-wp-context=\"{&quot;imageId&quot;:&quot;69f0cc8cae661&quot;}\" data-wp-interactive=\"core\/image\" data-wp-key=\"69f0cc8cae661\" class=\"wp-block-image size-medium is-resized wp-lightbox-container\"><img loading=\"lazy\" decoding=\"async\" width=\"300\" height=\"156\" data-wp-class--hide=\"state.isContentHidden\" data-wp-class--show=\"state.isContentVisible\" data-wp-init=\"callbacks.setButtonStyles\" data-wp-on--click=\"actions.showLightbox\" data-wp-on--load=\"callbacks.setButtonStyles\" data-wp-on-window--resize=\"callbacks.setButtonStyles\" class=\"wp-image-140\" style=\"aspect-ratio: 1.7777777777777777; object-fit: cover; width: 700px;\" src=\"https:\/\/lozoi.home.pl\/autoinstalator\/wordpressplugins\/wp-content\/uploads\/2024\/03\/po_wojnie-300x156.jpg\" alt=\"Zdj\u0119cie Liceum Pedagogicznego dla Wychowawczy\u0144 Przedszkoli\" srcset=\"https:\/\/lozoi.szczecin.pl\/autoinstalator\/wordpressplugins\/wp-content\/uploads\/2024\/03\/po_wojnie-300x156.jpg 300w, https:\/\/lozoi.szczecin.pl\/autoinstalator\/wordpressplugins\/wp-content\/uploads\/2024\/03\/po_wojnie-1024x532.jpg 1024w, https:\/\/lozoi.szczecin.pl\/autoinstalator\/wordpressplugins\/wp-content\/uploads\/2024\/03\/po_wojnie-768x399.jpg 768w, https:\/\/lozoi.szczecin.pl\/autoinstalator\/wordpressplugins\/wp-content\/uploads\/2024\/03\/po_wojnie-1536x798.jpg 1536w, https:\/\/lozoi.szczecin.pl\/autoinstalator\/wordpressplugins\/wp-content\/uploads\/2024\/03\/po_wojnie.jpg 1790w\" sizes=\"(max-width: 300px) 100vw, 300px\" \/><button\n\t\t\tclass=\"lightbox-trigger\"\n\t\t\ttype=\"button\"\n\t\t\taria-haspopup=\"dialog\"\n\t\t\taria-label=\"Powi\u0119ksz\"\n\t\t\tdata-wp-init=\"callbacks.initTriggerButton\"\n\t\t\tdata-wp-on--click=\"actions.showLightbox\"\n\t\t\tdata-wp-style--right=\"state.imageButtonRight\"\n\t\t\tdata-wp-style--top=\"state.imageButtonTop\"\n\t\t>\n\t\t\t<svg xmlns=\"http:\/\/www.w3.org\/2000\/svg\" width=\"12\" height=\"12\" fill=\"none\" viewBox=\"0 0 12 12\">\n\t\t\t\t<path fill=\"#fff\" d=\"M2 0a2 2 0 0 0-2 2v2h1.5V2a.5.5 0 0 1 .5-.5h2V0H2Zm2 10.5H2a.5.5 0 0 1-.5-.5V8H0v2a2 2 0 0 0 2 2h2v-1.5ZM8 12v-1.5h2a.5.5 0 0 0 .5-.5V8H12v2a2 2 0 0 1-2 2H8Zm2-12a2 2 0 0 1 2 2v2h-1.5V2a.5.5 0 0 0-.5-.5H8V0h2Z\" \/>\n\t\t\t<\/svg>\n\t\t<\/button><\/figure>\n<hr class=\"wp-block-separator has-alpha-channel-opacity\" \/>\n<p>W roku szkolnym 1977\/1978 zosta\u0142a ods\u0142oni\u0119ta tablica pami\u0105tkowa dr Henryka Jordana.<\/p>\n\n<figure data-wp-context=\"{&quot;imageId&quot;:&quot;69f0cc8cae7e0&quot;}\" data-wp-interactive=\"core\/image\" data-wp-key=\"69f0cc8cae7e0\" class=\"wp-block-image size-large is-resized wp-lightbox-container\"><img loading=\"lazy\" decoding=\"async\" width=\"700\" height=\"538\" data-wp-class--hide=\"state.isContentHidden\" data-wp-class--show=\"state.isContentVisible\" data-wp-init=\"callbacks.setButtonStyles\" data-wp-on--click=\"actions.showLightbox\" data-wp-on--load=\"callbacks.setButtonStyles\" data-wp-on-window--resize=\"callbacks.setButtonStyles\" class=\"wp-image-139\" style=\"width: 700px;\" src=\"https:\/\/lozoi.home.pl\/autoinstalator\/wordpressplugins\/wp-content\/uploads\/2024\/03\/tablica-1024x787.jpg\" alt=\"Zdj\u0119cie z ods\u0142oni\u0119t\u0105 tablic\u0105 pami\u0105tkow\u0105 dr Henryka Jordana.\" srcset=\"https:\/\/lozoi.szczecin.pl\/autoinstalator\/wordpressplugins\/wp-content\/uploads\/2024\/03\/tablica-1024x787.jpg 1024w, https:\/\/lozoi.szczecin.pl\/autoinstalator\/wordpressplugins\/wp-content\/uploads\/2024\/03\/tablica-300x230.jpg 300w, https:\/\/lozoi.szczecin.pl\/autoinstalator\/wordpressplugins\/wp-content\/uploads\/2024\/03\/tablica-768x590.jpg 768w, https:\/\/lozoi.szczecin.pl\/autoinstalator\/wordpressplugins\/wp-content\/uploads\/2024\/03\/tablica-1536x1180.jpg 1536w, https:\/\/lozoi.szczecin.pl\/autoinstalator\/wordpressplugins\/wp-content\/uploads\/2024\/03\/tablica.jpg 1768w\" sizes=\"(max-width: 700px) 100vw, 700px\" \/><button\n\t\t\tclass=\"lightbox-trigger\"\n\t\t\ttype=\"button\"\n\t\t\taria-haspopup=\"dialog\"\n\t\t\taria-label=\"Powi\u0119ksz\"\n\t\t\tdata-wp-init=\"callbacks.initTriggerButton\"\n\t\t\tdata-wp-on--click=\"actions.showLightbox\"\n\t\t\tdata-wp-style--right=\"state.imageButtonRight\"\n\t\t\tdata-wp-style--top=\"state.imageButtonTop\"\n\t\t>\n\t\t\t<svg xmlns=\"http:\/\/www.w3.org\/2000\/svg\" width=\"12\" height=\"12\" fill=\"none\" viewBox=\"0 0 12 12\">\n\t\t\t\t<path fill=\"#fff\" d=\"M2 0a2 2 0 0 0-2 2v2h1.5V2a.5.5 0 0 1 .5-.5h2V0H2Zm2 10.5H2a.5.5 0 0 1-.5-.5V8H0v2a2 2 0 0 0 2 2h2v-1.5ZM8 12v-1.5h2a.5.5 0 0 0 .5-.5V8H12v2a2 2 0 0 1-2 2H8Zm2-12a2 2 0 0 1 2 2v2h-1.5V2a.5.5 0 0 0-.5-.5H8V0h2Z\" \/>\n\t\t\t<\/svg>\n\t\t<\/button>\n<figcaption class=\"wp-element-caption\">Ods\u0142oni\u0119cie tablicy<\/figcaption>\n<\/figure>\n<hr class=\"wp-block-separator has-alpha-channel-opacity\" \/>\n<p>Od 1976 r. dzia\u0142a\u0142o tu Studium Wychowania Przedszkolnego, kt\u00f3re przekszta\u0142cono w Studium Nauczycielskie. Jako pierwsza, dyrekcj\u0119 nad studium obj\u0119\u0142a pani Danuta \u0141ukowska.<\/p>\n\n<p>W Studium Wychowania Przedszkolnego\u00a0 funkcjonowa\u0142\u00a0 m.in. pr\u0119\u017cnie dzia\u0142aj\u0105cy ch\u00f3r prowadzony przez mgr E. Barczy\u0144sk\u0105,\u00a0 a tak\u017ce zesp\u00f3\u0142 muzyki dawnej prowadzony przez mgr M. Bia\u0142kowsk\u0105.<\/p>\n\n<p>Tradycje pedagogiczne kontynuowa\u0142o otwarte 1 wrze\u015bnia 1994 roku XVII Liceum Og\u00f3lnokszta\u0142c\u0105ce, kt\u00f3re w 2002 roku zosta\u0142o przekszta\u0142cone w Liceum Og\u00f3lnokszta\u0142c\u0105ce z Oddzia\u0142ami Integracyjnymi. Jest to jedyne tego typu liceum w Szczecinie.<\/p>\n<hr class=\"wp-block-separator has-alpha-channel-opacity\" \/>\n<p><strong>Dyrektorzy XVII LO i LOzOI-a:<\/strong><\/p>\n\n<ul class=\"wp-block-list\">\n<li>1994-1999 dyrektor: Zofia Brzeska, zast\u0119pca: Ma\u0142gorzata Rychli\u0144ska<\/li>\n\n<li>1999-2017 dyrektor: Ludwika Baranowska,\u00a0zast\u0119pcy: Marzena Kowalska, Ma\u0142gorzata Rychli\u0144ska<\/li>\n\n<li>2017-2018 dyrektor: Ludwika Baranowska, zast\u0119pca: Rados\u0142aw Kluczy\u0144ski<\/li>\n\n<li>2018-2019 dyrektor: Rados\u0142aw Kluczy\u0144ski, zast\u0119pca: Katarzyna Ko\u015bciucha<\/li>\n\n<li>od 2019 dyrektor: Artur W\u0142och, zast\u0119pca: Katarzyna Ko\u015bciucha<\/li>\n<\/ul>\n\n<div class=\"wp-block-group is-layout-constrained wp-block-group-is-layout-constrained\">\n<p>\u00a0<\/p>\n<\/div>\n\t\t\t\t\t\t\t\t<\/div>\n\t\t\t\t\t<\/div>\n\t\t\t\t<\/div>\n\t\t\t\t<\/div>\n\t\t","protected":false},"excerpt":{"rendered":"<p>\u00a0 \u00a0 \u00a0 \u00a0 \u00a0 \u00a0 \u00a0 \u00a0 11 kwietnia 2025 r.\u00a0 zako\u0144czyli\u015bmy obchody 30lecia integracji w Szczecinie, kt\u00f3re zorganizowane zosta\u0142y przez wszystkie szczeci\u0144skie plac\u00f3wki integracyjne. W Fabryce Wody odby\u0142a si\u0119 konferencja, w czasie kt\u00f3rej wys\u0142uchali\u015bmy trzech dyskusji panelowych dotycz\u0105cych integracji i edukacji w\u0142\u0105czaj\u0105cej. Na uroczysto\u015bci byli obecni wszyscy czterej Dyrektorzy naszego LO: p. Zofia [&hellip;]<\/p>\n","protected":false},"author":1,"featured_media":0,"parent":0,"menu_order":0,"comment_status":"closed","ping_status":"closed","template":"","meta":{"footnotes":""},"categories":[17],"tags":[],"class_list":["post-129","page","type-page","status-publish","hentry","category-o-szkole"],"_links":{"self":[{"href":"https:\/\/lozoi.szczecin.pl\/autoinstalator\/wordpressplugins\/index.php\/wp-json\/wp\/v2\/pages\/129","targetHints":{"allow":["GET"]}}],"collection":[{"href":"https:\/\/lozoi.szczecin.pl\/autoinstalator\/wordpressplugins\/index.php\/wp-json\/wp\/v2\/pages"}],"about":[{"href":"https:\/\/lozoi.szczecin.pl\/autoinstalator\/wordpressplugins\/index.php\/wp-json\/wp\/v2\/types\/page"}],"author":[{"embeddable":true,"href":"https:\/\/lozoi.szczecin.pl\/autoinstalator\/wordpressplugins\/index.php\/wp-json\/wp\/v2\/users\/1"}],"replies":[{"embeddable":true,"href":"https:\/\/lozoi.szczecin.pl\/autoinstalator\/wordpressplugins\/index.php\/wp-json\/wp\/v2\/comments?post=129"}],"version-history":[{"count":38,"href":"https:\/\/lozoi.szczecin.pl\/autoinstalator\/wordpressplugins\/index.php\/wp-json\/wp\/v2\/pages\/129\/revisions"}],"predecessor-version":[{"id":2039,"href":"https:\/\/lozoi.szczecin.pl\/autoinstalator\/wordpressplugins\/index.php\/wp-json\/wp\/v2\/pages\/129\/revisions\/2039"}],"wp:attachment":[{"href":"https:\/\/lozoi.szczecin.pl\/autoinstalator\/wordpressplugins\/index.php\/wp-json\/wp\/v2\/media?parent=129"}],"wp:term":[{"taxonomy":"category","embeddable":true,"href":"https:\/\/lozoi.szczecin.pl\/autoinstalator\/wordpressplugins\/index.php\/wp-json\/wp\/v2\/categories?post=129"},{"taxonomy":"post_tag","embeddable":true,"href":"https:\/\/lozoi.szczecin.pl\/autoinstalator\/wordpressplugins\/index.php\/wp-json\/wp\/v2\/tags?post=129"}],"curies":[{"name":"wp","href":"https:\/\/api.w.org\/{rel}","templated":true}]}}