{"id":1001,"date":"2025-06-30T18:46:04","date_gmt":"2025-06-30T16:46:04","guid":{"rendered":"https:\/\/lozoi.szczecin.pl\/autoinstalator\/wordpressplugins\/?page_id=1001"},"modified":"2025-07-03T17:03:55","modified_gmt":"2025-07-03T15:03:55","slug":"szkolny-zestaw-podrecznikow-2025-2026","status":"publish","type":"page","link":"https:\/\/lozoi.szczecin.pl\/autoinstalator\/wordpressplugins\/index.php\/szkolny-zestaw-podrecznikow-2025-2026\/","title":{"rendered":"Szkolny zestaw podr\u0119cznik\u00f3w"},"content":{"rendered":"\t\t<div data-elementor-type=\"wp-page\" data-elementor-id=\"1001\" class=\"elementor elementor-1001\">\n\t\t\t\t<div class=\"elementor-element elementor-element-d584905 e-flex e-con-boxed e-con e-parent\" data-id=\"d584905\" data-element_type=\"container\" data-e-type=\"container\">\n\t\t\t\t\t<div class=\"e-con-inner\">\n\t\t\t\t<div class=\"elementor-element elementor-element-75c2938 elementor-widget elementor-widget-text-editor\" data-id=\"75c2938\" data-element_type=\"widget\" data-e-type=\"widget\" data-widget_type=\"text-editor.default\">\n\t\t\t\t\t\t\t\t\t<p style=\"text-align: center;\"><strong>Szkolny zestaw podr\u0119cznik\u00f3w w latach 2025-2029 i materia\u0142\u00f3w edukacyjnych<\/strong><\/p><p style=\"text-align: center;\"><strong>Obowi\u0105zuje od 1 wrze\u015bnia 2025<\/strong><\/p><p style=\"text-align: center;\"><strong>Typ szko\u0142y: Liceum Og\u00f3lnokszta\u0142c\u0105ce z Oddzia\u0142ami Integracyjnymi<\/strong><\/p><p style=\"text-align: center;\"><span style=\"color: #ff0000;\">*UWAGA PIERWSZOKLASI\u015aCI! <\/span><\/p><p style=\"text-align: center;\"><span style=\"color: #ff0000;\">Prosimy nie kupowa\u0107 podr\u0119cznik\u00f3w do nauki j\u0119zyka angielskiego! <\/span><span style=\"color: #ff0000;\">We wrze\u015bniu, po podziale na grupy, zostaniecie poinformowani, jaki nale\u017cy kupi\u0107 podr\u0119cznik.<\/span><\/p><p style=\"text-align: center;\">\u00a0<\/p>\t\t\t\t\t\t\t\t<\/div>\n\t\t\t\t\t<\/div>\n\t\t\t\t<\/div>\n\t\t<div class=\"elementor-element elementor-element-27118b0 e-flex e-con-boxed e-con e-parent\" data-id=\"27118b0\" data-element_type=\"container\" data-e-type=\"container\">\n\t\t\t\t\t<div class=\"e-con-inner\">\n\t\t\t\t<div class=\"elementor-element elementor-element-ac4c771 elementor-widget elementor-widget-text-editor\" data-id=\"ac4c771\" data-element_type=\"widget\" data-e-type=\"widget\" data-widget_type=\"text-editor.default\">\n\t\t\t\t\t\t\t\t\t<p>\u00a0<\/p><table width=\"1236\"><tbody><tr><td width=\"152\"><p><strong>Przedmiot<\/strong><\/p><\/td><td width=\"97\"><p><strong>Klasa<\/strong><\/p><\/td><td width=\"300\"><p><strong>Autor<\/strong><\/p><\/td><td width=\"316\"><p><strong>Tytu\u0142<\/strong><\/p><\/td><td width=\"197\"><p><strong>Wydawca<\/strong><\/p><\/td><td width=\"176\"><p><strong>Nr dopuszczenia<\/strong><\/p><\/td><\/tr><tr><td width=\"152\"><p>Biologia<\/p><\/td><td width=\"97\"><p>1a<\/p><\/td><td width=\"300\"><p>Marek Guzik, Ryszard Kozik,\u00a0 Agnieszka Krotke,<\/p><\/td><td width=\"316\"><p>NOWA Biologia na czasie. Podr\u0119cznik. Liceum. Technikum. Zakres rozszerzony . Karty pracy do podr\u0119cznika<\/p><\/td><td width=\"197\"><p>NOWA ERA SP.ZOO<\/p><\/td><td width=\"176\"><p>1225\/1\/2024<\/p><\/td><\/tr><tr><td rowspan=\"2\" width=\"152\"><p>Biologia<\/p><\/td><td rowspan=\"2\" width=\"97\"><p>1b,c,d<\/p><\/td><td rowspan=\"2\" width=\"300\"><p>Anna Helmin, Jolanta Holeczek<\/p><\/td><td width=\"316\"><p>,,NOWA Biologia na czasie &#8221;- podr\u0119cznik , Liceum,<\/p><p>Technikum &#8211; zakres podstawowy<\/p><\/td><td rowspan=\"2\" width=\"197\"><p>NOWA ERA SP. Z O.O.<\/p><\/td><td rowspan=\"2\" width=\"176\"><p>1221\/1\/2024<\/p><\/td><\/tr><tr><td width=\"316\"><p>do podr\u0119cznika -karty pracy 1<\/p><\/td><\/tr><tr><td width=\"152\"><p>Biologia<\/p><\/td><td width=\"97\"><p>2a<\/p><\/td><td width=\"300\"><p>Marek Guzik, Ryszard Kozik, W\u0142adys\u0142aw Zamachow<\/p><\/td><td width=\"316\"><p>NOWA BIOLOGIA NA CZASIE 2. Zakres<\/p><p>rozszerzony . Podrecznik &#8211; Liceum , Technikum .\u00a0\u00a0\u00a0<\/p><p>Maturalne karty pracy do podr\u0119cznika<\/p><\/td><td width=\"197\"><p>NOWA ERA SP. Z O.O.<\/p><\/td><td width=\"176\"><p>1225\/2\/2025<\/p><\/td><\/tr><tr><td width=\"152\"><p>Biologia<\/p><\/td><td width=\"97\"><p>2 b,c,d<\/p><\/td><td width=\"300\"><p>Anna Helmin, Jolanta Holeczek<\/p><\/td><td width=\"316\"><p>Nowa biologia na czasie- kl 2, zakres podstawowy, podr\u0119cznik liceum, technikum. Karty pracy do podr\u0119cznika<\/p><\/td><td width=\"197\"><p>NOWA ERA SP. Z O.O.<\/p><\/td><td width=\"176\"><p>1221\/2\/2025<\/p><\/td><\/tr><tr><td rowspan=\"2\" width=\"152\"><p>Biologia<\/p><\/td><td rowspan=\"2\" width=\"97\"><p>3 b,c,d,e<\/p><\/td><td width=\"300\"><p>Anna Helmin, Jolanta Holeczek<\/p><\/td><td width=\"316\"><p>Biologia na czasie 3 Podr\u0119cznik dla liceum og\u00f3lnokszta\u0142c\u0105cego technikum, zakres podstawowy<\/p><\/td><td width=\"197\"><p>NOWA ERA SP. Z O.O.<\/p><\/td><td width=\"176\"><p>1006\/3\/2021<\/p><\/td><\/tr><tr><td width=\"300\"><p>Barbara Januszewska-Hasiec, Jacek Paw\u0142owski, Renata Stencel<\/p><\/td><td width=\"316\"><p>Biologia na czasie 3<\/p><p>Karty pracy ucznia dla liceum og\u00f3lnokszta\u0142c\u0105cego i technikum, zakres podstawowy<\/p><\/td><td width=\"197\"><p>NOWA ERA SP. Z O.O.<\/p><\/td><td width=\"176\"><p>&#8212;<\/p><\/td><\/tr><tr><td rowspan=\"2\" width=\"152\"><p>Biologia<\/p><\/td><td rowspan=\"2\" width=\"97\"><p>3 a,f,g<\/p><\/td><td width=\"300\"><p>Franciszek Dubert, Marek Guzik, Anna Helmin,<\/p><p>Jolanta Holeczek, Stanis\u0142aw Krawczyk, W\u0142adys\u0142aw Zamachowski<\/p><\/td><td width=\"316\"><p>Biologia na czasie 3 Podr\u0119cznik dla liceum og\u00f3lnokszta\u0142c\u0105cego technikum, zakres rozszerzony<\/p><\/td><td width=\"197\"><p>NOWA ERA SP. Z O.O.<\/p><\/td><td width=\"176\"><p>1010\/3\/2021<\/p><\/td><\/tr><tr><td width=\"300\"><p>Bart\u0142omiej Gr\u0105dzki, Dawid Kaczmarek, Anna Tyc<\/p><\/td><td width=\"316\"><p>Biologia na czasie 3<\/p><p>Maturalne karty pracy dla liceum og\u00f3lnokszta\u0142c\u0105cego i technikum, zakres rozszerzony<\/p><\/td><td width=\"197\"><p>NOWA ERA SP. Z O.O.<\/p><\/td><td width=\"176\"><p>&#8212;<\/p><\/td><\/tr><tr><td width=\"152\"><p>Biologia<\/p><\/td><td width=\"97\"><p>4 a,f<\/p><\/td><td width=\"300\"><p>Franciszek Dubert, Marek Jurgowiak, W\u0142adys\u0142aw Zamachowski<\/p><\/td><td width=\"316\"><p>Biologia na czasie 4 . Podr\u0119cznik dla liceum og\u00f3lnokszta\u0142c\u0105cego i technikum, zakres rozszerzony<\/p><\/td><td width=\"197\"><p>NOWA ERA SP. Z O.O.<\/p><\/td><td width=\"176\"><p>1010\/4\/2022<\/p><\/td><\/tr><tr><td width=\"152\"><p>Chemia<\/p><\/td><td width=\"97\"><p>1a,b,c,d<\/p><\/td><td width=\"300\"><p>Romuald Hassa, Aleksandra Mrzigod, Janusz Mrzigod<\/p><\/td><td width=\"316\"><p><strong>NOWA To jest chemia cz\u0119\u015b\u0107 1<\/strong>, oznaczone NOWO\u015a\u0106 EDYCJA 2024 Podr\u0119cznik.<\/p><p>Liceum i technikum- zakres podstawowy<\/p><\/td><td width=\"197\"><p>Nowa era sp.z o.o.<\/p><\/td><td width=\"176\"><p>1222\/1\/2024<\/p><\/td><\/tr><tr><td width=\"152\"><p>Chemia<\/p><\/td><td width=\"97\"><p>2 a,b,c,d<\/p><\/td><td width=\"300\"><p>Romuald Hassa, Aleksandra Mrzigod, Janusz Mrzigod<\/p><\/td><td width=\"316\"><p><strong>NOWA to jest chemia cz\u0119\u015b\u0107 2<\/strong> Edycja 2024<\/p><p>Podr\u0119cznik Liceum i Technikum &#8211; zakres podstawowy<\/p><\/td><td width=\"197\"><p>NOWA ERA SP. Z O.O.<\/p><\/td><td width=\"176\"><p>1222\/2\/2025<\/p><\/td><\/tr><tr><td width=\"152\"><p>Chemia<\/p><\/td><td width=\"97\"><p>3 a,b,c,d,e,g<\/p><\/td><td width=\"300\"><p>Romuald Hassa, Aleksandra Mrzigod, Janusz Mrzigod<\/p><\/td><td width=\"316\"><p><span style=\"color: #ff0000;\"><strong>kontynuacja podr\u0119cznika<\/strong><\/span><strong>&#8211;<\/strong> To jest chemia 2 Chemia organiczna Podr\u0119cznik dla liceum og\u00f3lnokszta\u0142c\u0105cego i technikum- zakres podstawowy<\/p><\/td><td width=\"197\"><p>NOWA ERA SP. Z O.O.<\/p><\/td><td width=\"176\"><p>994\/2\/2020<\/p><\/td><\/tr><tr><td width=\"152\"><p>Chemia<\/p><\/td><td width=\"97\"><p>3f<\/p><\/td><td width=\"300\"><p>Maria Litwin, Szarota Styka &#8211; Wlaz\u0142o, Joanna<\/p><p>Szymo\u0144ska<\/p><\/td><td width=\"316\"><p>To jest chemia 2. Chemia organiczna. Podr\u0119cznik dla liceum og\u00f3lnokszta\u0142c\u0105cego i technikum zakres rozszerzony<\/p><\/td><td width=\"197\"><p>NOWA ERA SP. Z O.O.<\/p><\/td><td width=\"176\"><p>991\/2\/2020<\/p><\/td><\/tr><tr><td width=\"152\"><p>Chemia<\/p><\/td><td width=\"97\"><p>4f<\/p><\/td><td width=\"300\"><p><span style=\"color: #ff0000;\"><strong>kontynuacja podr\u0119cznika <\/strong><\/span><\/p><p>Maria Litwin, Szarota Styka-Wlaz\u0142o, Joanna Szymo\u0144ska<\/p><\/td><td width=\"316\"><p>To jest chemia 2. Chemia organiczna. Podr\u0119cznik dla liceum og\u00f3lnokszta\u0142c\u0105cego i technikum zakres rozszerzony<\/p><\/td><td width=\"197\"><p>NOWA ERA SP. Z O.O.<\/p><\/td><td width=\"176\"><p>991\/2\/2020<\/p><\/td><\/tr><tr><td width=\"152\"><p>Fizyka<\/p><\/td><td width=\"97\"><p>1 a,b,c,d<\/p><\/td><td width=\"300\"><p>Marcin Braun, Weronika \u015aliwa\u00a0\u00a0\u00a0\u00a0\u00a0\u00a0\u00a0\u00a0\u00a0\u00a0\u00a0\u00a0\u00a0\u00a0\u00a0\u00a0\u00a0\u00a0\u00a0\u00a0\u00a0\u00a0\u00a0\u00a0\u00a0\u00a0\u00a0\u00a0 \u00a0\u00a0\u00a0\u00a0<\/p><\/td><td width=\"316\"><p>Nowe Odkry\u0107 fizyk\u0119 1<\/p><p>Podr\u0119cznik do fizyki dla liceum i technikum zakres podstawowy.<\/p><\/td><td width=\"197\"><p>NOWA ERA SP. Z O.O.<\/p><\/td><td width=\"176\"><p>1224\/1\/2024<\/p><\/td><\/tr><tr><td width=\"152\"><p>Fizyka<\/p><\/td><td width=\"97\"><p>1 abcd<\/p><\/td><td width=\"300\"><p>Marcin Braun, Weronika \u015aliwa, Bart\u0142omiej<\/p><p>Piotrowski\u00a0\u00a0\u00a0\u00a0\u00a0\u00a0\u00a0\u00a0\u00a0\u00a0\u00a0\u00a0\u00a0\u00a0\u00a0\u00a0\u00a0\u00a0\u00a0\u00a0\u00a0\u00a0<\/p><\/td><td width=\"316\"><p>Odkry\u0107 fizyk\u0119. Karty pracy z dziennikiem laboratoryjnym. Zakres podstawowy. Klasa 1. Liceum i technikum.<\/p><\/td><td width=\"197\"><p>NOWA ERA SP. Z O.O.<\/p><\/td><td width=\"176\"><p>&#8212;<\/p><\/td><\/tr><tr><td width=\"152\"><p>Fizyka<\/p><\/td><td width=\"97\"><p>2 a,b,,c,d<\/p><\/td><td width=\"300\"><p>Marcin Braun, Weronika \u015aliwa<\/p><\/td><td width=\"316\"><p>Nowe Odkry\u0107 fizyk\u0119 2<\/p><p>Podr\u0119cznik do fizyki dla liceum og\u00f3lnokszta\u0142c\u0105cego i<\/p><p>technikum zakres podstawowy.\u00a0\u00a0\u00a0\u00a0\u00a0\u00a0\u00a0\u00a0\u00a0\u00a0\u00a0\u00a0\u00a0\u00a0\u00a0\u00a0\u00a0\u00a0\u00a0 \u00a0\u00a0\u00a0\u00a0\u00a0\u00a0\u00a0\u00a0\u00a0\u00a0\u00a0\u00a0\u00a0\u00a0\u00a0\u00a0\u00a0\u00a0\u00a0<\/p><\/td><td width=\"197\"><p>NOWA ERA SP. Z O.O.<\/p><\/td><td width=\"176\"><p>1224\/2\/2025<\/p><\/td><\/tr><tr><td width=\"152\"><p>Fizyka<\/p><\/td><td width=\"97\"><p>2a,b,c,d<\/p><\/td><td width=\"300\"><p>Izabela Kondratowicz,\u00a0 Bart\u0142omiej Piotrowski\u00a0\u00a0\u00a0\u00a0\u00a0\u00a0\u00a0\u00a0\u00a0\u00a0<\/p><\/td><td width=\"316\"><p>Odkry\u0107 fizyk\u0119. Karty pracy z dziennikiem\u00a0 laboratoryjnym. Zakres podstawowy. Klasa 2. Dla liceum og\u00f3lnokszta\u0142c\u0105cego i technikum.<\/p><\/td><td width=\"197\"><p>NOWA ERA SP. Z O.O.<\/p><\/td><td width=\"176\"><p>&#8212;<\/p><\/td><\/tr><tr><td width=\"152\"><p>Fizyka<\/p><\/td><td width=\"97\"><p>3 a,b,c,d,e,f,g<\/p><\/td><td width=\"300\"><p>Marcin Braun, Weronika \u015aliwa<\/p><\/td><td width=\"316\"><p>Odkry\u0107 fizyk\u0119 3. Podr\u0119cznik do fizyki dla liceum og\u00f3lnokszta\u0142c\u0119cego i technikum Zakres podstawowy.<\/p><\/td><td width=\"197\"><p>NOWA ERA SP. Z O.O.<\/p><\/td><td width=\"176\"><p>1001\/3\/2021<\/p><\/td><\/tr><tr><td width=\"152\"><p>Fizyka<\/p><\/td><td width=\"97\"><p>3 a,b,c,d,e,f,g<\/p><\/td><td width=\"300\"><p>Izabela Kondratowicz,\u00a0 Bart\u0142omiej Piotrowski\u00a0\u00a0\u00a0\u00a0\u00a0\u00a0\u00a0\u00a0\u00a0\u00a0<\/p><\/td><td width=\"316\"><p>Odkry\u0107 fizyk\u0119. Karty pracy z dziennikiem\u00a0 laboratoryjnym. Zakres podstawowy. Klasa 3. Dla liceum og\u00f3lnokszta\u0142c\u0105cego i technikum.<\/p><\/td><td width=\"197\"><p>NOWA ERA SP. Z O.O.<\/p><\/td><td width=\"176\"><p>&#8212;<\/p><\/td><\/tr><tr><td rowspan=\"2\" width=\"152\"><p>Geografia<\/p><\/td><td rowspan=\"2\" width=\"97\"><p>1 a,c,d<\/p><\/td><td width=\"300\"><p>Roman Malarz, Marek Wi\u0119ckowski<\/p><\/td><td width=\"316\"><p>Nowe Oblicza geografii\u00a0 1 Podr\u0119cznik dla liceum og\u00f3lnokszta\u0142c\u0105cego i technikum\u00a0 Zakres podstawowy\u00a0<\/p><\/td><td width=\"197\"><p>NOWA ERA SP. Z O.O.<\/p><\/td><td width=\"176\"><p>1212\/1\/2024<\/p><\/td><\/tr><tr><td width=\"300\"><p>Katarzyna Maci\u0105\u017cek<\/p><\/td><td width=\"316\"><p>Oblicza geografii 1 Karta pracy dla ucznia liceum og\u00f3lnokszta\u0142c\u0105cego i technikum . Zakres podstawowy<\/p><\/td><td width=\"197\"><p>NOWA ERA SP. Z O.O.<\/p><\/td><td width=\"176\"><p>&#8212;<\/p><\/td><\/tr><tr><td rowspan=\"2\" width=\"152\"><p>Geografia<\/p><\/td><td rowspan=\"2\" width=\"97\"><p>1b<\/p><\/td><td width=\"300\"><p>Roman Malarz, Marek Wi\u0119ckowski, Pawe\u0142 Kroch<\/p><\/td><td width=\"316\"><p>Nowe Oblicza geografii\u00a0 1 Podr\u0119cznik dla liceum og\u00f3lnokszta\u0142c\u0105cego i technikum\u00a0 Zakres rozszerzony<\/p><\/td><td width=\"197\"><p>NOWA ERA SP. Z O.O.<\/p><\/td><td width=\"176\"><p>1216\/1\/2024<\/p><\/td><\/tr><tr><td width=\"300\"><p>D. Burczyk, V. Feliniak, E. Jaworska, B. Marczewska, S. Ropel, J. Soja<\/p><\/td><td width=\"316\"><p>Oblicza Geografi 1 Maturalne karty pracy dla ucznia lic og\u00f3lnokszta\u0142c\u0105cego i technikum Zakres rozszerzony<\/p><\/td><td width=\"197\"><p>NOWA ERA SP. Z O.O.<\/p><\/td><td width=\"176\"><p>&#8212;<\/p><\/td><\/tr><tr><td rowspan=\"2\" width=\"152\"><p>Geografia<\/p><\/td><td rowspan=\"2\" width=\"97\"><p>2 a,c,d<\/p><\/td><td width=\"300\"><p>Tomasz Rachwa\u0142, Rados\u0142aw Uliszak, Krzysztof Wiedermann, Pawe\u0142 Kroh<\/p><\/td><td width=\"316\"><p>NOWE Oblicza geografii 2. Edycja 2024. Podr\u0119cznik. Zakres podstawowy.<\/p><\/td><td width=\"197\"><p>NOWA ERA SP. Z O.O.<\/p><\/td><td width=\"176\"><p>1212\/2\/2025<\/p><\/td><\/tr><tr><td width=\"300\"><p>Katarzyna Maci\u0105\u017cek<\/p><\/td><td width=\"316\"><p>Oblicza Geografii 2. Karty pracy ucznia dla liceum og\u00f3lnokszta\u0142c\u0105cego i technikum. Zakres podstawowy<\/p><\/td><td width=\"197\"><p>NOWA ERA SP. Z O.O.<\/p><\/td><td width=\"176\"><p>&#8212;<\/p><\/td><\/tr><tr><td rowspan=\"2\" width=\"152\"><p>Geografia<\/p><\/td><td rowspan=\"2\" width=\"97\"><p>2b<\/p><\/td><td width=\"300\"><p>Tomasz Rachwa\u0142, Wioletta Kilar<\/p><\/td><td width=\"316\"><p>NOWE Oblicza geografii 2. Edycja 2024.<\/p><p>Podr\u0119cznik.<\/p><p>Zakres rozszerzony.<\/p><\/td><td width=\"197\"><p>NOWA ERA SP. Z O.O.<\/p><\/td><td width=\"176\"><p>1216\/2\/2025<\/p><\/td><\/tr><tr><td width=\"300\"><p>Violetta Feliniak, Ewa Jaworska, Bogus\u0142awa Marczewska, Sebastian Ropel<\/p><\/td><td width=\"316\"><p>Oblicza Geografii 2. Maturalne karty pracy dla liceum og\u00f3lnokszta\u0142c\u0105cego i technikum. Zakres rozszerzony<\/p><\/td><td width=\"197\"><p>NOWA ERA SP. Z O.O.<\/p><\/td><td width=\"176\"><p>&#8212;<\/p><\/td><\/tr><tr><td rowspan=\"2\" width=\"152\"><p>Geografia<\/p><\/td><td rowspan=\"2\" width=\"97\"><p>3 a,c,d,f,g<\/p><\/td><td width=\"300\"><p>Czes\u0142aw Adamiak , Marcin \u015awitoniak, Anna Dubownik, Marcin Nowak , Barbara Szyda<\/p><\/td><td width=\"316\"><p>Oblicza geografii 3. Podr\u0119cznik dla liceum og\u00f3lnokszta\u0142c\u0105cego i technikum zakres podstawowy<\/p><\/td><td width=\"197\"><p>NOWA ERA SP. Z O.O.<\/p><\/td><td width=\"176\"><p>983\/3\/2021<\/p><\/td><\/tr><tr><td width=\"300\"><p>Katarzyna Maci\u0105\u017cek<\/p><\/td><td width=\"316\"><p>Oblicza Geografii 3. Karty pracy ucznia dla liceum og\u00f3lnokszta\u0142c\u0105cego i technikum. Zakres podstawowy<\/p><\/td><td width=\"197\"><p>NOWA ERA SP. Z O.O.<\/p><\/td><td width=\"176\"><p>&#8212;<\/p><\/td><\/tr><tr><td rowspan=\"2\" width=\"152\"><p>Geografia<\/p><\/td><td rowspan=\"2\" width=\"97\"><p>3 b,e<\/p><\/td><td width=\"300\"><p>Marcin \u015awitoniak, Teresa Wieczorek, Roman<\/p><p>Malarz, Tomasz Karasiewicz, Marek Wi\u0105ckowski<\/p><\/td><td width=\"316\"><p>Oblicza geografi 3 Podr\u0119cznik dla liceum og\u00f3lnokszta\u0142c\u0105cegi i technikum Zakres rozszerzony<\/p><\/td><td width=\"197\"><p>NOWA ERA SP. Z O.O.<\/p><\/td><td width=\"176\"><p>973\/3\/2021<\/p><\/td><\/tr><tr><td width=\"300\"><p>\u00a0Violetta Feliniak, Bogus\u0142awa Marczewska, Waldemar Siliczak<\/p><\/td><td width=\"316\"><p>Oblicza Geografii 3. Maturalne karty pracy dla liceum\u00a0 og\u00f3lnokszta\u0142c\u0105cego i technikum. Zakres rozszerzony<\/p><\/td><td width=\"197\"><p>NOWA ERA SP. Z O.O.<\/p><\/td><td width=\"176\"><p>&#8212;<\/p><\/td><\/tr><tr><td rowspan=\"2\" width=\"152\"><p>Geografia<\/p><\/td><td rowspan=\"2\" width=\"97\"><p>4 b,e<\/p><\/td><td width=\"300\"><p>Tomasz Rachwa\u0142, Czes\u0142aw Adamiak, Marcin \u015awitoniak, Pawe\u0142 Kroh<\/p><\/td><td width=\"316\"><p>Oblicza geografii 4. Podr\u0119cznik dla liceum og\u00f3lnokszta\u0142c\u0105cego i technikum. Zakres rozszerzony<\/p><\/td><td width=\"197\"><p>NOWA ERA SP. Z O.O.<\/p><\/td><td width=\"176\"><p>973\/4\/2022<\/p><\/td><\/tr><tr><td width=\"300\"><p>Violetta Feliniak, Katarzyna Maci\u0105\u017cek, Bogus\u0142awa<\/p><p>Marczewska<\/p><\/td><td width=\"316\"><p>Oblicza Geografii 4. Maturalne karty pracy dla liceum og\u00f3lnokszta\u0142c\u0105cego i technikum. Zakres rozszerzony<\/p><\/td><td width=\"197\"><p>NOWA ERA SP. Z O.O.<\/p><\/td><td width=\"176\"><p>&#8212;<\/p><\/td><\/tr><tr><td width=\"152\"><p>Historia<\/p><\/td><td width=\"97\"><p>1 a,b,c<\/p><\/td><td width=\"300\"><p>\u0141ukasz K\u0119pski, Jakub Kufel, Danuta Musia\u0142, Przemys\u0142aw Ruchlewski<\/p><\/td><td width=\"316\"><p>Historia 1. \u015alady czasu. Podr\u0119cznik dla klasy 1 liceum i technikum. Zakres podstawowy i rozszerzony.<\/p><\/td><td width=\"197\"><p>GWO<\/p><\/td><td width=\"176\"><p>1190\/1\/2023<\/p><\/td><\/tr><tr><td width=\"152\"><p>Historia<\/p><\/td><td width=\"97\"><p>1 d<\/p><\/td><td width=\"300\"><p>\u0141ukasz K\u0119pski, Jakub Kufel, Danuta Musia\u0142, Przemys\u0142aw Ruchlewski<\/p><\/td><td width=\"316\"><p>Historia 1. \u015alady czasu. Podr\u0119cznik dla klasy 1 liceum i technikum. Zakres podstawowy i rozszerzony.<\/p><\/td><td width=\"197\"><p>GWO<\/p><\/td><td width=\"176\"><p>1190\/1\/2023<\/p><\/td><\/tr><tr><td width=\"152\"><p>Historia<\/p><\/td><td width=\"97\"><p>2d<\/p><\/td><td width=\"300\"><p>\u0141ukasz K\u0119pski, Jacek Wijaczka<\/p><\/td><td width=\"316\"><p>Historia 2. \u015alady czasu.Podr\u0119cznik do historii dla liceum og\u00f3lnokszta\u0142c\u0105cego i technikum.Zakres podstawowy i rozszerzony.<\/p><\/td><td width=\"197\"><p>GWO<\/p><\/td><td width=\"176\"><p>1190\/2\/2024<\/p><\/td><\/tr><tr><td width=\"152\"><p>Historia<\/p><\/td><td width=\"97\"><p>2 a,b,c<\/p><\/td><td width=\"300\"><p>\u0141ukasz K\u0119pski, Jacek Wijaczka<\/p><\/td><td width=\"316\"><p>Historia 2. \u015alady czasu.Podr\u0119cznik do historii dla liceum og\u00f3lnokszta\u0142c\u0105cego i technikum.Zakres podstawowy i rozszerzony.<\/p><\/td><td width=\"197\"><p>GWO<\/p><\/td><td width=\"176\"><p>1190\/2\/2024<\/p><\/td><\/tr><tr><td width=\"152\"><p>Historia<\/p><\/td><td width=\"97\"><p>3 a,b,c,f,g<\/p><\/td><td width=\"300\"><p>Andrzej Chwalba, \u0141ukasz K\u0119pski<\/p><\/td><td width=\"316\"><p>\u00a0Historia 3.\u00a0 \u015alady czasu. Podr\u0119cznik dla liceum i technikum. Zakres podstawowy i rozszerzony.<\/p><\/td><td width=\"197\"><p>GWO<\/p><\/td><td width=\"176\"><p>1102\/3\/2022<\/p><\/td><\/tr><\/tbody><\/table><table width=\"1236\"><tbody><tr><td width=\"152\"><p>Historia<\/p><\/td><td width=\"97\"><p>3 d,e<\/p><\/td><td width=\"300\"><p>Andrzej Chwalba, \u0141ukasz K\u0119pski<\/p><\/td><td width=\"316\"><p>Historia 3. \u015alady czasu.Podr\u0119cznik do historii dla liceum og\u00f3lnokszta\u0142c\u0105cego i technikum.Zakres podstawowy i rozszerzony.<\/p><\/td><td width=\"197\"><p>GWO<\/p><\/td><td width=\"176\"><p>1102\/3\/2022<\/p><\/td><\/tr><tr><td width=\"152\"><p>Historia<\/p><\/td><td width=\"97\"><p>4a,b,c,d,e,f<\/p><\/td><td width=\"300\"><p>A. Dudek, \u0141.K\u0119pski, J. Polit<\/p><\/td><td width=\"316\"><p>Historia 4. \u015alady czasu. Podr\u0119cznik dla klasy 4 liceum i technikum. Zakres podstawowy i rozszerzony. II wojna \u015bwiatowa i wsp\u00f3\u0142czesno\u015b\u0107.<\/p><\/td><td width=\"197\"><p>GWO<\/p><\/td><td width=\"176\"><p>1102\/4\/2023<\/p><\/td><\/tr><tr><td width=\"152\"><p>Informatyka<\/p><\/td><td width=\"97\"><p>1 a,b,d<\/p><\/td><td width=\"300\"><p>W.Jochemczyk, K.Ol\u0119dzka<\/p><\/td><td width=\"316\"><p>Informatyka.Podr\u0119cznik. Liceum i technikum. Zakres podstawowy.1. Nowa edycja<\/p><\/td><td width=\"197\"><p>WSiP<\/p><\/td><td width=\"176\"><p>974\/1\/2022\/z1<\/p><\/td><\/tr><tr><td width=\"152\"><p>Informatyka<\/p><\/td><td width=\"97\"><p>1c<\/p><\/td><td width=\"300\"><p>Janusz Mazur, Pawe\u0142 Perekietka, Zbigniew Talaga, Janusz S. Wierzbicki<\/p><\/td><td width=\"316\"><p>Informatyka na czasie 1. Podr\u0119cznik dla liceum i technikum, zakres rozszerzony<\/p><\/td><td width=\"197\"><p>NOWA ERA SP. Z O.O.<\/p><\/td><td width=\"176\"><p>1037\/1\/2019<\/p><\/td><\/tr><tr><td width=\"152\"><p>Informatyka<\/p><\/td><td width=\"97\"><p>2 a,b,d<\/p><\/td><td width=\"300\"><p>W.Jochemczyk, K.Ol\u0119dzka<\/p><\/td><td width=\"316\"><p>Informatyka. Podr\u0119cznik. Liceum i technikum. Zakres podstawowy. 2. Nowa edycja<\/p><\/td><td width=\"197\"><p>WSiP<\/p><\/td><td width=\"176\"><p>974\/2\/2023\/z1<\/p><\/td><\/tr><tr><td width=\"152\"><p>Informatyka<\/p><\/td><td width=\"97\"><p>2c<\/p><\/td><td width=\"300\"><p>Maciej Borowiecki<\/p><\/td><td width=\"316\"><p>Informatyka na czasie 2. Podr\u0119cznik dla liceum og\u00f3lnokszta\u0142c\u0105cego i technikum, zakres rozszerzony<\/p><\/td><td width=\"197\"><p>NOWA ERA SP. Z O.O.<\/p><\/td><td width=\"176\"><p>1037\/2\/2020<\/p><\/td><\/tr><tr><td width=\"152\"><p>Informatyka<\/p><\/td><td width=\"97\"><p>3a, b,d,e,f,g<\/p><\/td><td width=\"300\"><p>W. Jochemczyk, K. Ol\u0119dzka<\/p><\/td><td width=\"316\"><p>Informatyka. Podr\u0119cznik. Liceum i Technikum. Zakres podstawowy. 3. Nowa edycja<\/p><\/td><td width=\"197\"><p>WSiP<\/p><\/td><td width=\"176\"><p>974\/3\/2024\/z1<\/p><\/td><\/tr><tr><td width=\"152\"><p>Informatyka<\/p><\/td><td width=\"97\"><p>3c,4c<\/p><\/td><td width=\"300\"><p>Maciej Borowiecki, Janusz Mazur, Janusz S.<\/p><p>Wierzbicki, Pawe\u0142 Perekietka, Zbigniew Talaga<\/p><\/td><td width=\"316\"><p>Informatyka na czasie 3 Podr\u0119cznik dla liceum og\u00f3lnokszta\u0142c\u0105cego i technikum, zakres rozszerzony<\/p><\/td><td width=\"197\"><p>Nowa Era<\/p><\/td><td width=\"176\"><p>1037\/3\/2021<\/p><\/td><\/tr><tr><td rowspan=\"13\" width=\"152\"><p><span style=\"color: #ff0000;\">J\u0119zyk angielski*<\/span><\/p><\/td><td rowspan=\"13\" width=\"97\"><p><span style=\"color: #ff0000;\">1 a,b,c,d<\/span><\/p><\/td><td width=\"300\"><p>\u00a0Carla Leonard<\/p><\/td><td width=\"316\"><p>Life Vision Elementary<\/p><\/td><td width=\"197\"><p>Oxford University Press<\/p><\/td><td width=\"176\"><p>1130\/1\/2022<\/p><\/td><\/tr><tr><td width=\"300\"><p>Jane Hudson, Weronika Sa\u0142andyk<\/p><\/td><td width=\"316\"><p>Life Vision Pre-Intermediate<\/p><\/td><td width=\"197\"><p>Oxford University Press<\/p><\/td><td width=\"176\"><p>1130\/2\/2022<\/p><\/td><\/tr><tr><td width=\"300\"><p>Jeremy Bowell, Paul Kelly<\/p><\/td><td width=\"316\"><p>Life Vision Intermediate<\/p><\/td><td width=\"197\"><p>Oxford University Press<\/p><\/td><td width=\"176\"><p>1130\/3\/2022<\/p><\/td><\/tr><tr><td width=\"300\"><p>Jeremy Bowell, Weronika Sa\u0142andyk<\/p><\/td><td width=\"316\"><p>Life Vision Intermediate Plus<\/p><\/td><td width=\"197\"><p>Oxford University Press<\/p><\/td><td width=\"176\"><p>1130\/4\/2022<\/p><\/td><\/tr><tr><td width=\"300\"><p>Jane Hudson, Neil Wood<\/p><\/td><td width=\"316\"><p>LIfe Vision Upper Intermediate<\/p><\/td><td width=\"197\"><p>Oxford University Press<\/p><\/td><td width=\"176\"><p>1130\/5\/2023<\/p><\/td><\/tr><tr><td width=\"300\"><p>Paul Kelly<\/p><\/td><td width=\"316\"><p>Life Vision Advanced<\/p><\/td><td width=\"197\"><p>Oxford University Press<\/p><\/td><td width=\"176\"><p>1130\/6\/2023<\/p><\/td><\/tr><tr><td width=\"300\"><p>Marta Umi\u0144ska, Patricia Reilly, Tomasz Siuta<\/p><\/td><td width=\"316\"><p>Focus 1<\/p><\/td><td width=\"197\"><p>Pearson<\/p><\/td><td width=\"176\"><p>947\/1\/2019<\/p><\/td><\/tr><tr><td width=\"300\"><p>Sue Kay, Vaughan Jones, Daniel Brayshaw<\/p><\/td><td width=\"316\"><p>Focus 2<\/p><\/td><td width=\"197\"><p>Pearson<\/p><\/td><td width=\"176\"><p>947\/2\/2019<\/p><\/td><\/tr><tr><td width=\"300\"><p>Sue Kay, Vaughan Jones, Daniel Brayshaw<\/p><\/td><td width=\"316\"><p>Focus 3<\/p><\/td><td width=\"197\"><p>Pearson<\/p><\/td><td width=\"176\"><p>947\/3\/2019<\/p><\/td><\/tr><tr><td width=\"300\"><p>Sue Kay, Vaughan Jones, Daniel Brayshaw<\/p><\/td><td width=\"316\"><p>Focus 4<\/p><\/td><td width=\"197\"><p>Pearson<\/p><\/td><td width=\"176\"><p>947\/4\/2020<\/p><\/td><\/tr><tr><td width=\"300\"><p>Gill Holley, Kate Pickering, Marta Inglot<\/p><\/td><td width=\"316\"><p>Impulse 1<\/p><\/td><td width=\"197\"><p>Macmillan<\/p><\/td><td width=\"176\"><p>1129\/1\/2022<\/p><\/td><\/tr><tr><td width=\"300\"><p>C. McBeth, P. Reilly, Karolina KotorowiczJasi\u0144ska<\/p><\/td><td width=\"316\"><p>Impulse 2<\/p><\/td><td width=\"197\"><p>Macmillan<\/p><\/td><td width=\"176\"><p>1129\/2\/2021<\/p><\/td><\/tr><tr><td width=\"300\"><p>C. McBeth, P. Reilly Joanna Sobierska-Paczesny<\/p><\/td><td width=\"316\"><p>Impulse 3<\/p><\/td><td width=\"197\"><p>Macmillan<\/p><\/td><td width=\"176\"><p>1129\/3\/2021<\/p><\/td><\/tr><tr><td rowspan=\"12\" width=\"152\"><p>J\u0119zyk angielski<\/p><\/td><td rowspan=\"12\" width=\"97\"><p>2 a,b,c,d<\/p><\/td><td width=\"300\"><p>\u00a0Carla Leonard<\/p><\/td><td width=\"316\"><p>Life Vision Elementary<\/p><\/td><td width=\"197\"><p>Oxford University Press<\/p><\/td><td width=\"176\"><p>1130\/1\/2022<\/p><\/td><\/tr><tr><td width=\"300\"><p>Jane Hudson, Weronika Sa\u0142andyk<\/p><\/td><td width=\"316\"><p>Life Vision Pre-Intermediate<\/p><\/td><td width=\"197\"><p>Oxford University Press<\/p><\/td><td width=\"176\"><p>1130\/2\/2022<\/p><\/td><\/tr><tr><td width=\"300\"><p>Jeremy Bowell, Paul Kelly<\/p><\/td><td width=\"316\"><p>Life Vision Intermediate<\/p><\/td><td width=\"197\"><p>Oxford University Press<\/p><\/td><td width=\"176\"><p>1130\/3\/2022<\/p><\/td><\/tr><tr><td width=\"300\"><p>Jeremy Bowell, Weronika Sa\u0142andyk<\/p><\/td><td width=\"316\"><p>Life Vision Intermediate Plus<\/p><\/td><td width=\"197\"><p>Oxford University Press<\/p><\/td><td width=\"176\"><p>1130\/4\/2022<\/p><\/td><\/tr><tr><td width=\"300\"><p>Jane Hudson, Neil Wood<\/p><\/td><td width=\"316\"><p>LIfe Vision Upper Intermediate<\/p><\/td><td width=\"197\"><p>Oxford University Press<\/p><\/td><td width=\"176\"><p>1130\/5\/2023<\/p><\/td><\/tr><tr><td width=\"300\"><p>Paul Kelly<\/p><\/td><td width=\"316\"><p>Life Vision Advanced<\/p><\/td><td width=\"197\"><p>Oxford University Press<\/p><\/td><td width=\"176\"><p>1130\/6\/2023<\/p><\/td><\/tr><tr><td width=\"300\"><p>Marta Umi\u0144ska, Patricia Reilly, Tomasz Siuta<\/p><\/td><td width=\"316\"><p>Focus 1<\/p><\/td><td width=\"197\"><p>Pearson<\/p><\/td><td width=\"176\"><p>947\/1\/2019<\/p><\/td><\/tr><tr><td width=\"300\"><p>Sue Kay, Vaughan Jones, Daniel Brayshaw<\/p><\/td><td width=\"316\"><p>Focus 2<\/p><\/td><td width=\"197\"><p>Pearson<\/p><\/td><td width=\"176\"><p>947\/2\/2019<\/p><\/td><\/tr><tr><td width=\"300\"><p>Sue Kay, Vaughan Jones, Daniel Brayshaw<\/p><\/td><td width=\"316\"><p>Focus 3<\/p><\/td><td width=\"197\"><p>Pearson<\/p><\/td><td width=\"176\"><p>947\/3\/2019<\/p><\/td><\/tr><tr><td width=\"300\"><p>Sue Kay, Vaughan Jones, Daniel Brayshaw<\/p><\/td><td width=\"316\"><p>Focus 4<\/p><\/td><td width=\"197\"><p>Pearson<\/p><\/td><td width=\"176\"><p>947\/4\/2020<\/p><\/td><\/tr><tr><td width=\"300\"><p>Sue Kay, V. Jones, Daniel Brayshaw<\/p><\/td><td width=\"316\"><p>Focus 5<\/p><\/td><td width=\"197\"><p>Pearson<\/p><\/td><td width=\"176\"><p>947\/5\/2021<\/p><\/td><\/tr><tr><td width=\"300\"><p>Eoin Higgins, Lynda Edwards<\/p><\/td><td width=\"316\"><p>Impulse 5<\/p><\/td><td width=\"197\"><p>Macmillan<\/p><\/td><td width=\"176\"><p>1129\/5\/2023<\/p><\/td><\/tr><tr><td rowspan=\"10\" width=\"152\"><p>J\u0119zyk angielski<\/p><\/td><td rowspan=\"10\" width=\"97\"><p>3a,b,c,d,e,f,g<\/p><\/td><td width=\"300\"><p>Jane Hudson, Weronika Sa\u0142andyk<\/p><\/td><td width=\"316\"><p>Life Vision Pre-Intermediate<\/p><\/td><td width=\"197\"><p>Oxford University Press<\/p><\/td><td width=\"176\"><p>1130\/2\/2022<\/p><\/td><\/tr><tr><td width=\"300\"><p>Jeremy Bowell, Paul Kelly<\/p><\/td><td width=\"316\"><p>Life Vision Intermediate<\/p><\/td><td width=\"197\"><p>Oxford University Press<\/p><\/td><td width=\"176\"><p>1130\/3\/2022<\/p><\/td><\/tr><tr><td width=\"300\"><p>Jeremy Bowell, Weronika Sa\u0142andyk<\/p><\/td><td width=\"316\"><p>Life Vision Intermediate Plus<\/p><\/td><td width=\"197\"><p>Oxford University Press<\/p><\/td><td width=\"176\"><p>1130\/4\/2022<\/p><\/td><\/tr><tr><td width=\"300\"><p>Jane Hudson, Neil Wood<\/p><\/td><td width=\"316\"><p>LIfe Vision Upper Intermediate<\/p><\/td><td width=\"197\"><p>Oxford University Press<\/p><\/td><td width=\"176\"><p>1130\/5\/2023<\/p><\/td><\/tr><tr><td width=\"300\"><p>Paul Kelly<\/p><\/td><td width=\"316\"><p>Life Vision Advanced<\/p><\/td><td width=\"197\"><p>Oxford University Press<\/p><\/td><td width=\"176\"><p>1130\/6\/2023<\/p><\/td><\/tr><tr><td width=\"300\"><p>Sue Kay, Vaughan Jones, Daniel Brayshaw<\/p><\/td><td width=\"316\"><p>Focus 2<\/p><\/td><td width=\"197\"><p>Pearson<\/p><\/td><td width=\"176\"><p>947\/2\/2019<\/p><\/td><\/tr><tr><td width=\"300\"><p>Sue Kay, Vaughan Jones, Daniel Brayshaw<\/p><\/td><td width=\"316\"><p>Focus 3<\/p><\/td><td width=\"197\"><p>Pearson<\/p><\/td><td width=\"176\"><p>947\/3\/2019<\/p><\/td><\/tr><tr><td width=\"300\"><p>Sue Kay, Vaughan Jones, Daniel Brayshaw<\/p><\/td><td width=\"316\"><p>Focus 4<\/p><\/td><td width=\"197\"><p>Pearson<\/p><\/td><td width=\"176\"><p>947\/4\/2020<\/p><\/td><\/tr><tr><td width=\"300\"><p>Sue Kay, V. Jones, Daniel Brayshaw<\/p><\/td><td width=\"316\"><p>Focus 5<\/p><\/td><td width=\"197\"><p>Pearson<\/p><\/td><td width=\"176\"><p>947\/5\/2021<\/p><\/td><\/tr><tr><td width=\"300\"><p>Eoin Higgins, Lynda Edwards<\/p><\/td><td width=\"316\"><p>Impulse 5<\/p><\/td><td width=\"197\"><p>Macmillan<\/p><\/td><td width=\"176\"><p>1129\/5\/2023<\/p><\/td><\/tr><tr><td width=\"152\"><p>J\u0119zyk angielski<\/p><\/td><td width=\"97\"><p>4 a,b,c,d,e,f<\/p><\/td><td width=\"300\"><p>Marta Rosi\u0144ska, Lynda Edwards.<\/p><\/td><td width=\"316\"><p>Repetytorium podr\u0119cznik do szk\u00f3\u0142 ponadpodstawowych. Poziom podstawowy i rozszerzony<\/p><\/td><td width=\"197\"><p>Macmillan<\/p><\/td><td width=\"176\"><p>1139\/2022<\/p><\/td><\/tr><tr><td width=\"152\"><p>J\u0119zyk angielski<\/p><\/td><td width=\"97\"><p>4a i 4c (grupy<\/p><p>p. Adamowicz)<\/p><\/td><td width=\"300\"><p>Marta Rosi\u0144ska, Lynda Edwards, Monika Cichmi\u0144sk<\/p><\/td><td width=\"316\"><p>Repetytorium podr\u0119cznik do szk\u00f3\u0142 ponadpodstawowych. Poziom rozszerzony<\/p><\/td><td width=\"197\"><p>Macmillan<\/p><\/td><td width=\"176\"><p>1226\/2024<\/p><\/td><\/tr><tr><td width=\"152\"><p>J\u0119zyk angielski<\/p><\/td><td width=\"97\"><p>4b i 4d (p.<\/p><p>Adamowicz)<\/p><\/td><td width=\"300\"><p>Cathy Dobb, Ken Lackman, Jenny Dooley<\/p><\/td><td width=\"316\"><p>Repetytorium &#8211; podr\u0119cznik dla szk\u00f3\u0142 ponadpodstawowych.Poziom podstawowy i rozszerzony<\/p><\/td><td width=\"197\"><p>Express Publishing<\/p><\/td><td width=\"176\"><p>1149\/1\/2023<\/p><\/td><\/tr><tr><td rowspan=\"2\" width=\"152\"><p>J\u0119zyk angielski<\/p><\/td><td rowspan=\"2\" width=\"97\"><p>4 a,b,c,d,e,f<\/p><\/td><td width=\"300\"><p>Dorota Borkowska, Rachel Evans. Alastair Lane<\/p><\/td><td width=\"316\"><p>Oxford Repetytorium Maturzysty. Poziom rozszerzony<\/p><\/td><td width=\"197\"><p>Oxford University Press<\/p><\/td><td width=\"176\"><p>1137\/2022<\/p><\/td><\/tr><tr><td width=\"300\"><p>Dorota Borkowska, Rachel Evans, Alastair Lane<\/p><\/td><td width=\"316\"><p>Oxford Repetytorium Maturzysty. Poziom podstawowy i rozszerzony<\/p><\/td><td width=\"197\"><p>Oxford University Press<\/p><\/td><td width=\"176\"><p>1135\/2022<\/p><\/td><\/tr><tr><td width=\"152\"><p>J\u0119zyk angielski<\/p><\/td><td width=\"97\"><p>4 e,f<\/p><\/td><td width=\"300\"><p>Sue Kay, Vaughan Jones,Daniel Brayshaw<\/p><\/td><td width=\"316\"><p>Focus 4\/5- podr\u0119cznik + \u0107wiczenia<\/p><\/td><td width=\"197\"><p>Pearson<\/p><\/td><td width=\"176\"><p>947\/4\/2020, 947\/5\/2021<\/p><\/td><\/tr><tr><td width=\"152\"><p>j\u0119zyk niemiecki<\/p><\/td><td width=\"97\"><p>1 a,b,c<\/p><\/td><td width=\"300\"><p>Beata Jaroszewicz, Jan Szurmant, Anna WojdatNiklewska<\/p><\/td><td width=\"316\"><p>Perfekt 1<\/p><\/td><td width=\"197\"><p>Pearson<\/p><\/td><td width=\"176\"><p>942\/1\/2019<\/p><\/td><\/tr><tr><td width=\"152\"><p>j\u0119zyk niemiecki<\/p><\/td><td width=\"97\"><p>2 a,b,c<\/p><\/td><td width=\"300\"><p>Beata Jaroszewicz, Jan Szurmant, Anna WojdatNiklewska<\/p><\/td><td width=\"316\"><p>Perfekt 2<\/p><\/td><td width=\"197\"><p>Pearson<\/p><\/td><td width=\"176\"><p>942\/2\/2019<\/p><\/td><\/tr><tr><td width=\"152\"><p>j\u0119zyk niemiecki<\/p><\/td><td width=\"97\"><p>3 a,b,c,e,g<\/p><\/td><td width=\"300\"><p>Beata Jaroszewicz, Jan Szurmant, Anna WojdatNiklewska<\/p><\/td><td width=\"316\"><p>Perfekt 3<\/p><\/td><td width=\"197\"><p>Pearson<\/p><\/td><td width=\"176\"><p>942\/3\/2020<\/p><\/td><\/tr><tr><td width=\"152\"><p>j\u0119zyk niemiecki<\/p><\/td><td width=\"97\"><p>4 a ,b,c,e<\/p><\/td><td width=\"300\"><p>Beata Jaroszewicz, Jan Szurmant, Anna WojdatNikiewska<\/p><\/td><td width=\"316\"><p>Perfekt 4.<\/p><\/td><td width=\"197\"><p>Pearson<\/p><\/td><td width=\"176\"><p>942\/4\/2021<\/p><\/td><\/tr><tr><td rowspan=\"2\" width=\"152\"><p>J\u0119zyk polski<\/p><\/td><td rowspan=\"2\" width=\"97\"><p>1 a,b,c,d<\/p><\/td><td width=\"300\"><p>K. Budna, B. Kapela-Bagi\u0144ska, J. Zaporowicz, T. Zieli\u0144ki<\/p><\/td><td width=\"316\"><p>Sztuka wyrazu. Podr\u0119cznik do liceum i technikum. Zakres podstawowy i rozszerzony Cz. 1, Staro\u017cytno\u015b\u0107, \u015bredniowiecze<\/p><\/td><td width=\"197\"><p>GWO<\/p><\/td><td width=\"176\"><p>1022\/1\/2019<\/p><\/td><\/tr><tr><td width=\"300\"><p>K. Budna, B. Kapela-Bagi\u0144ska, J. Zaporowicz, T. Zieli\u0144ki<\/p><\/td><td width=\"316\"><p>Sztuka wyrazu. Podr\u0119cznik do liceum i technikum zakres podstawowy i rozszerzony Cz. 2. Renasans, barok, o\u015bwiecenie<\/p><\/td><td width=\"197\"><p>GWO<\/p><\/td><td width=\"176\"><p>1022\/2\/2019<\/p><\/td><\/tr><tr><td rowspan=\"2\" width=\"152\"><p>J\u0119zyk polski<\/p><\/td><td rowspan=\"2\" width=\"97\"><p>2 a,b,c,d<\/p><\/td><td width=\"300\"><p>D. D\u0105browska, B. Kapela-Bagi\u0144ska, E. Pryli\u0144ska, C. Ratajczak, A. Regiewicz, T Zieli\u0144ski<\/p><\/td><td width=\"316\"><p>Sztuka wyrazu. Podr\u0119cznik dla klasy 2 liceum i technikum. Cz\u0119\u015b\u0107 1<\/p><\/td><td width=\"197\"><p>GWO<\/p><\/td><td width=\"176\"><p>1022\/3\/2020<\/p><\/td><\/tr><tr><td width=\"300\"><p>D. D\u0105browska, B. Kapela-Bagi\u0144ska, E. Pryli\u0144ska, C. Ratajczak, A. Regiewicz, T Zieli\u0144ski<\/p><\/td><td width=\"316\"><p>Sztuka wyrazu. Podr\u0119cznik dla klasy 2 liceum i technikum. Cz\u0119\u015b\u0107 2. Zakres podstawowy i rozszerzony<\/p><\/td><td width=\"197\"><p>GWO<\/p><\/td><td width=\"176\"><p>1022\/4\/2020<\/p><\/td><\/tr><tr><td rowspan=\"2\" width=\"152\"><p>J\u0119zyk polski<\/p><\/td><td rowspan=\"2\" width=\"97\"><p>3 a,b,c,d,e,f,g<\/p><\/td><td width=\"300\"><p>D.D\u0105browska, E. Pryli\u0144ska, C. Ratajczak, A. Regiewicz<\/p><\/td><td width=\"316\"><p>Sztuka wyrazu. Podr\u0119cznik dla klasy 3 liceum i technikum. Cz\u0119\u015b\u0107 1. Zakres podstawowy i rozszerzony<\/p><\/td><td width=\"197\"><p>GWO<\/p><\/td><td width=\"176\"><p>1022\/5\/2021<\/p><\/td><\/tr><tr><td width=\"300\"><p>D.D\u0105browska, E. Pryli\u0144ska, C. Ratajczak, A. Regiewicz<\/p><\/td><td width=\"316\"><p>Sztuka wyrazu. Podr\u0119cznik dla klasy 3 liceum i technikum. Cz\u0119\u015b\u0107 2. Zakres podstawowy i rozszerzony<\/p><\/td><td width=\"197\"><p>GWO<\/p><\/td><td width=\"176\"><p>1022\/6\/2021<\/p><\/td><\/tr><tr><td width=\"152\"><p>J\u0119zyk polski<\/p><\/td><td width=\"97\"><p>4 a,b,c,d,e,f<\/p><\/td><td width=\"300\"><p>K. Budna, B. Kapela-Bagi\u0144ska, J. Manthey, E. Pryli\u0144ska,<\/p><\/td><td width=\"316\"><p>J\u0119zyk polski 4. Sztuka wyrazu.\u00a0 Zakres podstawowy i rozszerzony<\/p><\/td><td width=\"197\"><p>GWO<\/p><\/td><td width=\"176\"><p>1022\/7\/2022<\/p><\/td><\/tr><tr><td rowspan=\"2\" width=\"152\"><p>j\u0119zyk w\u0142oski<\/p><\/td><td rowspan=\"2\" width=\"97\"><p>1d<\/p><\/td><td width=\"300\"><p>Olga Seneta-Niemiec, Agnieszka Krawczy\u0144ska<\/p><\/td><td width=\"316\"><p>Il Belpaese 1. Podr\u0119cznik<\/p><\/td><td width=\"197\"><p>Wydawnictwo Draco Sp. z o.o<\/p><\/td><td width=\"176\"><p>1126\/1\/2021<\/p><\/td><\/tr><tr><td width=\"300\"><p>Olga Seneta-Niemiec, Agnieszka Krawczy\u0144ska<\/p><\/td><td width=\"316\"><p>Il Belpaese 1 &#8211; Zeszyt \u0106wicze\u0144<\/p><\/td><td width=\"197\"><p>Wydawnictwo Draco Sp. z o.o<\/p><\/td><td width=\"176\"><p>&#8212;<\/p><\/td><\/tr><tr><td rowspan=\"2\" width=\"152\"><p>j\u0119zyk w\u0142oski<\/p><\/td><td rowspan=\"2\" width=\"97\"><p>2 d<\/p><\/td><td width=\"300\"><p>Olga Seneta-Niemiec, Agnieszka Krawczy\u0144ska<\/p><\/td><td width=\"316\"><p>Il Belpaese 1. Podr\u0119cznik<\/p><\/td><td width=\"197\"><p>Wydawnictwo Draco Sp. z o.o<\/p><\/td><td width=\"176\"><p>1126\/1\/2021<\/p><\/td><\/tr><tr><td width=\"300\"><p>Olga Seneta-Niemiec, Agnieszka Krawczy\u0144ska<\/p><\/td><td width=\"316\"><p>Il Belpaese 1 &#8211; Zeszyt \u0106wicze\u0144<\/p><\/td><td width=\"197\"><p>Wydawnictwo Draco Sp. z o.o<\/p><\/td><td width=\"176\"><p>&#8212;<\/p><\/td><\/tr><tr><td width=\"152\"><p>j\u0119zyk w\u0142oski<\/p><\/td><td width=\"97\"><p>3 d, f,<\/p><\/td><td rowspan=\"2\" width=\"300\"><p>Olga Seneta-Niemiec, Agnieszka Krawczy\u0144ska<\/p><p>Olga Seneta-Niemiec, Agnieszka Krawczy\u0144ska<\/p><\/td><td width=\"316\"><p>Il Belpaese 2. Podr\u0119cznik<\/p><\/td><td width=\"197\"><p>Wydawnictwo Draco Sp. z o.o<\/p><\/td><td width=\"176\"><p>1143\/2\/2022<\/p><\/td><\/tr><tr><td width=\"152\"><p>j\u0119zyk w\u0142oski<\/p><\/td><td width=\"97\"><p>3 d, f,<\/p><\/td><td width=\"316\"><p>Il Belpaese 2 &#8211; Zeszyt \u0106wicze\u0144<\/p><\/td><td width=\"197\"><p>Wydawnictwo Draco Sp. z o.o<\/p><\/td><td width=\"176\"><p>&#8212;<\/p><\/td><\/tr><tr><td width=\"152\"><p>Matematyka<\/p><\/td><td width=\"97\"><p>1 a, b, d<\/p><\/td><td width=\"300\"><p>Wojciech Babia\u0144ski, Lech Cha\u0144ko, Jerzy Janowicz, Dorota Ponczek, Ewa Szmytkiewicz, Karolina Wej<\/p><\/td><td width=\"316\"><p>NOWA MATeMAtyka cz. 1. Nowa edycja.<\/p><p>Podr\u0119cznik. Liceum i technikum. Zakres podstawowy<\/p><\/td><td width=\"197\"><p>Nowa Era<\/p><\/td><td width=\"176\"><p>971\/1\/2024\/z1<\/p><\/td><\/tr><tr><td rowspan=\"2\" width=\"152\"><p>Matematyka<\/p><\/td><td rowspan=\"2\" width=\"97\"><p>1c<\/p><\/td><td width=\"300\"><p>Marcin Kurczab, El\u017cbieta Kurczab, El\u017cbieta \u015awida<\/p><\/td><td width=\"316\"><p>Matematyka. Podr\u0119cznik do lice\u00f3w i technik\u00f3w. Klasa 1 zakres rozszerzony.<\/p><\/td><td width=\"197\"><p>Oficyna Edukacyjna Krzysztof Pazdro<\/p><\/td><td width=\"176\"><p>\u00a0979\/1\/2019<\/p><\/td><\/tr><tr><td width=\"300\"><p>Marcin Kurczab, El\u017cbieta Kurczab, El\u017cbieta \u015awida<\/p><\/td><td width=\"316\"><p>ZBI\u00d3R ZADA\u0143 do lice\u00f3w i technik\u00f3w. Zakres rozszerzony klasa 1<\/p><\/td><td width=\"197\"><p>Oficyna Edukacyjna Krzysztof Pazdro<\/p><\/td><td width=\"176\"><p>&#8212;<\/p><\/td><\/tr><tr><td width=\"152\"><p>Matematyka<\/p><\/td><td width=\"97\"><p>2 a,b,d<\/p><\/td><td width=\"300\"><p>Wojciech Babia\u0144ski, Lech Cha\u0144ko, Joanna<\/p><p>Czarnowska, Grzegorz Janocha, Dorota Ponczek<\/p><\/td><td width=\"316\"><p>NOWA MATeMAtyka cz. 2. Nowa edycja.<\/p><p>Podr\u0119cznik. Liceum i technikum. Zakres podstawowy<\/p><\/td><td width=\"197\"><p>Nowa\u00a0 Era<\/p><\/td><td width=\"176\"><p>971\/2\/2025\/z1<\/p><\/td><\/tr><tr><td rowspan=\"2\" width=\"152\"><p>Matematyka<\/p><\/td><td rowspan=\"2\" width=\"97\"><p>2c<\/p><\/td><td width=\"300\"><p>Marcin Kurczab, El\u017cbieta Kurczab, El\u017cbieta \u015awida<\/p><\/td><td width=\"316\"><p>Matematyka. Podr\u0119cznik do lice\u00f3w i technik\u00f3w. Klasa 2 zakres rozszerzony.<\/p><\/td><td width=\"197\"><p>Oficyna Edukacyjna Krzysztof Pazdro<\/p><\/td><td width=\"176\"><p>979\/2\/2020<\/p><\/td><\/tr><tr><td width=\"300\"><p>Marcin Kurczab, El\u017cbieta Kurczab, El\u017cbieta \u015awida<\/p><\/td><td width=\"316\"><p>ZBI\u00d3R ZADA\u0143 do lice\u00f3w i technik\u00f3w. Zakres rozszerzony klasa 2<\/p><\/td><td width=\"197\"><p>Oficyna Edukacyjna Krzysztof Pazdro<\/p><\/td><td width=\"176\"><p>&#8212;<\/p><\/td><\/tr><tr><td rowspan=\"2\" width=\"152\"><p>Matematyka<\/p><\/td><td rowspan=\"2\" width=\"97\"><p>3 a,b,d,e,g<\/p><\/td><td width=\"300\"><p>Marcin Kurczab, El\u017cbieta Kurczab, El\u017cbieta \u015awida<\/p><\/td><td width=\"316\"><p>Matematyka. Podr\u0119cznik do liceum i technikum Klasa 3 zakres podstawowy.<\/p><\/td><td width=\"197\"><p>Oficyna Edukacyjna Krzysztof Pazdro<\/p><\/td><td width=\"176\"><p>972\/3\/2021<\/p><\/td><\/tr><tr><td width=\"300\"><p>Marcin Kurczab, El\u017cbieta Kurczab, El\u017cbieta \u015awida<\/p><\/td><td width=\"316\"><p>Zbi\u00f3r zada\u0144 do lice\u00f3w i technik\u00f3w Zakres podstawowy klasa 3<\/p><\/td><td width=\"197\"><p>Oficyna Edukacyjna Krzysztof Pazdro<\/p><\/td><td width=\"176\"><p>&#8212;<\/p><\/td><\/tr><tr><td rowspan=\"2\" width=\"152\"><p>Matematyka<\/p><\/td><td rowspan=\"2\" width=\"97\"><p>3c,f<\/p><\/td><td width=\"300\"><p>Marcin Kurczab, El\u017cbieta Kurczab, El\u017cbieta \u015awida<\/p><\/td><td width=\"316\"><p>Matematyka. Podr\u0119czki do liceum i technikum . Klasa 3 Zakres rozrzerzony.<\/p><\/td><td width=\"197\"><p>Oficyna Edukacyjna Krzysztof Pazdro<\/p><\/td><td width=\"176\"><p>979\/3\/2021<\/p><\/td><\/tr><tr><td width=\"300\"><p>Marcin Kurczab, El\u017cbieta Kurczab, El\u017cbieta \u015awida<\/p><\/td><td width=\"316\"><p>Zbi\u00f3r zada\u0144 do lice\u00f3w i technik\u00f3w Zakres rozszerzony klasa 3<\/p><\/td><td width=\"197\"><p>Oficyna Edukacyjna Krzysztof Pazdro<\/p><\/td><td width=\"176\"><p>&#8212;<\/p><\/td><\/tr><tr><td rowspan=\"2\" width=\"152\"><p>Matematyka<\/p><\/td><td rowspan=\"2\" width=\"97\"><p>4a,b,d,e<\/p><\/td><td width=\"300\"><p>Marcin Kurczab, El\u017cbieta Kurczab, El\u017cbieta \u015awida<\/p><\/td><td width=\"316\"><p>Podr\u0119cznik do lice\u00f3w i technik\u00f3w. Zakres podstawowy. Klasa 4<\/p><\/td><td width=\"197\"><p>Oficyna Edukacyjna Krzysztof Pazdro<\/p><\/td><td width=\"176\"><p>972\/4\/2022<\/p><\/td><\/tr><tr><td width=\"300\"><p>Marcin Kurczab, El\u017cbieta Kurczab, El\u017cbieta \u015awida<\/p><\/td><td width=\"316\"><p>Matematyka. Zbi\u00f3r zada\u0144 do lice\u00f3w i technik\u00f3w. Zakres podstawowy. Klasa 4<\/p><\/td><td width=\"197\"><p>Oficyna Edukacyjna Krzysztof Pazdro<\/p><\/td><td width=\"176\"><p>&#8212;<\/p><\/td><\/tr><tr><td rowspan=\"2\" width=\"152\"><p>Matematyka<\/p><\/td><td rowspan=\"2\" width=\"97\"><p>4c,f<\/p><\/td><td width=\"300\"><p>Marcin Kurczab, El\u017cbieta Kurczab, El\u017cbieta \u015awida<\/p><\/td><td width=\"316\"><p>Podr\u0119cznik do lice\u00f3w i technik\u00f3w. Zakres rozszerzony. Klasa 4<\/p><\/td><td width=\"197\"><p>Oficyna Edukacyjna Krzysztof Pazdro<\/p><\/td><td width=\"176\"><p>979\/4\/2022<\/p><\/td><\/tr><tr><td width=\"300\"><p>Marcin Kurczab, El\u017cbieta Kurczab, El\u017cbieta \u015awida<\/p><\/td><td width=\"316\"><p>Matematyka. Zbi\u00f3r zada\u0144 do lice\u00f3w i technik\u00f3w. Zakres rozszerzony. Klasa 4<\/p><\/td><td width=\"197\"><p>Oficyna Edukacyjna Krzysztof Pazdro<\/p><\/td><td width=\"176\"><p>&#8212;<\/p><\/td><\/tr><tr><td width=\"152\"><p>Wiedza o spo\u0142ecze\u0144stwie<\/p><\/td><td width=\"97\"><p>1d<\/p><\/td><td width=\"300\"><p>A.Janicki,S. Drelich,\u00a0 J. Komorowski, A.Peisert, E. Martinek, J. Kieczkowska<\/p><\/td><td width=\"316\"><p>W centrum uwagi 1. Podr\u0119cznik do wiedzy o spo\u0142ecze\u0144stwie dla liceum og\u00f3lnokszta\u0142c\u0105cego i technikum. Zakres rozszerzony. Nowa podstawa programowa od 2022 r.<\/p><\/td><td width=\"197\"><p>NOWA ERA SP. Z O.O.<\/p><\/td><td width=\"176\"><p>1148\/1\/2022<\/p><\/td><\/tr><tr><td width=\"152\"><p>Wiedza o spo\u0142ecze\u0144stwie<\/p><\/td><td width=\"97\"><p>2d<\/p><\/td><td width=\"300\"><p>S\u0142awomir Drelich, Arkadiusz Janicki, Ewa Martinek<\/p><\/td><td width=\"316\"><p>W centrum uwagi 2. Podr\u0119cznik do wiedzy o spo\u0142ecze\u0144stwie dla liceum og\u00f3lnokszta\u0142c\u0105cego i technikum. Zakres rozszerzony. Nowa podstawa programowa od 2022 r.<\/p><\/td><td width=\"197\"><p>NOWA ERA SP. Z O.O.<\/p><\/td><td width=\"176\"><p>1148\/2\/2023<\/p><\/td><\/tr><tr><td width=\"152\"><p>Wiedza o spo\u0142ecze\u0144stwie<\/p><\/td><td width=\"97\"><p>3d<\/p><\/td><td width=\"300\"><p>S\u0142awomir Drelich, Arkadiusz Janicki, J.<\/p><p>Ki\u0119czkowska, A. Makrewicz, L. W\u0119grzyn-Odzioba, Ewa Martinek<\/p><\/td><td width=\"316\"><p>W centrum uwagi 3. Podr\u0119cznik do wiedzy o spo\u0142ecze\u0144stwie dla liceum og\u00f3lnokszta\u0142c\u0105cego i technikum Zakres rozszerzony<\/p><\/td><td width=\"197\"><p>NOWA ERA SP. Z O.O.<\/p><\/td><td width=\"176\"><p>1148\/3\/2024<\/p><\/td><\/tr><tr><td width=\"152\"><p>Wiedza o spo\u0142ecze\u0144stwie<\/p><\/td><td width=\"97\"><p>4d<\/p><\/td><td width=\"300\"><p>Lucyna Czechowska, S\u0142awomir Drelich<\/p><\/td><td width=\"316\"><p>W centrum uwagi 4. Podr\u0119cznik do wiedzy o spo\u0142ecze\u0144stwie dla liceum og\u00f3lnokszta\u0142c\u0105cego i technikum. Zakres rozszerzony. Cz\u0119\u015b\u0107 4.<\/p><\/td><td width=\"197\"><p>NOWA ERA SP. Z O.O.<\/p><\/td><td width=\"176\"><p>1035\/4\/2025<\/p><\/td><\/tr><tr><td rowspan=\"2\" width=\"152\"><p>biznes i zarz\u0105dzanie<\/p><\/td><td rowspan=\"2\" width=\"97\"><p>2 a,b,c,d<\/p><\/td><td width=\"300\"><p>Jacek Musia\u0142kiewicz, Grzegorz Kwiatkowski<\/p><\/td><td width=\"316\"><p>Biznes i zarzadzanie- podr\u0119cznik<\/p><\/td><td width=\"197\"><p>Wydawnictwo Ekonomik<\/p><\/td><td width=\"176\"><p>1209\/2023<\/p><\/td><\/tr><tr><td width=\"300\"><p>Jacek Musia\u0142kiewicz, Grzegorz Kwiatkowski<\/p><\/td><td width=\"316\"><p>Biznes i zarzadzanie-\u0107wiczenia<\/p><\/td><td width=\"197\"><p>Wydawnictwo Ekonomik<\/p><\/td><td width=\"176\"><p>1209\/2023<\/p><\/td><\/tr><tr><td width=\"152\"><p>Plastyka<\/p><\/td><td width=\"97\"><p>1a,b,c,d<\/p><\/td><td width=\"300\"><p>Anita Przybyszewska-Pierasiak<\/p><\/td><td width=\"316\"><p>Plastyka.\u00a0 Podr\u0119cznik dla szk\u00f3\u0142 ponadpodstawowych. Zakres podstawowy.\u00a0<\/p><\/td><td width=\"197\"><p>Wydawnictwo Operon<\/p><\/td><td width=\"176\"><p>1054\/2019<\/p><\/td><\/tr><tr><td width=\"152\"><p>Edukacja dla bezpiecze\u0144stwa<\/p><\/td><td width=\"97\"><p>1 a, b, c, d<\/p><\/td><td width=\"300\"><p>Jaros\u0142aw S\u0142oma<\/p><\/td><td width=\"316\"><p>\u017byj\u0119 i dzia\u0142am bezpiecznie. Podr\u0119cznik do edukacji dla bezpiecze\u0144stwa dla liceum og\u00f3lnokszta\u0142c\u0105cego i technikum. (nowa podstawa programowa z 2022)<\/p><\/td><td width=\"197\"><p>NOWA ERA SP. Z O.O.<\/p><\/td><td width=\"176\"><p>1189\/2023<\/p><\/td><\/tr><tr><td width=\"152\"><p>Religia<\/p><\/td><td width=\"97\"><p>1<\/p><\/td><td width=\"300\"><p>ks. R. Mazur, M. Wojtasik<\/p><\/td><td width=\"316\"><p>Religia LO 1\u00a0 podr\u0119cznik-Szukam wolno\u015bci<\/p><\/td><td width=\"197\"><p>\u015awi\u0119ty Wojciech<\/p><\/td><td width=\"176\"><p>AZ-3-01\/18<\/p><\/td><\/tr><tr><td width=\"152\"><p>Religia<\/p><\/td><td width=\"97\"><p>2<\/p><\/td><td width=\"300\"><p>ks. R. Mazur, M. Wojtasik<\/p><\/td><td width=\"316\"><p>Religia LO 2\u00a0\u00a0 podr\u0119cznik- Szukam dojrza\u0142ej wiary<\/p><\/td><td width=\"197\"><p>\u015awi\u0119ty Wojciech<\/p><\/td><td width=\"176\"><p>AZ-4-01\/18<\/p><\/td><\/tr><tr><td width=\"152\"><p>Religia<\/p><\/td><td width=\"97\"><p>3<\/p><\/td><td width=\"300\"><p>Ks. Jan Szpet i Danuta Jackowiak<\/p><\/td><td width=\"316\"><p>Podr\u0119cznik dla ucznia kl 2 Moje miejsce w \u015awiecie<\/p><\/td><td width=\"197\"><p>\u015awi\u0119ty Wojciech<\/p><\/td><td width=\"176\"><p>Az-42-01\/10\/PO-1\/12<\/p><\/td><\/tr><tr><td width=\"152\"><p>Religia<\/p><\/td><td width=\"97\"><p>4<\/p><\/td><td width=\"300\"><p>(red.) ks. prof. Jan Szpet i Danuta Jackowiak<\/p><\/td><td width=\"316\"><p>Podr\u0119cznik dla ucznia do klasy IV liceum\u00a0 i V technikum &#8211; Moje miejsce w rodzinie<\/p><\/td><td width=\"197\"><p>\u015awi\u0119ty Wojciech<\/p><\/td><td width=\"176\"><p>AZ-43-01\/10-P0-1\/14<\/p><\/td><\/tr><tr><td width=\"152\"><p>Edukacja obywatelska<\/p><\/td><td width=\"97\"><p>2 a,b,c,d<\/p><\/td><td width=\"300\"><p>S\u0142awomir Drelich, Micha\u0142 Tragarz, Sylwia<\/p><p>\u017bmijewska-Kwir\u0119g, Mateusz Wojcieszak i Rafa\u0142 Flis<\/p><\/td><td width=\"316\"><p>Masz wp\u0142yw. Cz\u0119\u015b\u0107 1.<\/p><p>Podr\u0119cznik do edukacji obywatelskiej dla liceum og\u00f3lnokszta\u0142c\u0105cego i technikum<\/p><\/td><td width=\"197\"><p>Nowa ERA<\/p><\/td><td width=\"176\"><p>1236\/1\/2025<\/p><\/td><\/tr><tr><td width=\"152\"><p><span style=\"color: #ff0000;\">Edukacja zdrowotna**<\/span><\/p><\/td><td width=\"97\">\u00a0<\/td><td width=\"300\"><p>Autor nieznany &#8211; podr\u0119cznik w trakcie\u00a0 przygotowania.<\/p><\/td><td width=\"316\"><p>Edukacja zdrowotna.<\/p><p>Podr\u0119cznik dla szk\u00f3\u0142 ponadpodstawowych.<\/p><\/td><td width=\"197\"><p>Wydawnictwo Operon<\/p><\/td><td width=\"176\"><p>w trakcie przygotowania<\/p><\/td><\/tr><\/tbody><\/table><p><span style=\"color: #ff0000;\">*UWAGA PIERWSZOKLASI\u015aCI! Prosimy nie kupowa\u0107 podr\u0119cznik\u00f3w do nauki j\u0119zyka angielskiego!\u00a0 We wrze\u015bniu po podziale na grupy zostaniecie poinformowani, jaki nale\u017cy kupi\u0107 podr\u0119cznik. <\/span><\/p><p><span style=\"color: #ff0000;\">** Podr\u0119cznik kupujemy po 25 wrze\u015bnia &#8211; do tego dnia mo\u017cna b\u0119dzie z\u0142o\u017cy\u0107 rezygnacj\u0119 z zaj\u0119\u0107.<\/span><\/p><p><span style=\"color: #0000ff;\"><strong><a style=\"color: #0000ff;\" href=\"https:\/\/lozoi.szczecin.pl\/autoinstalator\/wordpressplugins\/wp-content\/uploads\/2025\/07\/Kopia-podreczniki-01.09.2025-LO_4-2.pdf\">Szkolny zestaw podr\u0119cznik\u00f3w w pliku pdf<\/a><\/strong><a style=\"color: #0000ff;\" href=\"https:\/\/lozoi.szczecin.pl\/autoinstalator\/wordpressplugins\/wp-content\/uploads\/2025\/07\/Kopia-podreczniki-01.09.2025-LO_4-2.pdf\"><span style=\"color: #000000;\">&#8211; pobierz<\/span><\/a><\/span><\/p>\t\t\t\t\t\t\t\t<\/div>\n\t\t\t\t\t<\/div>\n\t\t\t\t<\/div>\n\t\t\t\t<\/div>\n\t\t","protected":false},"excerpt":{"rendered":"<p>Szkolny zestaw podr\u0119cznik\u00f3w w latach 2025-2029 i materia\u0142\u00f3w edukacyjnych Obowi\u0105zuje od 1 wrze\u015bnia 2025 Typ szko\u0142y: Liceum Og\u00f3lnokszta\u0142c\u0105ce z Oddzia\u0142ami Integracyjnymi *UWAGA PIERWSZOKLASI\u015aCI! Prosimy nie kupowa\u0107 podr\u0119cznik\u00f3w do nauki j\u0119zyka angielskiego! We wrze\u015bniu, po podziale na grupy, zostaniecie poinformowani, jaki nale\u017cy kupi\u0107 podr\u0119cznik. \u00a0 \u00a0 Przedmiot Klasa Autor Tytu\u0142 Wydawca Nr dopuszczenia Biologia 1a Marek [&hellip;]<\/p>\n","protected":false},"author":2,"featured_media":0,"parent":0,"menu_order":0,"comment_status":"closed","ping_status":"closed","template":"","meta":{"footnotes":""},"categories":[],"tags":[],"class_list":["post-1001","page","type-page","status-publish","hentry"],"_links":{"self":[{"href":"https:\/\/lozoi.szczecin.pl\/autoinstalator\/wordpressplugins\/index.php\/wp-json\/wp\/v2\/pages\/1001","targetHints":{"allow":["GET"]}}],"collection":[{"href":"https:\/\/lozoi.szczecin.pl\/autoinstalator\/wordpressplugins\/index.php\/wp-json\/wp\/v2\/pages"}],"about":[{"href":"https:\/\/lozoi.szczecin.pl\/autoinstalator\/wordpressplugins\/index.php\/wp-json\/wp\/v2\/types\/page"}],"author":[{"embeddable":true,"href":"https:\/\/lozoi.szczecin.pl\/autoinstalator\/wordpressplugins\/index.php\/wp-json\/wp\/v2\/users\/2"}],"replies":[{"embeddable":true,"href":"https:\/\/lozoi.szczecin.pl\/autoinstalator\/wordpressplugins\/index.php\/wp-json\/wp\/v2\/comments?post=1001"}],"version-history":[{"count":37,"href":"https:\/\/lozoi.szczecin.pl\/autoinstalator\/wordpressplugins\/index.php\/wp-json\/wp\/v2\/pages\/1001\/revisions"}],"predecessor-version":[{"id":1300,"href":"https:\/\/lozoi.szczecin.pl\/autoinstalator\/wordpressplugins\/index.php\/wp-json\/wp\/v2\/pages\/1001\/revisions\/1300"}],"wp:attachment":[{"href":"https:\/\/lozoi.szczecin.pl\/autoinstalator\/wordpressplugins\/index.php\/wp-json\/wp\/v2\/media?parent=1001"}],"wp:term":[{"taxonomy":"category","embeddable":true,"href":"https:\/\/lozoi.szczecin.pl\/autoinstalator\/wordpressplugins\/index.php\/wp-json\/wp\/v2\/categories?post=1001"},{"taxonomy":"post_tag","embeddable":true,"href":"https:\/\/lozoi.szczecin.pl\/autoinstalator\/wordpressplugins\/index.php\/wp-json\/wp\/v2\/tags?post=1001"}],"curies":[{"name":"wp","href":"https:\/\/api.w.org\/{rel}","templated":true}]}}